{"id":23398,"date":"2023-11-29T16:24:22","date_gmt":"2023-11-29T21:24:22","guid":{"rendered":"https:\/\/interligne.co\/documentation-center\/"},"modified":"2024-06-07T14:52:47","modified_gmt":"2024-06-07T18:52:47","slug":"documentation-center","status":"publish","type":"page","link":"https:\/\/interligne.co\/en\/documentation-center\/","title":{"rendered":"Documentation center"},"content":{"rendered":"<div class=\"fusion-fullwidth fullwidth-box fusion-builder-row-1 fusion-flex-container has-pattern-background has-mask-background nonhundred-percent-fullwidth non-hundred-percent-height-scrolling\" style=\"--awb-border-radius-top-left:0px;--awb-border-radius-top-right:0px;--awb-border-radius-bottom-right:0px;--awb-border-radius-bottom-left:0px;--awb-flex-wrap:wrap;\" ><div class=\"fusion-builder-row fusion-row fusion-flex-align-items-flex-start fusion-flex-content-wrap\" style=\"max-width:1248px;margin-left: calc(-4% \/ 2 );margin-right: calc(-4% \/ 2 );\"><div class=\"fusion-layout-column fusion_builder_column fusion-builder-column-0 fusion_builder_column_1_1 1_1 fusion-flex-column\" style=\"--awb-bg-size:cover;--awb-width-large:100%;--awb-margin-top-large:0px;--awb-spacing-right-large:1.92%;--awb-margin-bottom-large:20px;--awb-spacing-left-large:1.92%;--awb-width-medium:100%;--awb-order-medium:0;--awb-spacing-right-medium:1.92%;--awb-spacing-left-medium:1.92%;--awb-width-small:100%;--awb-order-small:0;--awb-spacing-right-small:1.92%;--awb-spacing-left-small:1.92%;\"><div class=\"fusion-column-wrapper fusion-column-has-shadow fusion-flex-justify-content-flex-start fusion-content-layout-column\"><div class=\"fusion-search-element fusion-search-element-1 fusion-search-form-clean\">\t\t<form role=\"search\" class=\"searchform fusion-search-form  fusion-live-search fusion-search-form-clean\" method=\"get\" action=\"https:\/\/interligne.co\/en\/\">\n\t\t\t<div class=\"fusion-search-form-content\">\n\n\t\t\t\t\n\t\t\t\t<div class=\"fusion-search-field search-field\">\n\t\t\t\t\t<label><span class=\"screen-reader-text\">Search for:<\/span>\n\t\t\t\t\t\t\t\t\t\t\t\t\t<input type=\"search\" class=\"s fusion-live-search-input\" name=\"s\" id=\"fusion-live-search-input-0\" autocomplete=\"off\" placeholder=\"Search...\" required aria-required=\"true\" aria-label=\"Search...\"\/>\n\t\t\t\t\t\t\t\t\t\t\t<\/label>\n\t\t\t\t<\/div>\n\t\t\t\t<div class=\"fusion-search-button search-button\">\n\t\t\t\t\t<input type=\"submit\" class=\"fusion-search-submit searchsubmit\" aria-label=\"Search\" value=\"&#xf002;\" \/>\n\t\t\t\t\t\t\t\t\t\t<div class=\"fusion-slider-loading\"><\/div>\n\t\t\t\t\t\t\t\t\t<\/div>\n\n\t\t\t\t<input type=\"hidden\" name=\"post_type[]\" value=\"document\" \/><input type=\"hidden\" name=\"search_limit_to_post_titles\" value=\"0\" \/><input type=\"hidden\" name=\"add_woo_product_skus\" value=\"0\" \/><input type=\"hidden\" name=\"live_min_character\" value=\"4\" \/><input type=\"hidden\" name=\"live_posts_per_page\" value=\"10\" \/><input type=\"hidden\" name=\"live_search_display_featured_image\" value=\"1\" \/><input type=\"hidden\" name=\"live_search_display_post_type\" value=\"1\" \/><input type=\"hidden\" name=\"fs\" value=\"1\" \/>\n\t\t\t<\/div>\n\n\n\t\t\t\t\t\t\t<div class=\"fusion-search-results-wrapper\"><div class=\"fusion-search-results\"><\/div><\/div>\n\t\t\t\n\t\t<\/form>\n\t\t<\/div><div class=\"fusion-post-cards fusion-post-cards-1 fusion-grid-archive fusion-grid-columns-3\" style=\"--awb-dots-align:center;--awb-columns:3;--awb-active-filter-border-size:3px;--awb-filters-height:36px;--awb-filters-alignment:center;--awb-filters-alignment-medium:flex-start;--awb-filters-alignment-small:flex-start;\" data-post-type-label=\"documents\"><div><ul class=\"fusion-filters\" role=\"menu\" aria-label=\"Post Filters\"><li role=\"presentation\" class=\"fusion-filter fusion-filter-all fusion-active\"><a href=\"#\" data-filter=\"*\" role=\"menuitem\">All<\/a><\/li><li role=\"presentation\" class=\"fusion-filter fusion-hidden\"><a href=\"#\" data-filter=\".bullying\" role=\"menuitem\">Bullying<\/a><\/li><li role=\"presentation\" class=\"fusion-filter fusion-hidden\"><a href=\"#\" data-filter=\".culture-en\" role=\"menuitem\">Culture<\/a><\/li><li role=\"presentation\" class=\"fusion-filter fusion-hidden\"><a href=\"#\" data-filter=\".education-en\" role=\"menuitem\">Education<\/a><\/li><li role=\"presentation\" class=\"fusion-filter fusion-hidden\"><a href=\"#\" data-filter=\".gender-identities\" role=\"menuitem\">Gender Identities<\/a><\/li><li role=\"presentation\" class=\"fusion-filter fusion-hidden\"><a href=\"#\" data-filter=\".guides-for-an-inclusive-language\" role=\"menuitem\">Guides for inclusive language<\/a><\/li><li role=\"presentation\" class=\"fusion-filter fusion-hidden\"><a href=\"#\" data-filter=\".health\" role=\"menuitem\">Health and Sexuality<\/a><\/li><li role=\"presentation\" class=\"fusion-filter fusion-hidden\"><a href=\"#\" data-filter=\".homophobia-transphobia\" role=\"menuitem\">Homophobia and Transphobia<\/a><\/li><li role=\"presentation\" class=\"fusion-filter fusion-hidden\"><a href=\"#\" data-filter=\".lgbtq-identities\" role=\"menuitem\">LGBTQ+ Identities<\/a><\/li><li role=\"presentation\" class=\"fusion-filter fusion-hidden\"><a href=\"#\" data-filter=\".mourning-and-suicide\" role=\"menuitem\">Mourning and Suicide<\/a><\/li><li role=\"presentation\" class=\"fusion-filter fusion-hidden\"><a href=\"#\" data-filter=\".other-publications\" role=\"menuitem\">Other publications<\/a><\/li><li role=\"presentation\" class=\"fusion-filter fusion-hidden\"><a href=\"#\" data-filter=\".parenthood\" role=\"menuitem\">Parenthood<\/a><\/li><li role=\"presentation\" class=\"fusion-filter fusion-hidden\"><a href=\"#\" data-filter=\".representation-en\" role=\"menuitem\">Representation<\/a><\/li><li role=\"presentation\" class=\"fusion-filter fusion-hidden\"><a href=\"#\" data-filter=\".rights\" role=\"menuitem\">Rights<\/a><\/li><li role=\"presentation\" class=\"fusion-filter fusion-hidden\"><a href=\"#\" data-filter=\".seniors\" role=\"menuitem\">Seniors<\/a><\/li><li role=\"presentation\" class=\"fusion-filter fusion-hidden\"><a href=\"#\" data-filter=\".workplace\" role=\"menuitem\">Workplace<\/a><\/li><\/ul><\/div><ul class=\"fusion-grid fusion-grid-3 fusion-flex-align-items-flex-start fusion-grid-posts-cards\"><li class=\"fusion-layout-column fusion_builder_column fusion-builder-column-1 fusion-flex-column fusion-column-inner-bg-wrapper post-card fusion-grid-column fusion-post-cards-grid-column education-en\" style=\"--awb-padding-top:20px;--awb-padding-right:20px;--awb-padding-bottom:20px;--awb-padding-left:20px;--awb-inner-bg-color:#f7f3ef;--awb-inner-bg-color-hover:#f7f3ef;--awb-inner-bg-blend:overlay;--awb-inner-bg-size:cover;--awb-border-color:#00b9a4;--awb-border-left:5px;--awb-border-style:solid;--awb-flex-grow:0;--awb-flex-shrink:0;--awb-flex-grow-medium:0;--awb-flex-shrink-medium:0;--awb-flex-grow-small:0;--awb-flex-shrink-small:0;\" data-scroll-devices=\"small-visibility,medium-visibility,large-visibility\"><span class=\"fusion-column-inner-bg hover-type-none\"><a class=\"fusion-column-anchor\" href=\"https:\/\/chairedspg.uqam.ca\/wp-content\/uploads\/2016\/03\/upload_files_Guide-final-anglais-graphiste-2.pdf\" rel=\"noopener noreferrer\" target=\"_blank\"><span class=\"fusion-column-inner-bg-image\"><\/span><\/a><\/span><div class=\"fusion-column-wrapper fusion-column-has-shadow fusion-flex-justify-content-flex-start fusion-content-layout-row fusion-flex-align-items-stretch\"><div class=\"fusion-text fusion-text-1 tag-doc-cat tag-documents\"><p><a href=\"https:\/\/interligne.co\/en\/categorie-de-document\/education-en\/\" title=\"Education\">Education<\/a><\/p>\n<\/div><div class=\"fusion-title title fusion-title-1 fusion-sep-none fusion-title-text fusion-title-size-four\" style=\"--awb-margin-top-small:10px;--awb-margin-right-small:0px;--awb-margin-bottom-small:10px;--awb-margin-left-small:0px;\"><h4 class=\"fusion-title-heading title-heading-left\" style=\"margin:0;\"><a href=\"https:\/\/chairedspg.uqam.ca\/wp-content\/uploads\/2016\/03\/upload_files_Guide-final-anglais-graphiste-2.pdf\" class=\"awb-custom-text-color awb-custom-text-hover-color\" target=\"_self\">A Practical Guide to Welcoming Sexual and Gender Diversity in Colleges and Universities<\/a><\/h4><\/div><div class=\"fusion-text fusion-text-2\"><p>Line Chamberland, Ami Puig and Chaire de recherche sur l'homophobie (2015)<\/p>\n<\/div><\/div><\/li>\n<li class=\"fusion-layout-column fusion_builder_column fusion-builder-column-2 fusion-flex-column fusion-column-inner-bg-wrapper post-card fusion-grid-column fusion-post-cards-grid-column health\" style=\"--awb-padding-top:20px;--awb-padding-right:20px;--awb-padding-bottom:20px;--awb-padding-left:20px;--awb-inner-bg-color:#f7f3ef;--awb-inner-bg-color-hover:#f7f3ef;--awb-inner-bg-blend:overlay;--awb-inner-bg-size:cover;--awb-border-color:#00b9a4;--awb-border-left:5px;--awb-border-style:solid;--awb-flex-grow:0;--awb-flex-shrink:0;--awb-flex-grow-medium:0;--awb-flex-shrink-medium:0;--awb-flex-grow-small:0;--awb-flex-shrink-small:0;\" data-scroll-devices=\"small-visibility,medium-visibility,large-visibility\"><span class=\"fusion-column-inner-bg hover-type-none\"><a class=\"fusion-column-anchor\" href=\"https:\/\/getprimed.ca\/wp-content\/themes\/prim3d\/downloads\/Final_PRIM3D_ENGLISH.pdf\" rel=\"noopener noreferrer\" target=\"_blank\"><span class=\"fusion-column-inner-bg-image\"><\/span><\/a><\/span><div class=\"fusion-column-wrapper fusion-column-has-shadow fusion-flex-justify-content-flex-start fusion-content-layout-row fusion-flex-align-items-stretch\"><div class=\"fusion-text fusion-text-3 tag-doc-cat tag-documents\"><p><a href=\"https:\/\/interligne.co\/en\/categorie-de-document\/health\/\" title=\"Health and Sexuality\">Health and Sexuality<\/a><\/p>\n<\/div><div class=\"fusion-title title fusion-title-2 fusion-sep-none fusion-title-text fusion-title-size-four\" style=\"--awb-margin-top-small:10px;--awb-margin-right-small:0px;--awb-margin-bottom-small:10px;--awb-margin-left-small:0px;\"><h4 class=\"fusion-title-heading title-heading-left\" style=\"margin:0;\"><a href=\"https:\/\/getprimed.ca\/wp-content\/themes\/prim3d\/downloads\/Final_PRIM3D_ENGLISH.pdf\" class=\"awb-custom-text-color awb-custom-text-hover-color\" target=\"_self\">Primed : Sexual Health Guide for Queer Trans Men, Trans Masculine and Non Binary People<\/a><\/h4><\/div><div class=\"fusion-text fusion-text-4\"><p>Gay Men's Sexual Health Alliance, (2020)<\/p>\n<\/div><\/div><\/li>\n<li class=\"fusion-layout-column fusion_builder_column fusion-builder-column-3 fusion-flex-column fusion-column-inner-bg-wrapper post-card fusion-grid-column fusion-post-cards-grid-column health\" style=\"--awb-padding-top:20px;--awb-padding-right:20px;--awb-padding-bottom:20px;--awb-padding-left:20px;--awb-inner-bg-color:#f7f3ef;--awb-inner-bg-color-hover:#f7f3ef;--awb-inner-bg-blend:overlay;--awb-inner-bg-size:cover;--awb-border-color:#00b9a4;--awb-border-left:5px;--awb-border-style:solid;--awb-flex-grow:0;--awb-flex-shrink:0;--awb-flex-grow-medium:0;--awb-flex-shrink-medium:0;--awb-flex-grow-small:0;--awb-flex-shrink-small:0;\" data-scroll-devices=\"small-visibility,medium-visibility,large-visibility\"><span class=\"fusion-column-inner-bg hover-type-none\"><a class=\"fusion-column-anchor\" href=\"https:\/\/wwa-chairehomophobie.uqam.ca\/upload\/files\/Rapport__CSSS.pdf\" rel=\"noopener noreferrer\" target=\"_blank\"><span class=\"fusion-column-inner-bg-image\"><\/span><\/a><\/span><div class=\"fusion-column-wrapper fusion-column-has-shadow fusion-flex-justify-content-flex-start fusion-content-layout-row fusion-flex-align-items-stretch\"><div class=\"fusion-text fusion-text-5 tag-doc-cat tag-documents\"><p><a href=\"https:\/\/interligne.co\/en\/categorie-de-document\/health\/\" title=\"Health and Sexuality\">Health and Sexuality<\/a><\/p>\n<\/div><div class=\"fusion-title title fusion-title-3 fusion-sep-none fusion-title-text fusion-title-size-four\" style=\"--awb-margin-top-small:10px;--awb-margin-right-small:0px;--awb-margin-bottom-small:10px;--awb-margin-left-small:0px;\"><h4 class=\"fusion-title-heading title-heading-left\" style=\"margin:0;\"><a href=\"https:\/\/wwa-chairehomophobie.uqam.ca\/upload\/files\/Rapport__CSSS.pdf\" class=\"awb-custom-text-color awb-custom-text-hover-color\" target=\"_self\">Rapport : Ad\u00e9quation des services sociaux et de sant\u00e9 avec les besoins des personnes LGBT<\/a><\/h4><\/div><div class=\"fusion-text fusion-text-6\"><p>Jean Dumas, Line Chamberland, Olivia Kamgain, Chaire de recherche sur l'homophobie, (2016) In french only<\/p>\n<\/div><\/div><\/li>\n<li class=\"fusion-layout-column fusion_builder_column fusion-builder-column-4 fusion-flex-column fusion-column-inner-bg-wrapper post-card fusion-grid-column fusion-post-cards-grid-column education-en\" style=\"--awb-padding-top:20px;--awb-padding-right:20px;--awb-padding-bottom:20px;--awb-padding-left:20px;--awb-inner-bg-color:#f7f3ef;--awb-inner-bg-color-hover:#f7f3ef;--awb-inner-bg-blend:overlay;--awb-inner-bg-size:cover;--awb-border-color:#00b9a4;--awb-border-left:5px;--awb-border-style:solid;--awb-flex-grow:0;--awb-flex-shrink:0;--awb-flex-grow-medium:0;--awb-flex-shrink-medium:0;--awb-flex-grow-small:0;--awb-flex-shrink-small:0;\" data-scroll-devices=\"small-visibility,medium-visibility,large-visibility\"><span class=\"fusion-column-inner-bg hover-type-none\"><a class=\"fusion-column-anchor\" href=\"https:\/\/www.lejag.org\/modules-du-guide-pdagogique\" rel=\"noopener noreferrer\" target=\"_blank\"><span class=\"fusion-column-inner-bg-image\"><\/span><\/a><\/span><div class=\"fusion-column-wrapper fusion-column-has-shadow fusion-flex-justify-content-flex-start fusion-content-layout-row fusion-flex-align-items-stretch\"><div class=\"fusion-text fusion-text-7 tag-doc-cat tag-documents\"><p><a href=\"https:\/\/interligne.co\/en\/categorie-de-document\/education-en\/\" title=\"Education\">Education<\/a><\/p>\n<\/div><div class=\"fusion-title title fusion-title-4 fusion-sep-none fusion-title-text fusion-title-size-four\" style=\"--awb-margin-top-small:10px;--awb-margin-right-small:0px;--awb-margin-bottom-small:10px;--awb-margin-left-small:0px;\"><h4 class=\"fusion-title-heading title-heading-left\" style=\"margin:0;\"><a href=\"https:\/\/www.lejag.org\/modules-du-guide-pdagogique\" class=\"awb-custom-text-color awb-custom-text-hover-color\" target=\"_self\">Comment utiliser la litt\u00e9rature jeunesse pour contrer l&#8217;intimidation, l&#8217;homophobie et la transphobie : GUIDE P\u00c9DAGOGIQUE DU SECONDAIRE<\/a><\/h4><\/div><div class=\"fusion-text fusion-text-8\"><p>Jan\u00e8le Boivin, Marie-Soleil Carroll, Guillaume Cyr, Myl\u00e8ne Delafontaine-Martel, JAG, In french only<\/p>\n<\/div><\/div><\/li>\n<li class=\"fusion-layout-column fusion_builder_column fusion-builder-column-5 fusion-flex-column fusion-column-inner-bg-wrapper post-card fusion-grid-column fusion-post-cards-grid-column workplace\" style=\"--awb-padding-top:20px;--awb-padding-right:20px;--awb-padding-bottom:20px;--awb-padding-left:20px;--awb-inner-bg-color:#f7f3ef;--awb-inner-bg-color-hover:#f7f3ef;--awb-inner-bg-blend:overlay;--awb-inner-bg-size:cover;--awb-border-color:#00b9a4;--awb-border-left:5px;--awb-border-style:solid;--awb-flex-grow:0;--awb-flex-shrink:0;--awb-flex-grow-medium:0;--awb-flex-shrink-medium:0;--awb-flex-grow-small:0;--awb-flex-shrink-small:0;\" data-scroll-devices=\"small-visibility,medium-visibility,large-visibility\"><span class=\"fusion-column-inner-bg hover-type-none\"><a class=\"fusion-column-anchor\" href=\"https:\/\/www.travail.gouv.qc.ca\/fileadmin\/fichiers\/Documents\/homophobie\/Guide_homophobie.pdf\" rel=\"noopener noreferrer\" target=\"_blank\"><span class=\"fusion-column-inner-bg-image\"><\/span><\/a><\/span><div class=\"fusion-column-wrapper fusion-column-has-shadow fusion-flex-justify-content-flex-start fusion-content-layout-row fusion-flex-align-items-stretch\"><div class=\"fusion-text fusion-text-9 tag-doc-cat tag-documents\"><p><a href=\"https:\/\/interligne.co\/en\/categorie-de-document\/workplace\/\" title=\"Workplace\">Workplace<\/a><\/p>\n<\/div><div class=\"fusion-title title fusion-title-5 fusion-sep-none fusion-title-text fusion-title-size-four\" style=\"--awb-margin-top-small:10px;--awb-margin-right-small:0px;--awb-margin-bottom-small:10px;--awb-margin-left-small:0px;\"><h4 class=\"fusion-title-heading title-heading-left\" style=\"margin:0;\"><a href=\"https:\/\/www.travail.gouv.qc.ca\/fileadmin\/fichiers\/Documents\/homophobie\/Guide_homophobie.pdf\" class=\"awb-custom-text-color awb-custom-text-hover-color\" target=\"_self\">Guide sur les droits des personnes face \u00e0 l&#8217;homophobie en milieu de travail<\/a><\/h4><\/div><div class=\"fusion-text fusion-text-10\"><p>Gouvernement du Qu\u00e9bec, Commission des normes, de l\u2019\u00e9quit\u00e9, de la sant\u00e9 et de la s\u00e9curit\u00e9 du travail (CNESST), Minist\u00e8re du Travail, de l\u2019Emploi et de la Solidarit\u00e9 sociale, (2016) In french only<\/p>\n<\/div><\/div><\/li>\n<li class=\"fusion-layout-column fusion_builder_column fusion-builder-column-6 fusion-flex-column fusion-column-inner-bg-wrapper post-card fusion-grid-column fusion-post-cards-grid-column health\" style=\"--awb-padding-top:20px;--awb-padding-right:20px;--awb-padding-bottom:20px;--awb-padding-left:20px;--awb-inner-bg-color:#f7f3ef;--awb-inner-bg-color-hover:#f7f3ef;--awb-inner-bg-blend:overlay;--awb-inner-bg-size:cover;--awb-border-color:#00b9a4;--awb-border-left:5px;--awb-border-style:solid;--awb-flex-grow:0;--awb-flex-shrink:0;--awb-flex-grow-medium:0;--awb-flex-shrink-medium:0;--awb-flex-grow-small:0;--awb-flex-shrink-small:0;\" data-scroll-devices=\"small-visibility,medium-visibility,large-visibility\"><span class=\"fusion-column-inner-bg hover-type-none\"><a class=\"fusion-column-anchor\" href=\"https:\/\/wwa-chairehomophobie.uqam.ca\/upload\/files\/sommaire_version_courte-finale.pdf\" rel=\"noopener noreferrer\" target=\"_blank\"><span class=\"fusion-column-inner-bg-image\"><\/span><\/a><\/span><div class=\"fusion-column-wrapper fusion-column-has-shadow fusion-flex-justify-content-flex-start fusion-content-layout-row fusion-flex-align-items-stretch\"><div class=\"fusion-text fusion-text-11 tag-doc-cat tag-documents\"><p><a href=\"https:\/\/interligne.co\/en\/categorie-de-document\/health\/\" title=\"Health and Sexuality\">Health and Sexuality<\/a><\/p>\n<\/div><div class=\"fusion-title title fusion-title-6 fusion-sep-none fusion-title-text fusion-title-size-four\" style=\"--awb-margin-top-small:10px;--awb-margin-right-small:0px;--awb-margin-bottom-small:10px;--awb-margin-left-small:0px;\"><h4 class=\"fusion-title-heading title-heading-left\" style=\"margin:0;\"><a href=\"https:\/\/wwa-chairehomophobie.uqam.ca\/upload\/files\/sommaire_version_courte-finale.pdf\" class=\"awb-custom-text-color awb-custom-text-hover-color\" target=\"_self\">Sommaire : Ad\u00e9quation des services sociaux et de sant\u00e9 avec les besoins des personnes LGBT<\/a><\/h4><\/div><div class=\"fusion-text fusion-text-12\"><p>Jean Dumas, Line Chamberland, Olivia Kamgain, Chaire de recherche sur l'homophobie, (2016) In french only<\/p>\n<\/div><\/div><\/li>\n<li class=\"fusion-layout-column fusion_builder_column fusion-builder-column-7 fusion-flex-column fusion-column-inner-bg-wrapper post-card fusion-grid-column fusion-post-cards-grid-column health\" style=\"--awb-padding-top:20px;--awb-padding-right:20px;--awb-padding-bottom:20px;--awb-padding-left:20px;--awb-inner-bg-color:#f7f3ef;--awb-inner-bg-color-hover:#f7f3ef;--awb-inner-bg-blend:overlay;--awb-inner-bg-size:cover;--awb-border-color:#00b9a4;--awb-border-left:5px;--awb-border-style:solid;--awb-flex-grow:0;--awb-flex-shrink:0;--awb-flex-grow-medium:0;--awb-flex-shrink-medium:0;--awb-flex-grow-small:0;--awb-flex-shrink-small:0;\" data-scroll-devices=\"small-visibility,medium-visibility,large-visibility\"><span class=\"fusion-column-inner-bg hover-type-none\"><a class=\"fusion-column-anchor\" href=\"https:\/\/wwa-chairehomophobie.uqam.ca\/upload\/files\/Dumas_CSSS_4P_12_sept_fin.pdf\" rel=\"noopener noreferrer\" target=\"_blank\"><span class=\"fusion-column-inner-bg-image\"><\/span><\/a><\/span><div class=\"fusion-column-wrapper fusion-column-has-shadow fusion-flex-justify-content-flex-start fusion-content-layout-row fusion-flex-align-items-stretch\"><div class=\"fusion-text fusion-text-13 tag-doc-cat tag-documents\"><p><a href=\"https:\/\/interligne.co\/en\/categorie-de-document\/health\/\" title=\"Health and Sexuality\">Health and Sexuality<\/a><\/p>\n<\/div><div class=\"fusion-title title fusion-title-7 fusion-sep-none fusion-title-text fusion-title-size-four\" style=\"--awb-margin-top-small:10px;--awb-margin-right-small:0px;--awb-margin-bottom-small:10px;--awb-margin-left-small:0px;\"><h4 class=\"fusion-title-heading title-heading-left\" style=\"margin:0;\"><a href=\"https:\/\/wwa-chairehomophobie.uqam.ca\/upload\/files\/Dumas_CSSS_4P_12_sept_fin.pdf\" class=\"awb-custom-text-color awb-custom-text-hover-color\" target=\"_self\">Affiche : Ad\u00e9quation des services sociaux et de sant\u00e9 avec les besoins des personnes LGBT<\/a><\/h4><\/div><div class=\"fusion-text fusion-text-14\"><p>Jean Dumas, Line Chamberland, Olivia Kamgain, Chaire de recherche sur l'homophobie, (2016) In french only<\/p>\n<\/div><\/div><\/li>\n<li class=\"fusion-layout-column fusion_builder_column fusion-builder-column-8 fusion-flex-column fusion-column-inner-bg-wrapper post-card fusion-grid-column fusion-post-cards-grid-column education-en\" style=\"--awb-padding-top:20px;--awb-padding-right:20px;--awb-padding-bottom:20px;--awb-padding-left:20px;--awb-inner-bg-color:#f7f3ef;--awb-inner-bg-color-hover:#f7f3ef;--awb-inner-bg-blend:overlay;--awb-inner-bg-size:cover;--awb-border-color:#00b9a4;--awb-border-left:5px;--awb-border-style:solid;--awb-flex-grow:0;--awb-flex-shrink:0;--awb-flex-grow-medium:0;--awb-flex-shrink-medium:0;--awb-flex-grow-small:0;--awb-flex-shrink-small:0;\" data-scroll-devices=\"small-visibility,medium-visibility,large-visibility\"><span class=\"fusion-column-inner-bg hover-type-none\"><a class=\"fusion-column-anchor\" href=\"https:\/\/www.lejag.org\/modules-du-primaire\" rel=\"noopener noreferrer\" target=\"_blank\"><span class=\"fusion-column-inner-bg-image\"><\/span><\/a><\/span><div class=\"fusion-column-wrapper fusion-column-has-shadow fusion-flex-justify-content-flex-start fusion-content-layout-row fusion-flex-align-items-stretch\"><div class=\"fusion-text fusion-text-15 tag-doc-cat tag-documents\"><p><a href=\"https:\/\/interligne.co\/en\/categorie-de-document\/education-en\/\" title=\"Education\">Education<\/a><\/p>\n<\/div><div class=\"fusion-title title fusion-title-8 fusion-sep-none fusion-title-text fusion-title-size-four\" style=\"--awb-margin-top-small:10px;--awb-margin-right-small:0px;--awb-margin-bottom-small:10px;--awb-margin-left-small:0px;\"><h4 class=\"fusion-title-heading title-heading-left\" style=\"margin:0;\"><a href=\"https:\/\/www.lejag.org\/modules-du-primaire\" class=\"awb-custom-text-color awb-custom-text-hover-color\" target=\"_self\">Comment utiliser la litt\u00e9rature jeunesse pour contrer l&#8217;intimidation, l&#8217;homophobie et la transphobie : GUIDE P\u00c9DAGOGIQUE DU PRIMAIRE<\/a><\/h4><\/div><div class=\"fusion-text fusion-text-16\"><p>Jan\u00e8le Boivin, Marie-Soleil Carroll, Guillaume Cyr, Myl\u00e8ne Delafontaine-Martel, JAG, In french only<\/p>\n<\/div><\/div><\/li>\n<li class=\"fusion-layout-column fusion_builder_column fusion-builder-column-9 fusion-flex-column fusion-column-inner-bg-wrapper post-card fusion-grid-column fusion-post-cards-grid-column health rights\" style=\"--awb-padding-top:20px;--awb-padding-right:20px;--awb-padding-bottom:20px;--awb-padding-left:20px;--awb-inner-bg-color:#f7f3ef;--awb-inner-bg-color-hover:#f7f3ef;--awb-inner-bg-blend:overlay;--awb-inner-bg-size:cover;--awb-border-color:#00b9a4;--awb-border-left:5px;--awb-border-style:solid;--awb-flex-grow:0;--awb-flex-shrink:0;--awb-flex-grow-medium:0;--awb-flex-shrink-medium:0;--awb-flex-grow-small:0;--awb-flex-shrink-small:0;\" data-scroll-devices=\"small-visibility,medium-visibility,large-visibility\"><span class=\"fusion-column-inner-bg hover-type-none\"><a class=\"fusion-column-anchor\" href=\"https:\/\/acommealliees.ca\/pdf\/187_fr-v-Rezo-documents-Livret_-_Bottin_de_ressources_pour_hommes_seulement.pdf\" rel=\"noopener noreferrer\" target=\"_blank\"><span class=\"fusion-column-inner-bg-image\"><\/span><\/a><\/span><div class=\"fusion-column-wrapper fusion-column-has-shadow fusion-flex-justify-content-flex-start fusion-content-layout-row fusion-flex-align-items-stretch\"><div class=\"fusion-text fusion-text-17 tag-doc-cat tag-documents\"><p><a href=\"https:\/\/interligne.co\/en\/categorie-de-document\/health\/\" title=\"Health and Sexuality\">Health and Sexuality<\/a>-<a href=\"https:\/\/interligne.co\/en\/categorie-de-document\/rights\/\" title=\"Rights\">Rights<\/a><\/p>\n<\/div><div class=\"fusion-title title fusion-title-9 fusion-sep-none fusion-title-text fusion-title-size-four\" style=\"--awb-margin-top-small:10px;--awb-margin-right-small:0px;--awb-margin-bottom-small:10px;--awb-margin-left-small:0px;\"><h4 class=\"fusion-title-heading title-heading-left\" style=\"margin:0;\"><a href=\"https:\/\/acommealliees.ca\/pdf\/187_fr-v-Rezo-documents-Livret_-_Bottin_de_ressources_pour_hommes_seulement.pdf\" class=\"awb-custom-text-color awb-custom-text-hover-color\" target=\"_self\">Bottin de ressources : Pour hommes seulement<\/a><\/h4><\/div><div class=\"fusion-text fusion-text-18\"><p>REZO, (2013) In french only<\/p>\n<\/div><\/div><\/li>\n<li class=\"fusion-layout-column fusion_builder_column fusion-builder-column-10 fusion-flex-column fusion-column-inner-bg-wrapper post-card fusion-grid-column fusion-post-cards-grid-column bullying\" style=\"--awb-padding-top:20px;--awb-padding-right:20px;--awb-padding-bottom:20px;--awb-padding-left:20px;--awb-inner-bg-color:#f7f3ef;--awb-inner-bg-color-hover:#f7f3ef;--awb-inner-bg-blend:overlay;--awb-inner-bg-size:cover;--awb-border-color:#00b9a4;--awb-border-left:5px;--awb-border-style:solid;--awb-flex-grow:0;--awb-flex-shrink:0;--awb-flex-grow-medium:0;--awb-flex-shrink-medium:0;--awb-flex-grow-small:0;--awb-flex-shrink-small:0;\" data-scroll-devices=\"small-visibility,medium-visibility,large-visibility\"><span class=\"fusion-column-inner-bg hover-type-none\"><a class=\"fusion-column-anchor\" href=\"http:\/\/www.colloquehomophobie.org\/wp-content\/uploads\/2012\/12\/3violence_espace_virtuel_agir_ensemble_MELS.pdf\" rel=\"noopener noreferrer\" target=\"_blank\"><span class=\"fusion-column-inner-bg-image\"><\/span><\/a><\/span><div class=\"fusion-column-wrapper fusion-column-has-shadow fusion-flex-justify-content-flex-start fusion-content-layout-row fusion-flex-align-items-stretch\"><div class=\"fusion-text fusion-text-19 tag-doc-cat tag-documents\"><p><a href=\"https:\/\/interligne.co\/en\/categorie-de-document\/bullying\/\" title=\"Bullying\">Bullying<\/a><\/p>\n<\/div><div class=\"fusion-title title fusion-title-10 fusion-sep-none fusion-title-text fusion-title-size-four\" style=\"--awb-margin-top-small:10px;--awb-margin-right-small:0px;--awb-margin-bottom-small:10px;--awb-margin-left-small:0px;\"><h4 class=\"fusion-title-heading title-heading-left\" style=\"margin:0;\"><a href=\"http:\/\/www.colloquehomophobie.org\/wp-content\/uploads\/2012\/12\/3violence_espace_virtuel_agir_ensemble_MELS.pdf\" class=\"awb-custom-text-color awb-custom-text-hover-color\" target=\"_self\">La violence dans l\u2019espace virtuel, \u00e7a vaut le coup d\u2019agir ensemble<\/a><\/h4><\/div><div class=\"fusion-text fusion-text-20\"><p>Table nationale de lutte contre l\u2019homophobie et la transphobie des r\u00e9seaux de l\u2019\u00e9ducation, (2010) In french only<\/p>\n<\/div><\/div><\/li>\n<li class=\"fusion-layout-column fusion_builder_column fusion-builder-column-11 fusion-flex-column fusion-column-inner-bg-wrapper post-card fusion-grid-column fusion-post-cards-grid-column bullying\" style=\"--awb-padding-top:20px;--awb-padding-right:20px;--awb-padding-bottom:20px;--awb-padding-left:20px;--awb-inner-bg-color:#f7f3ef;--awb-inner-bg-color-hover:#f7f3ef;--awb-inner-bg-blend:overlay;--awb-inner-bg-size:cover;--awb-border-color:#00b9a4;--awb-border-left:5px;--awb-border-style:solid;--awb-flex-grow:0;--awb-flex-shrink:0;--awb-flex-grow-medium:0;--awb-flex-shrink-medium:0;--awb-flex-grow-small:0;--awb-flex-shrink-small:0;\" data-scroll-devices=\"small-visibility,medium-visibility,large-visibility\"><span class=\"fusion-column-inner-bg hover-type-none\"><a class=\"fusion-column-anchor\" href=\"http:\/\/www.colloquehomophobie.org\/wp-content\/uploads\/2012\/12\/2intimidation_agir_ensemble_MELS.pdf\" rel=\"noopener noreferrer\" target=\"_blank\"><span class=\"fusion-column-inner-bg-image\"><\/span><\/a><\/span><div class=\"fusion-column-wrapper fusion-column-has-shadow fusion-flex-justify-content-flex-start fusion-content-layout-row fusion-flex-align-items-stretch\"><div class=\"fusion-text fusion-text-21 tag-doc-cat tag-documents\"><p><a href=\"https:\/\/interligne.co\/en\/categorie-de-document\/bullying\/\" title=\"Bullying\">Bullying<\/a><\/p>\n<\/div><div class=\"fusion-title title fusion-title-11 fusion-sep-none fusion-title-text fusion-title-size-four\" style=\"--awb-margin-top-small:10px;--awb-margin-right-small:0px;--awb-margin-bottom-small:10px;--awb-margin-left-small:0px;\"><h4 class=\"fusion-title-heading title-heading-left\" style=\"margin:0;\"><a href=\"http:\/\/www.colloquehomophobie.org\/wp-content\/uploads\/2012\/12\/2intimidation_agir_ensemble_MELS.pdf\" class=\"awb-custom-text-color awb-custom-text-hover-color\" target=\"_self\">L\u2019intimidation, \u00e7a vaut le coup d\u2019agir ensemble<\/a><\/h4><\/div><div class=\"fusion-text fusion-text-22\"><p>Table nationale de lutte contre l\u2019homophobie et la transphobie des r\u00e9seaux de l\u2019\u00e9ducation, (2010) In french only<\/p>\n<\/div><\/div><\/li>\n<li class=\"fusion-layout-column fusion_builder_column fusion-builder-column-12 fusion-flex-column fusion-column-inner-bg-wrapper post-card fusion-grid-column fusion-post-cards-grid-column bullying\" style=\"--awb-padding-top:20px;--awb-padding-right:20px;--awb-padding-bottom:20px;--awb-padding-left:20px;--awb-inner-bg-color:#f7f3ef;--awb-inner-bg-color-hover:#f7f3ef;--awb-inner-bg-blend:overlay;--awb-inner-bg-size:cover;--awb-border-color:#00b9a4;--awb-border-left:5px;--awb-border-style:solid;--awb-flex-grow:0;--awb-flex-shrink:0;--awb-flex-grow-medium:0;--awb-flex-shrink-medium:0;--awb-flex-grow-small:0;--awb-flex-shrink-small:0;\" data-scroll-devices=\"small-visibility,medium-visibility,large-visibility\"><span class=\"fusion-column-inner-bg hover-type-none\"><a class=\"fusion-column-anchor\" href=\"http:\/\/www.colloquehomophobie.org\/wp-content\/uploads\/2012\/12\/1homophobie_agir_ensemble_MELS.pdf\" rel=\"noopener noreferrer\" target=\"_blank\"><span class=\"fusion-column-inner-bg-image\"><\/span><\/a><\/span><div class=\"fusion-column-wrapper fusion-column-has-shadow fusion-flex-justify-content-flex-start fusion-content-layout-row fusion-flex-align-items-stretch\"><div class=\"fusion-text fusion-text-23 tag-doc-cat tag-documents\"><p><a href=\"https:\/\/interligne.co\/en\/categorie-de-document\/bullying\/\" title=\"Bullying\">Bullying<\/a><\/p>\n<\/div><div class=\"fusion-title title fusion-title-12 fusion-sep-none fusion-title-text fusion-title-size-four\" style=\"--awb-margin-top-small:10px;--awb-margin-right-small:0px;--awb-margin-bottom-small:10px;--awb-margin-left-small:0px;\"><h4 class=\"fusion-title-heading title-heading-left\" style=\"margin:0;\"><a href=\"http:\/\/www.colloquehomophobie.org\/wp-content\/uploads\/2012\/12\/1homophobie_agir_ensemble_MELS.pdf\" class=\"awb-custom-text-color awb-custom-text-hover-color\" target=\"_self\">L\u2019homophobie, \u00e7a vaut le coup d\u2019agir ensemble<\/a><\/h4><\/div><div class=\"fusion-text fusion-text-24\"><p>Table nationale de lutte contre l\u2019homophobie et la transphobie des r\u00e9seaux de l\u2019\u00e9ducation, (2010) In french only<\/p>\n<\/div><\/div><\/li>\n<li class=\"fusion-layout-column fusion_builder_column fusion-builder-column-13 fusion-flex-column fusion-column-inner-bg-wrapper post-card fusion-grid-column fusion-post-cards-grid-column homophobia-transphobia\" style=\"--awb-padding-top:20px;--awb-padding-right:20px;--awb-padding-bottom:20px;--awb-padding-left:20px;--awb-inner-bg-color:#f7f3ef;--awb-inner-bg-color-hover:#f7f3ef;--awb-inner-bg-blend:overlay;--awb-inner-bg-size:cover;--awb-border-color:#00b9a4;--awb-border-left:5px;--awb-border-style:solid;--awb-flex-grow:0;--awb-flex-shrink:0;--awb-flex-grow-medium:0;--awb-flex-shrink-medium:0;--awb-flex-grow-small:0;--awb-flex-shrink-small:0;\" data-scroll-devices=\"small-visibility,medium-visibility,large-visibility\"><span class=\"fusion-column-inner-bg hover-type-none\"><a class=\"fusion-column-anchor\" href=\"https:\/\/acommealliees.ca\/pdf\/homophobie_transphobie%20contexte%20interculturel_GUIDE.pdf\" rel=\"noopener noreferrer\" target=\"_blank\"><span class=\"fusion-column-inner-bg-image\"><\/span><\/a><\/span><div class=\"fusion-column-wrapper fusion-column-has-shadow fusion-flex-justify-content-flex-start fusion-content-layout-row fusion-flex-align-items-stretch\"><div class=\"fusion-text fusion-text-25 tag-doc-cat tag-documents\"><p><a href=\"https:\/\/interligne.co\/en\/categorie-de-document\/homophobia-transphobia\/\" title=\"Homophobia and Transphobia\">Homophobia and Transphobia<\/a><\/p>\n<\/div><div class=\"fusion-title title fusion-title-13 fusion-sep-none fusion-title-text fusion-title-size-four\" style=\"--awb-margin-top-small:10px;--awb-margin-right-small:0px;--awb-margin-bottom-small:10px;--awb-margin-left-small:0px;\"><h4 class=\"fusion-title-heading title-heading-left\" style=\"margin:0;\"><a href=\"https:\/\/acommealliees.ca\/pdf\/homophobie_transphobie%20contexte%20interculturel_GUIDE.pdf\" class=\"awb-custom-text-color awb-custom-text-hover-color\" target=\"_self\">L\u2019homophobie et la transphobie en contexte interculturel : Comprendre les r\u00e9alit\u00e9s, agir sur les pr\u00e9jug\u00e9s<\/a><\/h4><\/div><div class=\"fusion-text fusion-text-26\"><p>Minist\u00e8re de l'Immigration, de la Diversit\u00e9 et de l'Inclusion, Gouvernement du Qu\u00e9bec, (2015) In french only<\/p>\n<\/div><\/div><\/li>\n<li class=\"fusion-layout-column fusion_builder_column fusion-builder-column-14 fusion-flex-column fusion-column-inner-bg-wrapper post-card fusion-grid-column fusion-post-cards-grid-column workplace\" style=\"--awb-padding-top:20px;--awb-padding-right:20px;--awb-padding-bottom:20px;--awb-padding-left:20px;--awb-inner-bg-color:#f7f3ef;--awb-inner-bg-color-hover:#f7f3ef;--awb-inner-bg-blend:overlay;--awb-inner-bg-size:cover;--awb-border-color:#00b9a4;--awb-border-left:5px;--awb-border-style:solid;--awb-flex-grow:0;--awb-flex-shrink:0;--awb-flex-grow-medium:0;--awb-flex-shrink-medium:0;--awb-flex-grow-small:0;--awb-flex-shrink-small:0;\" data-scroll-devices=\"small-visibility,medium-visibility,large-visibility\"><span class=\"fusion-column-inner-bg hover-type-none\"><a class=\"fusion-column-anchor\" href=\"https:\/\/www.cclgbtq.org\/fr\/actualites-2\/l-inclusion-lgbt-en-pme-des-videos-pour-sensibiliser-les-entreprises\" rel=\"noopener noreferrer\" target=\"_blank\"><span class=\"fusion-column-inner-bg-image\"><\/span><\/a><\/span><div class=\"fusion-column-wrapper fusion-column-has-shadow fusion-flex-justify-content-flex-start fusion-content-layout-row fusion-flex-align-items-stretch\"><div class=\"fusion-text fusion-text-27 tag-doc-cat tag-documents\"><p><a href=\"https:\/\/interligne.co\/en\/categorie-de-document\/workplace\/\" title=\"Workplace\">Workplace<\/a><\/p>\n<\/div><div class=\"fusion-title title fusion-title-14 fusion-sep-none fusion-title-text fusion-title-size-four\" style=\"--awb-margin-top-small:10px;--awb-margin-right-small:0px;--awb-margin-bottom-small:10px;--awb-margin-left-small:0px;\"><h4 class=\"fusion-title-heading title-heading-left\" style=\"margin:0;\"><a href=\"https:\/\/www.cclgbtq.org\/fr\/actualites-2\/l-inclusion-lgbt-en-pme-des-videos-pour-sensibiliser-les-entreprises\" class=\"awb-custom-text-color awb-custom-text-hover-color\" target=\"_self\">L\u2019inclusion LGBT en PME, des vid\u00e9os pour sensibiliser les entreprises<\/a><\/h4><\/div><div class=\"fusion-text fusion-text-28\"><p>Chambre de commerce LGBT du Qu\u00e9bec, (2020) In french only<\/p>\n<\/div><\/div><\/li>\n<li class=\"fusion-layout-column fusion_builder_column fusion-builder-column-15 fusion-flex-column fusion-column-inner-bg-wrapper post-card fusion-grid-column fusion-post-cards-grid-column parenthood\" style=\"--awb-padding-top:20px;--awb-padding-right:20px;--awb-padding-bottom:20px;--awb-padding-left:20px;--awb-inner-bg-color:#f7f3ef;--awb-inner-bg-color-hover:#f7f3ef;--awb-inner-bg-blend:overlay;--awb-inner-bg-size:cover;--awb-border-color:#00b9a4;--awb-border-left:5px;--awb-border-style:solid;--awb-flex-grow:0;--awb-flex-shrink:0;--awb-flex-grow-medium:0;--awb-flex-shrink-medium:0;--awb-flex-grow-small:0;--awb-flex-shrink-small:0;\" data-scroll-devices=\"small-visibility,medium-visibility,large-visibility\"><span class=\"fusion-column-inner-bg hover-type-none\"><a class=\"fusion-column-anchor\" href=\"https:\/\/familleslgbt.org\/documents\/pdf\/CFH_Adoption_ENG.pdf\" rel=\"noopener noreferrer\" target=\"_blank\"><span class=\"fusion-column-inner-bg-image\"><\/span><\/a><\/span><div class=\"fusion-column-wrapper fusion-column-has-shadow fusion-flex-justify-content-flex-start fusion-content-layout-row fusion-flex-align-items-stretch\"><div class=\"fusion-text fusion-text-29 tag-doc-cat tag-documents\"><p><a href=\"https:\/\/interligne.co\/en\/categorie-de-document\/parenthood\/\" title=\"Parenthood\">Parenthood<\/a><\/p>\n<\/div><div class=\"fusion-title title fusion-title-15 fusion-sep-none fusion-title-text fusion-title-size-four\" style=\"--awb-margin-top-small:10px;--awb-margin-right-small:0px;--awb-margin-bottom-small:10px;--awb-margin-left-small:0px;\"><h4 class=\"fusion-title-heading title-heading-left\" style=\"margin:0;\"><a href=\"https:\/\/familleslgbt.org\/documents\/pdf\/CFH_Adoption_ENG.pdf\" class=\"awb-custom-text-color awb-custom-text-hover-color\" target=\"_self\">Adoption and Fostering of Children in Quebec: A Guide for Lesbian, Gay, Bisexual and Trans (LGBT+) Future Parents<\/a><\/h4><\/div><div class=\"fusion-text fusion-text-30\"><p>LGBT+ Family Coalition, (2020)<\/p>\n<\/div><\/div><\/li>\n<li class=\"fusion-layout-column fusion_builder_column fusion-builder-column-16 fusion-flex-column fusion-column-inner-bg-wrapper post-card fusion-grid-column fusion-post-cards-grid-column rights\" style=\"--awb-padding-top:20px;--awb-padding-right:20px;--awb-padding-bottom:20px;--awb-padding-left:20px;--awb-inner-bg-color:#f7f3ef;--awb-inner-bg-color-hover:#f7f3ef;--awb-inner-bg-blend:overlay;--awb-inner-bg-size:cover;--awb-border-color:#00b9a4;--awb-border-left:5px;--awb-border-style:solid;--awb-flex-grow:0;--awb-flex-shrink:0;--awb-flex-grow-medium:0;--awb-flex-shrink-medium:0;--awb-flex-grow-small:0;--awb-flex-shrink-small:0;\" data-scroll-devices=\"small-visibility,medium-visibility,large-visibility\"><span class=\"fusion-column-inner-bg hover-type-none\"><a class=\"fusion-column-anchor\" href=\"https:\/\/www.familleslgbt.org\/documents\/pdf\/CFH_Legal_ENG.pdf\" rel=\"noopener noreferrer\" target=\"_blank\"><span class=\"fusion-column-inner-bg-image\"><\/span><\/a><\/span><div class=\"fusion-column-wrapper fusion-column-has-shadow fusion-flex-justify-content-flex-start fusion-content-layout-row fusion-flex-align-items-stretch\"><div class=\"fusion-text fusion-text-31 tag-doc-cat tag-documents\"><p><a href=\"https:\/\/interligne.co\/en\/categorie-de-document\/rights\/\" title=\"Rights\">Rights<\/a><\/p>\n<\/div><div class=\"fusion-title title fusion-title-16 fusion-sep-none fusion-title-text fusion-title-size-four\" style=\"--awb-margin-top-small:10px;--awb-margin-right-small:0px;--awb-margin-bottom-small:10px;--awb-margin-left-small:0px;\"><h4 class=\"fusion-title-heading title-heading-left\" style=\"margin:0;\"><a href=\"https:\/\/www.familleslgbt.org\/documents\/pdf\/CFH_Legal_ENG.pdf\" class=\"awb-custom-text-color awb-custom-text-hover-color\" target=\"_self\">Legal Guide for LGBT Parents &#038; Future Parents<\/a><\/h4><\/div><div class=\"fusion-text fusion-text-32\"><p>LGBT Family Coalition, (2013)<\/p>\n<\/div><\/div><\/li>\n<li class=\"fusion-layout-column fusion_builder_column fusion-builder-column-17 fusion-flex-column fusion-column-inner-bg-wrapper post-card fusion-grid-column fusion-post-cards-grid-column rights\" style=\"--awb-padding-top:20px;--awb-padding-right:20px;--awb-padding-bottom:20px;--awb-padding-left:20px;--awb-inner-bg-color:#f7f3ef;--awb-inner-bg-color-hover:#f7f3ef;--awb-inner-bg-blend:overlay;--awb-inner-bg-size:cover;--awb-border-color:#00b9a4;--awb-border-left:5px;--awb-border-style:solid;--awb-flex-grow:0;--awb-flex-shrink:0;--awb-flex-grow-medium:0;--awb-flex-shrink-medium:0;--awb-flex-grow-small:0;--awb-flex-shrink-small:0;\" data-scroll-devices=\"small-visibility,medium-visibility,large-visibility\"><span class=\"fusion-column-inner-bg hover-type-none\"><a class=\"fusion-column-anchor\" href=\"https:\/\/gatus.association.usherbrooke.ca\/wp-content\/uploads\/2019\/04\/Guide-de-transition-l%C3%A9gale-GATUS.pdf\" rel=\"noopener noreferrer\" target=\"_blank\"><span class=\"fusion-column-inner-bg-image\"><\/span><\/a><\/span><div class=\"fusion-column-wrapper fusion-column-has-shadow fusion-flex-justify-content-flex-start fusion-content-layout-row fusion-flex-align-items-stretch\"><div class=\"fusion-text fusion-text-33 tag-doc-cat tag-documents\"><p><a href=\"https:\/\/interligne.co\/en\/categorie-de-document\/rights\/\" title=\"Rights\">Rights<\/a><\/p>\n<\/div><div class=\"fusion-title title fusion-title-17 fusion-sep-none fusion-title-text fusion-title-size-four\" style=\"--awb-margin-top-small:10px;--awb-margin-right-small:0px;--awb-margin-bottom-small:10px;--awb-margin-left-small:0px;\"><h4 class=\"fusion-title-heading title-heading-left\" style=\"margin:0;\"><a href=\"https:\/\/gatus.association.usherbrooke.ca\/wp-content\/uploads\/2019\/04\/Guide-de-transition-l%C3%A9gale-GATUS.pdf\" class=\"awb-custom-text-color awb-custom-text-hover-color\" target=\"_self\">Guide de transition l\u00e9gale GATUS<\/a><\/h4><\/div><div class=\"fusion-text fusion-text-34\"><p>Groupe d\u2019action trans de l\u2019Universit\u00e9 de Sherbrooke (GATUS), (2019) In french only<\/p>\n<\/div><\/div><\/li>\n<li class=\"fusion-layout-column fusion_builder_column fusion-builder-column-18 fusion-flex-column fusion-column-inner-bg-wrapper post-card fusion-grid-column fusion-post-cards-grid-column lgbtq-identities\" style=\"--awb-padding-top:20px;--awb-padding-right:20px;--awb-padding-bottom:20px;--awb-padding-left:20px;--awb-inner-bg-color:#f7f3ef;--awb-inner-bg-color-hover:#f7f3ef;--awb-inner-bg-blend:overlay;--awb-inner-bg-size:cover;--awb-border-color:#00b9a4;--awb-border-left:5px;--awb-border-style:solid;--awb-flex-grow:0;--awb-flex-shrink:0;--awb-flex-grow-medium:0;--awb-flex-shrink-medium:0;--awb-flex-grow-small:0;--awb-flex-shrink-small:0;\" data-scroll-devices=\"small-visibility,medium-visibility,large-visibility\"><span class=\"fusion-column-inner-bg hover-type-none\"><a class=\"fusion-column-anchor\" href=\"http:\/\/www.2spirits.com\/PDFolder\/History.pdf\" rel=\"noopener noreferrer\" target=\"_blank\"><span class=\"fusion-column-inner-bg-image\"><\/span><\/a><\/span><div class=\"fusion-column-wrapper fusion-column-has-shadow fusion-flex-justify-content-flex-start fusion-content-layout-row fusion-flex-align-items-stretch\"><div class=\"fusion-text fusion-text-35 tag-doc-cat tag-documents\"><p><a href=\"https:\/\/interligne.co\/en\/categorie-de-document\/lgbtq-identities\/\" title=\"LGBTQ+ Identities\">LGBTQ+ Identities<\/a><\/p>\n<\/div><div class=\"fusion-title title fusion-title-18 fusion-sep-none fusion-title-text fusion-title-size-four\" style=\"--awb-margin-top-small:10px;--awb-margin-right-small:0px;--awb-margin-bottom-small:10px;--awb-margin-left-small:0px;\"><h4 class=\"fusion-title-heading title-heading-left\" style=\"margin:0;\"><a href=\"http:\/\/www.2spirits.com\/PDFolder\/History.pdf\" class=\"awb-custom-text-color awb-custom-text-hover-color\" target=\"_self\">2-Spirited People of the 1st Nations<\/a><\/h4><\/div><div class=\"fusion-text fusion-text-36\"><p>2spirits.com<\/p>\n<\/div><\/div><\/li>\n<li class=\"fusion-layout-column fusion_builder_column fusion-builder-column-19 fusion-flex-column fusion-column-inner-bg-wrapper post-card fusion-grid-column fusion-post-cards-grid-column health\" style=\"--awb-padding-top:20px;--awb-padding-right:20px;--awb-padding-bottom:20px;--awb-padding-left:20px;--awb-inner-bg-color:#f7f3ef;--awb-inner-bg-color-hover:#f7f3ef;--awb-inner-bg-blend:overlay;--awb-inner-bg-size:cover;--awb-border-color:#00b9a4;--awb-border-left:5px;--awb-border-style:solid;--awb-flex-grow:0;--awb-flex-shrink:0;--awb-flex-grow-medium:0;--awb-flex-shrink-medium:0;--awb-flex-grow-small:0;--awb-flex-shrink-small:0;\" data-scroll-devices=\"small-visibility,medium-visibility,large-visibility\"><span class=\"fusion-column-inner-bg hover-type-none\"><a class=\"fusion-column-anchor\" href=\"https:\/\/acommealliees.ca\/pdf\/50_fr-v-Rezo-documents-Depliant_-_Barebacking.pdf\" rel=\"noopener noreferrer\" target=\"_blank\"><span class=\"fusion-column-inner-bg-image\"><\/span><\/a><\/span><div class=\"fusion-column-wrapper fusion-column-has-shadow fusion-flex-justify-content-flex-start fusion-content-layout-row fusion-flex-align-items-stretch\"><div class=\"fusion-text fusion-text-37 tag-doc-cat tag-documents\"><p><a href=\"https:\/\/interligne.co\/en\/categorie-de-document\/health\/\" title=\"Health and Sexuality\">Health and Sexuality<\/a><\/p>\n<\/div><div class=\"fusion-title title fusion-title-19 fusion-sep-none fusion-title-text fusion-title-size-four\" style=\"--awb-margin-top-small:10px;--awb-margin-right-small:0px;--awb-margin-bottom-small:10px;--awb-margin-left-small:0px;\"><h4 class=\"fusion-title-heading title-heading-left\" style=\"margin:0;\"><a href=\"https:\/\/acommealliees.ca\/pdf\/50_fr-v-Rezo-documents-Depliant_-_Barebacking.pdf\" class=\"awb-custom-text-color awb-custom-text-hover-color\" target=\"_self\">Le barebacking: \u00catre inform\u00e9 pour mieux en parler entre nous<\/a><\/h4><\/div><div class=\"fusion-text fusion-text-38\"><p>REZO, (2006) In french only<\/p>\n<\/div><\/div><\/li>\n<li class=\"fusion-layout-column fusion_builder_column fusion-builder-column-20 fusion-flex-column fusion-column-inner-bg-wrapper post-card fusion-grid-column fusion-post-cards-grid-column deuil-et-suicide\" style=\"--awb-padding-top:20px;--awb-padding-right:20px;--awb-padding-bottom:20px;--awb-padding-left:20px;--awb-inner-bg-color:#f7f3ef;--awb-inner-bg-color-hover:#f7f3ef;--awb-inner-bg-blend:overlay;--awb-inner-bg-size:cover;--awb-border-color:#00b9a4;--awb-border-left:5px;--awb-border-style:solid;--awb-flex-grow:0;--awb-flex-shrink:0;--awb-flex-grow-medium:0;--awb-flex-shrink-medium:0;--awb-flex-grow-small:0;--awb-flex-shrink-small:0;\" data-scroll-devices=\"small-visibility,medium-visibility,large-visibility\"><span class=\"fusion-column-inner-bg hover-type-none\"><a class=\"fusion-column-anchor\" href=\"https:\/\/praxis.umontreal.ca\/public\/FAS\/praxis\/Documents\/Formations_sur_l_accompagnement_des_personnes_endeuillees\/Guide_deuil_pandemie.EN.pdf\" rel=\"noopener noreferrer\" target=\"_blank\"><span class=\"fusion-column-inner-bg-image\"><\/span><\/a><\/span><div class=\"fusion-column-wrapper fusion-column-has-shadow fusion-flex-justify-content-flex-start fusion-content-layout-row fusion-flex-align-items-stretch\"><div class=\"fusion-text fusion-text-39 tag-doc-cat tag-documents\"><p><a href=\"https:\/\/interligne.co\/en\/categorie-de-document\/mourning-and-suicide\/\" title=\"Deuil et suicide\">Deuil et suicide<\/a><\/p>\n<\/div><div class=\"fusion-title title fusion-title-20 fusion-sep-none fusion-title-text fusion-title-size-four\" style=\"--awb-margin-top-small:10px;--awb-margin-right-small:0px;--awb-margin-bottom-small:10px;--awb-margin-left-small:0px;\"><h4 class=\"fusion-title-heading title-heading-left\" style=\"margin:0;\"><a href=\"https:\/\/praxis.umontreal.ca\/public\/FAS\/praxis\/Documents\/Formations_sur_l_accompagnement_des_personnes_endeuillees\/Guide_deuil_pandemie.EN.pdf\" class=\"awb-custom-text-color awb-custom-text-hover-color\" target=\"_self\">Guide for Bereaved People During a Pandemic<\/a><\/h4><\/div><div class=\"fusion-text fusion-text-40\"><p>PRAXIS Centre de d\u00e9veloppement professionnel, Universit\u00e9 de Montr\u00e9al, Formations Monbouquette sur le deuil, Nathalie Viens, (2020)<\/p>\n<\/div><\/div><\/li>\n<li class=\"fusion-layout-column fusion_builder_column fusion-builder-column-21 fusion-flex-column fusion-column-inner-bg-wrapper post-card fusion-grid-column fusion-post-cards-grid-column health\" style=\"--awb-padding-top:20px;--awb-padding-right:20px;--awb-padding-bottom:20px;--awb-padding-left:20px;--awb-inner-bg-color:#f7f3ef;--awb-inner-bg-color-hover:#f7f3ef;--awb-inner-bg-blend:overlay;--awb-inner-bg-size:cover;--awb-border-color:#00b9a4;--awb-border-left:5px;--awb-border-style:solid;--awb-flex-grow:0;--awb-flex-shrink:0;--awb-flex-grow-medium:0;--awb-flex-shrink-medium:0;--awb-flex-grow-small:0;--awb-flex-shrink-small:0;\" data-scroll-devices=\"small-visibility,medium-visibility,large-visibility\"><span class=\"fusion-column-inner-bg hover-type-none\"><a class=\"fusion-column-anchor\" href=\"https:\/\/questchc.ca\/wp-content\/uploads\/2020\/05\/8-Questions-about-PrEP-for-Guys.pdf\" rel=\"noopener noreferrer\" target=\"_blank\"><span class=\"fusion-column-inner-bg-image\"><\/span><\/a><\/span><div class=\"fusion-column-wrapper fusion-column-has-shadow fusion-flex-justify-content-flex-start fusion-content-layout-row fusion-flex-align-items-stretch\"><div class=\"fusion-text fusion-text-41 tag-doc-cat tag-documents\"><p><a href=\"https:\/\/interligne.co\/en\/categorie-de-document\/health\/\" title=\"Health and Sexuality\">Health and Sexuality<\/a><\/p>\n<\/div><div class=\"fusion-title title fusion-title-21 fusion-sep-none fusion-title-text fusion-title-size-four\" style=\"--awb-margin-top-small:10px;--awb-margin-right-small:0px;--awb-margin-bottom-small:10px;--awb-margin-left-small:0px;\"><h4 class=\"fusion-title-heading title-heading-left\" style=\"margin:0;\"><a href=\"https:\/\/questchc.ca\/wp-content\/uploads\/2020\/05\/8-Questions-about-PrEP-for-Guys.pdf\" class=\"awb-custom-text-color awb-custom-text-hover-color\" target=\"_self\">8 Questions about PrEP for Guys<\/a><\/h4><\/div><div class=\"fusion-text fusion-text-42\"><p>CATIE, (2021)<\/p>\n<\/div><\/div><\/li>\n<li class=\"fusion-layout-column fusion_builder_column fusion-builder-column-22 fusion-flex-column fusion-column-inner-bg-wrapper post-card fusion-grid-column fusion-post-cards-grid-column lgbtq-identities\" style=\"--awb-padding-top:20px;--awb-padding-right:20px;--awb-padding-bottom:20px;--awb-padding-left:20px;--awb-inner-bg-color:#f7f3ef;--awb-inner-bg-color-hover:#f7f3ef;--awb-inner-bg-blend:overlay;--awb-inner-bg-size:cover;--awb-border-color:#00b9a4;--awb-border-left:5px;--awb-border-style:solid;--awb-flex-grow:0;--awb-flex-shrink:0;--awb-flex-grow-medium:0;--awb-flex-shrink-medium:0;--awb-flex-grow-small:0;--awb-flex-shrink-small:0;\" data-scroll-devices=\"small-visibility,medium-visibility,large-visibility\"><span class=\"fusion-column-inner-bg hover-type-none\"><a class=\"fusion-column-anchor\" href=\"http:\/\/reseaumtlnetwork.com\/wp-content\/uploads\/2019\/04\/Ally_March.pdf\" rel=\"noopener noreferrer\" target=\"_blank\"><span class=\"fusion-column-inner-bg-image\"><\/span><\/a><\/span><div class=\"fusion-column-wrapper fusion-column-has-shadow fusion-flex-justify-content-flex-start fusion-content-layout-row fusion-flex-align-items-stretch\"><div class=\"fusion-text fusion-text-43 tag-doc-cat tag-documents\"><p><a href=\"https:\/\/interligne.co\/en\/categorie-de-document\/lgbtq-identities\/\" title=\"LGBTQ+ Identities\">LGBTQ+ Identities<\/a><\/p>\n<\/div><div class=\"fusion-title title fusion-title-22 fusion-sep-none fusion-title-text fusion-title-size-four\" style=\"--awb-margin-top-small:10px;--awb-margin-right-small:0px;--awb-margin-bottom-small:10px;--awb-margin-left-small:0px;\"><h4 class=\"fusion-title-heading title-heading-left\" style=\"margin:0;\"><a href=\"http:\/\/reseaumtlnetwork.com\/wp-content\/uploads\/2019\/04\/Ally_March.pdf\" class=\"awb-custom-text-color awb-custom-text-hover-color\" target=\"_self\">Indigenous Ally Toolkit<\/a><\/h4><\/div><div class=\"fusion-text fusion-text-44\"><p>Dakota Swiftwolfe, Montreal Urban Aboriginal Community Strategy Network, (2019)<\/p>\n<\/div><\/div><\/li>\n<li class=\"fusion-layout-column fusion_builder_column fusion-builder-column-23 fusion-flex-column fusion-column-inner-bg-wrapper post-card fusion-grid-column fusion-post-cards-grid-column guides-for-an-inclusive-language\" style=\"--awb-padding-top:20px;--awb-padding-right:20px;--awb-padding-bottom:20px;--awb-padding-left:20px;--awb-inner-bg-color:#f7f3ef;--awb-inner-bg-color-hover:#f7f3ef;--awb-inner-bg-blend:overlay;--awb-inner-bg-size:cover;--awb-border-color:#00b9a4;--awb-border-left:5px;--awb-border-style:solid;--awb-flex-grow:0;--awb-flex-shrink:0;--awb-flex-grow-medium:0;--awb-flex-shrink-medium:0;--awb-flex-grow-small:0;--awb-flex-shrink-small:0;\" data-scroll-devices=\"small-visibility,medium-visibility,large-visibility\"><span class=\"fusion-column-inner-bg hover-type-none\"><a class=\"fusion-column-anchor\" href=\"https:\/\/divergenres.org\/wp-content\/uploads\/2021\/04\/guide-grammaireinclusive-final.pdf\" rel=\"noopener noreferrer\" target=\"_blank\"><span class=\"fusion-column-inner-bg-image\"><\/span><\/a><\/span><div class=\"fusion-column-wrapper fusion-column-has-shadow fusion-flex-justify-content-flex-start fusion-content-layout-row fusion-flex-align-items-stretch\"><div class=\"fusion-text fusion-text-45 tag-doc-cat tag-documents\"><p><a href=\"https:\/\/interligne.co\/en\/categorie-de-document\/guides-for-an-inclusive-language\/\" title=\"Guides for inclusive language\">Guides for inclusive language<\/a><\/p>\n<\/div><div class=\"fusion-title title fusion-title-23 fusion-sep-none fusion-title-text fusion-title-size-four\" style=\"--awb-margin-top-small:10px;--awb-margin-right-small:0px;--awb-margin-bottom-small:10px;--awb-margin-left-small:0px;\"><h4 class=\"fusion-title-heading title-heading-left\" style=\"margin:0;\"><a href=\"https:\/\/divergenres.org\/wp-content\/uploads\/2021\/04\/guide-grammaireinclusive-final.pdf\" class=\"awb-custom-text-color awb-custom-text-hover-color\" target=\"_self\">Guide grammaire neutre et inclusive<\/a><\/h4><\/div><div class=\"fusion-text fusion-text-46\"><p>Divergenres, (2021) In french only<\/p>\n<\/div><\/div><\/li>\n<li class=\"fusion-layout-column fusion_builder_column fusion-builder-column-24 fusion-flex-column fusion-column-inner-bg-wrapper post-card fusion-grid-column fusion-post-cards-grid-column guides-for-an-inclusive-language\" style=\"--awb-padding-top:20px;--awb-padding-right:20px;--awb-padding-bottom:20px;--awb-padding-left:20px;--awb-inner-bg-color:#f7f3ef;--awb-inner-bg-color-hover:#f7f3ef;--awb-inner-bg-blend:overlay;--awb-inner-bg-size:cover;--awb-border-color:#00b9a4;--awb-border-left:5px;--awb-border-style:solid;--awb-flex-grow:0;--awb-flex-shrink:0;--awb-flex-grow-medium:0;--awb-flex-shrink-medium:0;--awb-flex-grow-small:0;--awb-flex-shrink-small:0;\" data-scroll-devices=\"small-visibility,medium-visibility,large-visibility\"><span class=\"fusion-column-inner-bg hover-type-none\"><a class=\"fusion-column-anchor\" href=\"https:\/\/divergenres.org\/wp-content\/uploads\/2021\/03\/guide-redaction-inclusive-2020-femul-2.pdf\" rel=\"noopener noreferrer\" target=\"_blank\"><span class=\"fusion-column-inner-bg-image\"><\/span><\/a><\/span><div class=\"fusion-column-wrapper fusion-column-has-shadow fusion-flex-justify-content-flex-start fusion-content-layout-row fusion-flex-align-items-stretch\"><div class=\"fusion-text fusion-text-47 tag-doc-cat tag-documents\"><p><a href=\"https:\/\/interligne.co\/en\/categorie-de-document\/guides-for-an-inclusive-language\/\" title=\"Guides for inclusive language\">Guides for inclusive language<\/a><\/p>\n<\/div><div class=\"fusion-title title fusion-title-24 fusion-sep-none fusion-title-text fusion-title-size-four\" style=\"--awb-margin-top-small:10px;--awb-margin-right-small:0px;--awb-margin-bottom-small:10px;--awb-margin-left-small:0px;\"><h4 class=\"fusion-title-heading title-heading-left\" style=\"margin:0;\"><a href=\"https:\/\/divergenres.org\/wp-content\/uploads\/2021\/03\/guide-redaction-inclusive-2020-femul-2.pdf\" class=\"awb-custom-text-color awb-custom-text-hover-color\" target=\"_self\">\u00c9criture inclusive : Guide pour la r\u00e9daction inclusive \u00e0 l\u2019Universit\u00e9 Laval<\/a><\/h4><\/div><div class=\"fusion-text fusion-text-48\"><p>Universit\u00e9 Laval, (2020) In french only<\/p>\n<\/div><\/div><\/li>\n<li class=\"fusion-layout-column fusion_builder_column fusion-builder-column-25 fusion-flex-column fusion-column-inner-bg-wrapper post-card fusion-grid-column fusion-post-cards-grid-column health\" style=\"--awb-padding-top:20px;--awb-padding-right:20px;--awb-padding-bottom:20px;--awb-padding-left:20px;--awb-inner-bg-color:#f7f3ef;--awb-inner-bg-color-hover:#f7f3ef;--awb-inner-bg-blend:overlay;--awb-inner-bg-size:cover;--awb-border-color:#00b9a4;--awb-border-left:5px;--awb-border-style:solid;--awb-flex-grow:0;--awb-flex-shrink:0;--awb-flex-grow-medium:0;--awb-flex-shrink-medium:0;--awb-flex-grow-small:0;--awb-flex-shrink-small:0;\" data-scroll-devices=\"small-visibility,medium-visibility,large-visibility\"><span class=\"fusion-column-inner-bg hover-type-none\"><a class=\"fusion-column-anchor\" href=\"https:\/\/divergenres.org\/wp-content\/uploads\/2021\/03\/Services-davortement-adapte%CC%81s-aux-re%CC%81alite%CC%81s-trans_compressed-1.pdf\" rel=\"noopener noreferrer\" target=\"_blank\"><span class=\"fusion-column-inner-bg-image\"><\/span><\/a><\/span><div class=\"fusion-column-wrapper fusion-column-has-shadow fusion-flex-justify-content-flex-start fusion-content-layout-row fusion-flex-align-items-stretch\"><div class=\"fusion-text fusion-text-49 tag-doc-cat tag-documents\"><p><a href=\"https:\/\/interligne.co\/en\/categorie-de-document\/health\/\" title=\"Health and Sexuality\">Health and Sexuality<\/a><\/p>\n<\/div><div class=\"fusion-title title fusion-title-25 fusion-sep-none fusion-title-text fusion-title-size-four\" style=\"--awb-margin-top-small:10px;--awb-margin-right-small:0px;--awb-margin-bottom-small:10px;--awb-margin-left-small:0px;\"><h4 class=\"fusion-title-heading title-heading-left\" style=\"margin:0;\"><a href=\"https:\/\/divergenres.org\/wp-content\/uploads\/2021\/03\/Services-davortement-adapte%CC%81s-aux-re%CC%81alite%CC%81s-trans_compressed-1.pdf\" class=\"awb-custom-text-color awb-custom-text-hover-color\" target=\"_self\">Services d&#8217;avortement adapt\u00e9s aux r\u00e9alit\u00e9s trans<\/a><\/h4><\/div><div class=\"fusion-text fusion-text-50\"><p>F\u00e9d\u00e9ration du Qu\u00e9bec pour le planning des naissances, (2017) In french only<\/p>\n<\/div><\/div><\/li>\n<li class=\"fusion-layout-column fusion_builder_column fusion-builder-column-26 fusion-flex-column fusion-column-inner-bg-wrapper post-card fusion-grid-column fusion-post-cards-grid-column health\" style=\"--awb-padding-top:20px;--awb-padding-right:20px;--awb-padding-bottom:20px;--awb-padding-left:20px;--awb-inner-bg-color:#f7f3ef;--awb-inner-bg-color-hover:#f7f3ef;--awb-inner-bg-blend:overlay;--awb-inner-bg-size:cover;--awb-border-color:#00b9a4;--awb-border-left:5px;--awb-border-style:solid;--awb-flex-grow:0;--awb-flex-shrink:0;--awb-flex-grow-medium:0;--awb-flex-shrink-medium:0;--awb-flex-grow-small:0;--awb-flex-shrink-small:0;\" data-scroll-devices=\"small-visibility,medium-visibility,large-visibility\"><span class=\"fusion-column-inner-bg hover-type-none\"><a class=\"fusion-column-anchor\" href=\"https:\/\/www.wpath.org\/media\/cms\/Documents\/SOC%20v7\/SOC%20V7_English2012.pdf?_t=1613669341\" rel=\"noopener noreferrer\" target=\"_blank\"><span class=\"fusion-column-inner-bg-image\"><\/span><\/a><\/span><div class=\"fusion-column-wrapper fusion-column-has-shadow fusion-flex-justify-content-flex-start fusion-content-layout-row fusion-flex-align-items-stretch\"><div class=\"fusion-text fusion-text-51 tag-doc-cat tag-documents\"><p><a href=\"https:\/\/interligne.co\/en\/categorie-de-document\/health\/\" title=\"Health and Sexuality\">Health and Sexuality<\/a><\/p>\n<\/div><div class=\"fusion-title title fusion-title-26 fusion-sep-none fusion-title-text fusion-title-size-four\" style=\"--awb-margin-top-small:10px;--awb-margin-right-small:0px;--awb-margin-bottom-small:10px;--awb-margin-left-small:0px;\"><h4 class=\"fusion-title-heading title-heading-left\" style=\"margin:0;\"><a href=\"https:\/\/www.wpath.org\/media\/cms\/Documents\/SOC%20v7\/SOC%20V7_English2012.pdf?_t=1613669341\" class=\"awb-custom-text-color awb-custom-text-hover-color\" target=\"_self\">Standards of Care for the Health of Transsexual, Transgender, and Gender-Nonconforming People<\/a><\/h4><\/div><div class=\"fusion-text fusion-text-52\"><p> World Professional Association for Transgender Health (WPATH), (2012)<\/p>\n<\/div><\/div><\/li>\n<li class=\"fusion-layout-column fusion_builder_column fusion-builder-column-27 fusion-flex-column fusion-column-inner-bg-wrapper post-card fusion-grid-column fusion-post-cards-grid-column gender-identities\" style=\"--awb-padding-top:20px;--awb-padding-right:20px;--awb-padding-bottom:20px;--awb-padding-left:20px;--awb-inner-bg-color:#f7f3ef;--awb-inner-bg-color-hover:#f7f3ef;--awb-inner-bg-blend:overlay;--awb-inner-bg-size:cover;--awb-border-color:#00b9a4;--awb-border-left:5px;--awb-border-style:solid;--awb-flex-grow:0;--awb-flex-shrink:0;--awb-flex-grow-medium:0;--awb-flex-shrink-medium:0;--awb-flex-grow-small:0;--awb-flex-shrink-small:0;\" data-scroll-devices=\"small-visibility,medium-visibility,large-visibility\"><span class=\"fusion-column-inner-bg hover-type-none\"><a class=\"fusion-column-anchor\" href=\"http:\/\/apsc-saravyc.sites.olt.ubc.ca\/files\/2018\/03\/SARAVYC_Trans-Youth-Health-Report_EN_Final_Web2.pdf\" rel=\"noopener noreferrer\" target=\"_blank\"><span class=\"fusion-column-inner-bg-image\"><\/span><\/a><\/span><div class=\"fusion-column-wrapper fusion-column-has-shadow fusion-flex-justify-content-flex-start fusion-content-layout-row fusion-flex-align-items-stretch\"><div class=\"fusion-text fusion-text-53 tag-doc-cat tag-documents\"><p><a href=\"https:\/\/interligne.co\/en\/categorie-de-document\/gender-identities\/\" title=\"Gender Identities\">Gender Identities<\/a><\/p>\n<\/div><div class=\"fusion-title title fusion-title-27 fusion-sep-none fusion-title-text fusion-title-size-four\" style=\"--awb-margin-top-small:10px;--awb-margin-right-small:0px;--awb-margin-bottom-small:10px;--awb-margin-left-small:0px;\"><h4 class=\"fusion-title-heading title-heading-left\" style=\"margin:0;\"><a href=\"http:\/\/apsc-saravyc.sites.olt.ubc.ca\/files\/2018\/03\/SARAVYC_Trans-Youth-Health-Report_EN_Final_Web2.pdf\" class=\"awb-custom-text-color awb-custom-text-hover-color\" target=\"_self\">BEING SAFE, BEING ME: Results of the Canadian Trans Youth Health Survey<\/a><\/h4><\/div><div class=\"fusion-text fusion-text-54\"><p>Jaimie Veale, Elizabeth M. Saewyc et al., The University of British Columbia, (2015)<\/p>\n<\/div><\/div><\/li>\n<li class=\"fusion-layout-column fusion_builder_column fusion-builder-column-28 fusion-flex-column fusion-column-inner-bg-wrapper post-card fusion-grid-column fusion-post-cards-grid-column lgbtq-identities\" style=\"--awb-padding-top:20px;--awb-padding-right:20px;--awb-padding-bottom:20px;--awb-padding-left:20px;--awb-inner-bg-color:#f7f3ef;--awb-inner-bg-color-hover:#f7f3ef;--awb-inner-bg-blend:overlay;--awb-inner-bg-size:cover;--awb-border-color:#00b9a4;--awb-border-left:5px;--awb-border-style:solid;--awb-flex-grow:0;--awb-flex-shrink:0;--awb-flex-grow-medium:0;--awb-flex-shrink-medium:0;--awb-flex-grow-small:0;--awb-flex-shrink-small:0;\" data-scroll-devices=\"small-visibility,medium-visibility,large-visibility\"><span class=\"fusion-column-inner-bg hover-type-none\"><a class=\"fusion-column-anchor\" href=\"https:\/\/www.thetrevorproject.org\/wp-content\/uploads\/2017\/09\/asexuality.pdf\" rel=\"noopener noreferrer\" target=\"_blank\"><span class=\"fusion-column-inner-bg-image\"><\/span><\/a><\/span><div class=\"fusion-column-wrapper fusion-column-has-shadow fusion-flex-justify-content-flex-start fusion-content-layout-row fusion-flex-align-items-stretch\"><div class=\"fusion-text fusion-text-55 tag-doc-cat tag-documents\"><p><a href=\"https:\/\/interligne.co\/en\/categorie-de-document\/lgbtq-identities\/\" title=\"LGBTQ+ Identities\">LGBTQ+ Identities<\/a><\/p>\n<\/div><div class=\"fusion-title title fusion-title-28 fusion-sep-none fusion-title-text fusion-title-size-four\" style=\"--awb-margin-top-small:10px;--awb-margin-right-small:0px;--awb-margin-bottom-small:10px;--awb-margin-left-small:0px;\"><h4 class=\"fusion-title-heading title-heading-left\" style=\"margin:0;\"><a href=\"https:\/\/www.thetrevorproject.org\/wp-content\/uploads\/2017\/09\/asexuality.pdf\" class=\"awb-custom-text-color awb-custom-text-hover-color\" target=\"_self\">Asexuality 101<\/a><\/h4><\/div><div class=\"fusion-text fusion-text-56\"><p>Trevor Project, (2012)<\/p>\n<\/div><\/div><\/li>\n<li class=\"fusion-layout-column fusion_builder_column fusion-builder-column-29 fusion-flex-column fusion-column-inner-bg-wrapper post-card fusion-grid-column fusion-post-cards-grid-column lgbtq-identities\" style=\"--awb-padding-top:20px;--awb-padding-right:20px;--awb-padding-bottom:20px;--awb-padding-left:20px;--awb-inner-bg-color:#f7f3ef;--awb-inner-bg-color-hover:#f7f3ef;--awb-inner-bg-blend:overlay;--awb-inner-bg-size:cover;--awb-border-color:#00b9a4;--awb-border-left:5px;--awb-border-style:solid;--awb-flex-grow:0;--awb-flex-shrink:0;--awb-flex-grow-medium:0;--awb-flex-shrink-medium:0;--awb-flex-grow-small:0;--awb-flex-shrink-small:0;\" data-scroll-devices=\"small-visibility,medium-visibility,large-visibility\"><span class=\"fusion-column-inner-bg hover-type-none\"><a class=\"fusion-column-anchor\" href=\"https:\/\/advocatesforyouth.org\/wp-content\/uploads\/2019\/03\/ITIMB-ACE.pdf\" rel=\"noopener noreferrer\" target=\"_blank\"><span class=\"fusion-column-inner-bg-image\"><\/span><\/a><\/span><div class=\"fusion-column-wrapper fusion-column-has-shadow fusion-flex-justify-content-flex-start fusion-content-layout-row fusion-flex-align-items-stretch\"><div class=\"fusion-text fusion-text-57 tag-doc-cat tag-documents\"><p><a href=\"https:\/\/interligne.co\/en\/categorie-de-document\/lgbtq-identities\/\" title=\"LGBTQ+ Identities\">LGBTQ+ Identities<\/a><\/p>\n<\/div><div class=\"fusion-title title fusion-title-29 fusion-sep-none fusion-title-text fusion-title-size-four\" style=\"--awb-margin-top-small:10px;--awb-margin-right-small:0px;--awb-margin-bottom-small:10px;--awb-margin-left-small:0px;\"><h4 class=\"fusion-title-heading title-heading-left\" style=\"margin:0;\"><a href=\"https:\/\/advocatesforyouth.org\/wp-content\/uploads\/2019\/03\/ITIMB-ACE.pdf\" class=\"awb-custom-text-color awb-custom-text-hover-color\" target=\"_self\">I Think I Might Be Asexual<\/a><\/h4><\/div><div class=\"fusion-text fusion-text-58\"><p>Advocates for Youth, (2019)<\/p>\n<\/div><\/div><\/li>\n<li class=\"fusion-layout-column fusion_builder_column fusion-builder-column-30 fusion-flex-column fusion-column-inner-bg-wrapper post-card fusion-grid-column fusion-post-cards-grid-column lgbtq-spaces\" style=\"--awb-padding-top:20px;--awb-padding-right:20px;--awb-padding-bottom:20px;--awb-padding-left:20px;--awb-inner-bg-color:#f7f3ef;--awb-inner-bg-color-hover:#f7f3ef;--awb-inner-bg-blend:overlay;--awb-inner-bg-size:cover;--awb-border-color:#00b9a4;--awb-border-left:5px;--awb-border-style:solid;--awb-flex-grow:0;--awb-flex-shrink:0;--awb-flex-grow-medium:0;--awb-flex-shrink-medium:0;--awb-flex-grow-small:0;--awb-flex-shrink-small:0;\" data-scroll-devices=\"small-visibility,medium-visibility,large-visibility\"><span class=\"fusion-column-inner-bg hover-type-none\"><a class=\"fusion-column-anchor\" href=\"https:\/\/www.glsen.org\/sites\/default\/files\/GLSEN%20Safe%20Space%20Kit.pdf\" rel=\"noopener noreferrer\" target=\"_blank\"><span class=\"fusion-column-inner-bg-image\"><\/span><\/a><\/span><div class=\"fusion-column-wrapper fusion-column-has-shadow fusion-flex-justify-content-flex-start fusion-content-layout-row fusion-flex-align-items-stretch\"><div class=\"fusion-text fusion-text-59 tag-doc-cat tag-documents\"><p><a href=\"https:\/\/interligne.co\/en\/categorie-de-document\/lgbtq-spaces\/\" title=\"LGBTQ+ Spaces\">LGBTQ+ Spaces<\/a><\/p>\n<\/div><div class=\"fusion-title title fusion-title-30 fusion-sep-none fusion-title-text fusion-title-size-four\" style=\"--awb-margin-top-small:10px;--awb-margin-right-small:0px;--awb-margin-bottom-small:10px;--awb-margin-left-small:0px;\"><h4 class=\"fusion-title-heading title-heading-left\" style=\"margin:0;\"><a href=\"https:\/\/www.glsen.org\/sites\/default\/files\/GLSEN%20Safe%20Space%20Kit.pdf\" class=\"awb-custom-text-color awb-custom-text-hover-color\" target=\"_self\">Safe Space Kit : A Guide to Supporting Lesbian, Gay, Bisexual and Transgender Students in Your School<\/a><\/h4><\/div><div class=\"fusion-text fusion-text-60\"><p>GLSEN, (2016)<\/p>\n<\/div><\/div><\/li>\n<li class=\"fusion-layout-column fusion_builder_column fusion-builder-column-31 fusion-flex-column fusion-column-inner-bg-wrapper post-card fusion-grid-column fusion-post-cards-grid-column lgbtq-identities\" style=\"--awb-padding-top:20px;--awb-padding-right:20px;--awb-padding-bottom:20px;--awb-padding-left:20px;--awb-inner-bg-color:#f7f3ef;--awb-inner-bg-color-hover:#f7f3ef;--awb-inner-bg-blend:overlay;--awb-inner-bg-size:cover;--awb-border-color:#00b9a4;--awb-border-left:5px;--awb-border-style:solid;--awb-flex-grow:0;--awb-flex-shrink:0;--awb-flex-grow-medium:0;--awb-flex-shrink-medium:0;--awb-flex-grow-small:0;--awb-flex-shrink-small:0;\" data-scroll-devices=\"small-visibility,medium-visibility,large-visibility\"><span class=\"fusion-column-inner-bg hover-type-none\"><a class=\"fusion-column-anchor\" href=\"https:\/\/www.thetrevorproject.org\/wp-content\/uploads\/2019\/10\/Coming-Out-Handbook.pdf\" rel=\"noopener noreferrer\" target=\"_blank\"><span class=\"fusion-column-inner-bg-image\"><\/span><\/a><\/span><div class=\"fusion-column-wrapper fusion-column-has-shadow fusion-flex-justify-content-flex-start fusion-content-layout-row fusion-flex-align-items-stretch\"><div class=\"fusion-text fusion-text-61 tag-doc-cat tag-documents\"><p><a href=\"https:\/\/interligne.co\/en\/categorie-de-document\/lgbtq-identities\/\" title=\"LGBTQ+ Identities\">LGBTQ+ Identities<\/a><\/p>\n<\/div><div class=\"fusion-title title fusion-title-31 fusion-sep-none fusion-title-text fusion-title-size-four\" style=\"--awb-margin-top-small:10px;--awb-margin-right-small:0px;--awb-margin-bottom-small:10px;--awb-margin-left-small:0px;\"><h4 class=\"fusion-title-heading title-heading-left\" style=\"margin:0;\"><a href=\"https:\/\/www.thetrevorproject.org\/wp-content\/uploads\/2019\/10\/Coming-Out-Handbook.pdf\" class=\"awb-custom-text-color awb-custom-text-hover-color\" target=\"_self\">Coming out: A Handbook for LGBTQ Young People<\/a><\/h4><\/div><div class=\"fusion-text fusion-text-62\"><p>Trevor Project, (2019) <\/p>\n<\/div><\/div><\/li>\n<li class=\"fusion-layout-column fusion_builder_column fusion-builder-column-32 fusion-flex-column fusion-column-inner-bg-wrapper post-card fusion-grid-column fusion-post-cards-grid-column health\" style=\"--awb-padding-top:20px;--awb-padding-right:20px;--awb-padding-bottom:20px;--awb-padding-left:20px;--awb-inner-bg-color:#f7f3ef;--awb-inner-bg-color-hover:#f7f3ef;--awb-inner-bg-blend:overlay;--awb-inner-bg-size:cover;--awb-border-color:#00b9a4;--awb-border-left:5px;--awb-border-style:solid;--awb-flex-grow:0;--awb-flex-shrink:0;--awb-flex-grow-medium:0;--awb-flex-shrink-medium:0;--awb-flex-grow-small:0;--awb-flex-shrink-small:0;\" data-scroll-devices=\"small-visibility,medium-visibility,large-visibility\"><span class=\"fusion-column-inner-bg hover-type-none\"><a class=\"fusion-column-anchor\" href=\"https:\/\/www.unige.ch\/ssi\/files\/4615\/8762\/5061\/RMS_691_789.pdf\" rel=\"noopener noreferrer\" target=\"_blank\"><span class=\"fusion-column-inner-bg-image\"><\/span><\/a><\/span><div class=\"fusion-column-wrapper fusion-column-has-shadow fusion-flex-justify-content-flex-start fusion-content-layout-row fusion-flex-align-items-stretch\"><div class=\"fusion-text fusion-text-63 tag-doc-cat tag-documents\"><p><a href=\"https:\/\/interligne.co\/en\/categorie-de-document\/health\/\" title=\"Health and Sexuality\">Health and Sexuality<\/a><\/p>\n<\/div><div class=\"fusion-title title fusion-title-32 fusion-sep-none fusion-title-text fusion-title-size-four\" style=\"--awb-margin-top-small:10px;--awb-margin-right-small:0px;--awb-margin-bottom-small:10px;--awb-margin-left-small:0px;\"><h4 class=\"fusion-title-heading title-heading-left\" style=\"margin:0;\"><a href=\"https:\/\/www.unige.ch\/ssi\/files\/4615\/8762\/5061\/RMS_691_789.pdf\" class=\"awb-custom-text-color awb-custom-text-hover-color\" target=\"_self\">Adolescents transgenres et non binaires\u2009: approche et prise en charge par les m\u00e9decins de premier recours<\/a><\/h4><\/div><div class=\"fusion-text fusion-text-64\"><p>Rev Med Suisse, Drs Rapha\u00ebl Wahlen, C\u00e9line Brockmann, Cindy Soroken, Lynn Bertholet, Dre Michal Yaron, Ad\u00e8le Zufferey, Drs Anne-Emmanuelle Ambresin, Arnaud Merglen, (2020) In french only<\/p>\n<\/div><\/div><\/li>\n<li class=\"fusion-layout-column fusion_builder_column fusion-builder-column-33 fusion-flex-column fusion-column-inner-bg-wrapper post-card fusion-grid-column fusion-post-cards-grid-column gender-identities\" style=\"--awb-padding-top:20px;--awb-padding-right:20px;--awb-padding-bottom:20px;--awb-padding-left:20px;--awb-inner-bg-color:#f7f3ef;--awb-inner-bg-color-hover:#f7f3ef;--awb-inner-bg-blend:overlay;--awb-inner-bg-size:cover;--awb-border-color:#00b9a4;--awb-border-left:5px;--awb-border-style:solid;--awb-flex-grow:0;--awb-flex-shrink:0;--awb-flex-grow-medium:0;--awb-flex-shrink-medium:0;--awb-flex-grow-small:0;--awb-flex-shrink-small:0;\" data-scroll-devices=\"small-visibility,medium-visibility,large-visibility\"><span class=\"fusion-column-inner-bg hover-type-none\"><a class=\"fusion-column-anchor\" href=\"https:\/\/www.gris.ca\/app\/uploads\/2020\/10\/GRI2001_Guide-pedagogique_14.10.20.pdf\" rel=\"noopener noreferrer\" target=\"_blank\"><span class=\"fusion-column-inner-bg-image\"><\/span><\/a><\/span><div class=\"fusion-column-wrapper fusion-column-has-shadow fusion-flex-justify-content-flex-start fusion-content-layout-row fusion-flex-align-items-stretch\"><div class=\"fusion-text fusion-text-65 tag-doc-cat tag-documents\"><p><a href=\"https:\/\/interligne.co\/en\/categorie-de-document\/gender-identities\/\" title=\"Gender Identities\">Gender Identities<\/a><\/p>\n<\/div><div class=\"fusion-title title fusion-title-33 fusion-sep-none fusion-title-text fusion-title-size-four\" style=\"--awb-margin-top-small:10px;--awb-margin-right-small:0px;--awb-margin-bottom-small:10px;--awb-margin-left-small:0px;\"><h4 class=\"fusion-title-heading title-heading-left\" style=\"margin:0;\"><a href=\"https:\/\/www.gris.ca\/app\/uploads\/2020\/10\/GRI2001_Guide-pedagogique_14.10.20.pdf\" class=\"awb-custom-text-color awb-custom-text-hover-color\" target=\"_self\">La Transphobie c&#8217;est pas mon genre<\/a><\/h4><\/div><div class=\"fusion-text fusion-text-66\"><p>GRIS-Montr\u00e9al, Conseil Qu\u00e9b\u00e9cois LGBT, (2020) In french only<\/p>\n<\/div><\/div><\/li>\n<li class=\"fusion-layout-column fusion_builder_column fusion-builder-column-34 fusion-flex-column fusion-column-inner-bg-wrapper post-card fusion-grid-column fusion-post-cards-grid-column lgbtq-identities\" style=\"--awb-padding-top:20px;--awb-padding-right:20px;--awb-padding-bottom:20px;--awb-padding-left:20px;--awb-inner-bg-color:#f7f3ef;--awb-inner-bg-color-hover:#f7f3ef;--awb-inner-bg-blend:overlay;--awb-inner-bg-size:cover;--awb-border-color:#00b9a4;--awb-border-left:5px;--awb-border-style:solid;--awb-flex-grow:0;--awb-flex-shrink:0;--awb-flex-grow-medium:0;--awb-flex-shrink-medium:0;--awb-flex-grow-small:0;--awb-flex-shrink-small:0;\" data-scroll-devices=\"small-visibility,medium-visibility,large-visibility\"><span class=\"fusion-column-inner-bg hover-type-none\"><a class=\"fusion-column-anchor\" href=\"https:\/\/transreads.org\/wp-content\/uploads\/2019\/03\/2019-03-17_5c8df4095641a_christina-richards-genderqueer-and-nonbinary-genders-11.pdf\" rel=\"noopener noreferrer\" target=\"_blank\"><span class=\"fusion-column-inner-bg-image\"><\/span><\/a><\/span><div class=\"fusion-column-wrapper fusion-column-has-shadow fusion-flex-justify-content-flex-start fusion-content-layout-row fusion-flex-align-items-stretch\"><div class=\"fusion-text fusion-text-67 tag-doc-cat tag-documents\"><p><a href=\"https:\/\/interligne.co\/en\/categorie-de-document\/lgbtq-identities\/\" title=\"LGBTQ+ Identities\">LGBTQ+ Identities<\/a><\/p>\n<\/div><div class=\"fusion-title title fusion-title-34 fusion-sep-none fusion-title-text fusion-title-size-four\" style=\"--awb-margin-top-small:10px;--awb-margin-right-small:0px;--awb-margin-bottom-small:10px;--awb-margin-left-small:0px;\"><h4 class=\"fusion-title-heading title-heading-left\" style=\"margin:0;\"><a href=\"https:\/\/transreads.org\/wp-content\/uploads\/2019\/03\/2019-03-17_5c8df4095641a_christina-richards-genderqueer-and-nonbinary-genders-11.pdf\" class=\"awb-custom-text-color awb-custom-text-hover-color\" target=\"_self\">Genderqueer and Non-Binary Genders<\/a><\/h4><\/div><div class=\"fusion-text fusion-text-68\"><p>Christina Richards, Walter Pierre Bouman, Meg-John Barker, (2017)<\/p>\n<\/div><\/div><\/li>\n<li class=\"fusion-layout-column fusion_builder_column fusion-builder-column-35 fusion-flex-column fusion-column-inner-bg-wrapper post-card fusion-grid-column fusion-post-cards-grid-column gender-identities\" style=\"--awb-padding-top:20px;--awb-padding-right:20px;--awb-padding-bottom:20px;--awb-padding-left:20px;--awb-inner-bg-color:#f7f3ef;--awb-inner-bg-color-hover:#f7f3ef;--awb-inner-bg-blend:overlay;--awb-inner-bg-size:cover;--awb-border-color:#00b9a4;--awb-border-left:5px;--awb-border-style:solid;--awb-flex-grow:0;--awb-flex-shrink:0;--awb-flex-grow-medium:0;--awb-flex-shrink-medium:0;--awb-flex-grow-small:0;--awb-flex-shrink-small:0;\" data-scroll-devices=\"small-visibility,medium-visibility,large-visibility\"><span class=\"fusion-column-inner-bg hover-type-none\"><a class=\"fusion-column-anchor\" href=\"https:\/\/www.apadivisions.org\/division-44\/resources\/advocacy\/non-binary-facts.pdf\" rel=\"noopener noreferrer\" target=\"_blank\"><span class=\"fusion-column-inner-bg-image\"><\/span><\/a><\/span><div class=\"fusion-column-wrapper fusion-column-has-shadow fusion-flex-justify-content-flex-start fusion-content-layout-row fusion-flex-align-items-stretch\"><div class=\"fusion-text fusion-text-69 tag-doc-cat tag-documents\"><p><a href=\"https:\/\/interligne.co\/en\/categorie-de-document\/gender-identities\/\" title=\"Gender Identities\">Gender Identities<\/a><\/p>\n<\/div><div class=\"fusion-title title fusion-title-35 fusion-sep-none fusion-title-text fusion-title-size-four\" style=\"--awb-margin-top-small:10px;--awb-margin-right-small:0px;--awb-margin-bottom-small:10px;--awb-margin-left-small:0px;\"><h4 class=\"fusion-title-heading title-heading-left\" style=\"margin:0;\"><a href=\"https:\/\/www.apadivisions.org\/division-44\/resources\/advocacy\/non-binary-facts.pdf\" class=\"awb-custom-text-color awb-custom-text-hover-color\" target=\"_self\">Non-Binary Gender Identities: Fact Sheet<\/a><\/h4><\/div><div class=\"fusion-text fusion-text-70\"><p>Arielle Webb, Em Matsuno, Stephanie Budge, Mira Krishnan, Kimberly Balsam, (2017)<\/p>\n<\/div><\/div><\/li>\n<li class=\"fusion-layout-column fusion_builder_column fusion-builder-column-36 fusion-flex-column fusion-column-inner-bg-wrapper post-card fusion-grid-column fusion-post-cards-grid-column health\" style=\"--awb-padding-top:20px;--awb-padding-right:20px;--awb-padding-bottom:20px;--awb-padding-left:20px;--awb-inner-bg-color:#f7f3ef;--awb-inner-bg-color-hover:#f7f3ef;--awb-inner-bg-blend:overlay;--awb-inner-bg-size:cover;--awb-border-color:#00b9a4;--awb-border-left:5px;--awb-border-style:solid;--awb-flex-grow:0;--awb-flex-shrink:0;--awb-flex-grow-medium:0;--awb-flex-shrink-medium:0;--awb-flex-grow-small:0;--awb-flex-shrink-small:0;\" data-scroll-devices=\"small-visibility,medium-visibility,large-visibility\"><span class=\"fusion-column-inner-bg hover-type-none\"><a class=\"fusion-column-anchor\" href=\"https:\/\/api.rezosante.org\/wp-content\/uploads\/2020\/05\/Guide-HoT-6x4-Partie-trans-v-Finale-planches.pdf\" rel=\"noopener noreferrer\" target=\"_blank\"><span class=\"fusion-column-inner-bg-image\"><\/span><\/a><\/span><div class=\"fusion-column-wrapper fusion-column-has-shadow fusion-flex-justify-content-flex-start fusion-content-layout-row fusion-flex-align-items-stretch\"><div class=\"fusion-text fusion-text-71 tag-doc-cat tag-documents\"><p><a href=\"https:\/\/interligne.co\/en\/categorie-de-document\/health\/\" title=\"Health and Sexuality\">Health and Sexuality<\/a><\/p>\n<\/div><div class=\"fusion-title title fusion-title-36 fusion-sep-none fusion-title-text fusion-title-size-four\" style=\"--awb-margin-top-small:10px;--awb-margin-right-small:0px;--awb-margin-bottom-small:10px;--awb-margin-left-small:0px;\"><h4 class=\"fusion-title-heading title-heading-left\" style=\"margin:0;\"><a href=\"https:\/\/api.rezosante.org\/wp-content\/uploads\/2020\/05\/Guide-HoT-6x4-Partie-trans-v-Finale-planches.pdf\" class=\"awb-custom-text-color awb-custom-text-hover-color\" target=\"_self\">HOT : Le Guide pour les gars transet cis (Partie trans)<\/a><\/h4><\/div><div class=\"fusion-text fusion-text-72\"><p>R\u00c9ZO, (2020) In french only<\/p>\n<\/div><\/div><\/li>\n<li class=\"fusion-layout-column fusion_builder_column fusion-builder-column-37 fusion-flex-column fusion-column-inner-bg-wrapper post-card fusion-grid-column fusion-post-cards-grid-column health\" style=\"--awb-padding-top:20px;--awb-padding-right:20px;--awb-padding-bottom:20px;--awb-padding-left:20px;--awb-inner-bg-color:#f7f3ef;--awb-inner-bg-color-hover:#f7f3ef;--awb-inner-bg-blend:overlay;--awb-inner-bg-size:cover;--awb-border-color:#00b9a4;--awb-border-left:5px;--awb-border-style:solid;--awb-flex-grow:0;--awb-flex-shrink:0;--awb-flex-grow-medium:0;--awb-flex-shrink-medium:0;--awb-flex-grow-small:0;--awb-flex-shrink-small:0;\" data-scroll-devices=\"small-visibility,medium-visibility,large-visibility\"><span class=\"fusion-column-inner-bg hover-type-none\"><a class=\"fusion-column-anchor\" href=\"https:\/\/api.rezosante.org\/wp-content\/uploads\/2020\/06\/Guide-HoT-6x4-Partie-cis-v-Finale.pdf\" rel=\"noopener noreferrer\" target=\"_blank\"><span class=\"fusion-column-inner-bg-image\"><\/span><\/a><\/span><div class=\"fusion-column-wrapper fusion-column-has-shadow fusion-flex-justify-content-flex-start fusion-content-layout-row fusion-flex-align-items-stretch\"><div class=\"fusion-text fusion-text-73 tag-doc-cat tag-documents\"><p><a href=\"https:\/\/interligne.co\/en\/categorie-de-document\/health\/\" title=\"Health and Sexuality\">Health and Sexuality<\/a><\/p>\n<\/div><div class=\"fusion-title title fusion-title-37 fusion-sep-none fusion-title-text fusion-title-size-four\" style=\"--awb-margin-top-small:10px;--awb-margin-right-small:0px;--awb-margin-bottom-small:10px;--awb-margin-left-small:0px;\"><h4 class=\"fusion-title-heading title-heading-left\" style=\"margin:0;\"><a href=\"https:\/\/api.rezosante.org\/wp-content\/uploads\/2020\/06\/Guide-HoT-6x4-Partie-cis-v-Finale.pdf\" class=\"awb-custom-text-color awb-custom-text-hover-color\" target=\"_self\">HOT: Le Guide pour les gars transet cis (Partie cis)<\/a><\/h4><\/div><div class=\"fusion-text fusion-text-74\"><p>R\u00c9ZO, (2020) In french only<\/p>\n<\/div><\/div><\/li>\n<li class=\"fusion-layout-column fusion_builder_column fusion-builder-column-38 fusion-flex-column fusion-column-inner-bg-wrapper post-card fusion-grid-column fusion-post-cards-grid-column bullying\" style=\"--awb-padding-top:20px;--awb-padding-right:20px;--awb-padding-bottom:20px;--awb-padding-left:20px;--awb-inner-bg-color:#f7f3ef;--awb-inner-bg-color-hover:#f7f3ef;--awb-inner-bg-blend:overlay;--awb-inner-bg-size:cover;--awb-border-color:#00b9a4;--awb-border-left:5px;--awb-border-style:solid;--awb-flex-grow:0;--awb-flex-shrink:0;--awb-flex-grow-medium:0;--awb-flex-shrink-medium:0;--awb-flex-grow-small:0;--awb-flex-shrink-small:0;\" data-scroll-devices=\"small-visibility,medium-visibility,large-visibility\"><span class=\"fusion-column-inner-bg hover-type-none\"><a class=\"fusion-column-anchor\" href=\"https:\/\/www.mentalhealthcommission.ca\/sites\/default\/files\/2019-03\/safer_space_guidelines_mar_2019_eng.pdf\" rel=\"noopener noreferrer\" target=\"_blank\"><span class=\"fusion-column-inner-bg-image\"><\/span><\/a><\/span><div class=\"fusion-column-wrapper fusion-column-has-shadow fusion-flex-justify-content-flex-start fusion-content-layout-row fusion-flex-align-items-stretch\"><div class=\"fusion-text fusion-text-75 tag-doc-cat tag-documents\"><p><a href=\"https:\/\/interligne.co\/en\/categorie-de-document\/bullying\/\" title=\"Bullying\">Bullying<\/a><\/p>\n<\/div><div class=\"fusion-title title fusion-title-38 fusion-sep-none fusion-title-text fusion-title-size-four\" style=\"--awb-margin-top-small:10px;--awb-margin-right-small:0px;--awb-margin-bottom-small:10px;--awb-margin-left-small:0px;\"><h4 class=\"fusion-title-heading title-heading-left\" style=\"margin:0;\"><a href=\"https:\/\/www.mentalhealthcommission.ca\/sites\/default\/files\/2019-03\/safer_space_guidelines_mar_2019_eng.pdf\" class=\"awb-custom-text-color awb-custom-text-hover-color\" target=\"_self\">Safer Space Guidelines<\/a><\/h4><\/div><div class=\"fusion-text fusion-text-76\"><p>Mental Health Commission of Canada<\/p>\n<\/div><\/div><\/li>\n<li class=\"fusion-layout-column fusion_builder_column fusion-builder-column-39 fusion-flex-column fusion-column-inner-bg-wrapper post-card fusion-grid-column fusion-post-cards-grid-column lgbtq-identities\" style=\"--awb-padding-top:20px;--awb-padding-right:20px;--awb-padding-bottom:20px;--awb-padding-left:20px;--awb-inner-bg-color:#f7f3ef;--awb-inner-bg-color-hover:#f7f3ef;--awb-inner-bg-blend:overlay;--awb-inner-bg-size:cover;--awb-border-color:#00b9a4;--awb-border-left:5px;--awb-border-style:solid;--awb-flex-grow:0;--awb-flex-shrink:0;--awb-flex-grow-medium:0;--awb-flex-shrink-medium:0;--awb-flex-grow-small:0;--awb-flex-shrink-small:0;\" data-scroll-devices=\"small-visibility,medium-visibility,large-visibility\"><span class=\"fusion-column-inner-bg hover-type-none\"><a class=\"fusion-column-anchor\" href=\"http:\/\/www.solidaritelesbienne.qc.ca\/csl\/wp-content\/uploads\/2021\/02\/Asexualite-fiche-synthese-Chaire_Fiche_Jan_2021_Finale_Web.pdf\" rel=\"noopener noreferrer\" target=\"_blank\"><span class=\"fusion-column-inner-bg-image\"><\/span><\/a><\/span><div class=\"fusion-column-wrapper fusion-column-has-shadow fusion-flex-justify-content-flex-start fusion-content-layout-row fusion-flex-align-items-stretch\"><div class=\"fusion-text fusion-text-77 tag-doc-cat tag-documents\"><p><a href=\"https:\/\/interligne.co\/en\/categorie-de-document\/lgbtq-identities\/\" title=\"LGBTQ+ Identities\">LGBTQ+ Identities<\/a><\/p>\n<\/div><div class=\"fusion-title title fusion-title-39 fusion-sep-none fusion-title-text fusion-title-size-four\" style=\"--awb-margin-top-small:10px;--awb-margin-right-small:0px;--awb-margin-bottom-small:10px;--awb-margin-left-small:0px;\"><h4 class=\"fusion-title-heading title-heading-left\" style=\"margin:0;\"><a href=\"http:\/\/www.solidaritelesbienne.qc.ca\/csl\/wp-content\/uploads\/2021\/02\/Asexualite-fiche-synthese-Chaire_Fiche_Jan_2021_Finale_Web.pdf\" class=\"awb-custom-text-color awb-custom-text-hover-color\" target=\"_self\">L&#8217;asexualit\u00e9 : Fiche synth\u00e8se<\/a><\/h4><\/div><div class=\"fusion-text fusion-text-78\"><p>Chaire de recherche sur la diversit\u00e9 sexuelle et la pluralit\u00e9 des genres, (2021) In french only<\/p>\n<\/div><\/div><\/li>\n<li class=\"fusion-layout-column fusion_builder_column fusion-builder-column-40 fusion-flex-column fusion-column-inner-bg-wrapper post-card fusion-grid-column fusion-post-cards-grid-column lgbtq-identities\" style=\"--awb-padding-top:20px;--awb-padding-right:20px;--awb-padding-bottom:20px;--awb-padding-left:20px;--awb-inner-bg-color:#f7f3ef;--awb-inner-bg-color-hover:#f7f3ef;--awb-inner-bg-blend:overlay;--awb-inner-bg-size:cover;--awb-border-color:#00b9a4;--awb-border-left:5px;--awb-border-style:solid;--awb-flex-grow:0;--awb-flex-shrink:0;--awb-flex-grow-medium:0;--awb-flex-shrink-medium:0;--awb-flex-grow-small:0;--awb-flex-shrink-small:0;\" data-scroll-devices=\"small-visibility,medium-visibility,large-visibility\"><span class=\"fusion-column-inner-bg hover-type-none\"><a class=\"fusion-column-anchor\" href=\"https:\/\/static1.squarespace.com\/static\/5cb6e4d565019f0c5aa6cf20\/t\/5d3940e6cc00df0001c4164a\/1564033255323\/Common+Aromantic+Identities+%28A4%29.pdf\" rel=\"noopener noreferrer\" target=\"_blank\"><span class=\"fusion-column-inner-bg-image\"><\/span><\/a><\/span><div class=\"fusion-column-wrapper fusion-column-has-shadow fusion-flex-justify-content-flex-start fusion-content-layout-row fusion-flex-align-items-stretch\"><div class=\"fusion-text fusion-text-79 tag-doc-cat tag-documents\"><p><a href=\"https:\/\/interligne.co\/en\/categorie-de-document\/lgbtq-identities\/\" title=\"LGBTQ+ Identities\">LGBTQ+ Identities<\/a><\/p>\n<\/div><div class=\"fusion-title title fusion-title-40 fusion-sep-none fusion-title-text fusion-title-size-four\" style=\"--awb-margin-top-small:10px;--awb-margin-right-small:0px;--awb-margin-bottom-small:10px;--awb-margin-left-small:0px;\"><h4 class=\"fusion-title-heading title-heading-left\" style=\"margin:0;\"><a href=\"https:\/\/static1.squarespace.com\/static\/5cb6e4d565019f0c5aa6cf20\/t\/5d3940e6cc00df0001c4164a\/1564033255323\/Common+Aromantic+Identities+%28A4%29.pdf\" class=\"awb-custom-text-color awb-custom-text-hover-color\" target=\"_self\">Common Aromantic Identities<\/a><\/h4><\/div><div class=\"fusion-text fusion-text-80\"><p>aromanticism.org, (2019)<\/p>\n<\/div><\/div><\/li>\n<li class=\"fusion-layout-column fusion_builder_column fusion-builder-column-41 fusion-flex-column fusion-column-inner-bg-wrapper post-card fusion-grid-column fusion-post-cards-grid-column gender-identities\" style=\"--awb-padding-top:20px;--awb-padding-right:20px;--awb-padding-bottom:20px;--awb-padding-left:20px;--awb-inner-bg-color:#f7f3ef;--awb-inner-bg-color-hover:#f7f3ef;--awb-inner-bg-blend:overlay;--awb-inner-bg-size:cover;--awb-border-color:#00b9a4;--awb-border-left:5px;--awb-border-style:solid;--awb-flex-grow:0;--awb-flex-shrink:0;--awb-flex-grow-medium:0;--awb-flex-shrink-medium:0;--awb-flex-grow-small:0;--awb-flex-shrink-small:0;\" data-scroll-devices=\"small-visibility,medium-visibility,large-visibility\"><span class=\"fusion-column-inner-bg hover-type-none\"><a class=\"fusion-column-anchor\" href=\"https:\/\/www.ohchr.org\/Documents\/Issues\/SexualOrientation\/ReportSecondTrilateralDialogue_InterAmericanAfricanExperts_FR.pdf\" rel=\"noopener noreferrer\" target=\"_blank\"><span class=\"fusion-column-inner-bg-image\"><\/span><\/a><\/span><div class=\"fusion-column-wrapper fusion-column-has-shadow fusion-flex-justify-content-flex-start fusion-content-layout-row fusion-flex-align-items-stretch\"><div class=\"fusion-text fusion-text-81 tag-doc-cat tag-documents\"><p><a href=\"https:\/\/interligne.co\/en\/categorie-de-document\/gender-identities\/\" title=\"Gender Identities\">Gender Identities<\/a><\/p>\n<\/div><div class=\"fusion-title title fusion-title-41 fusion-sep-none fusion-title-text fusion-title-size-four\" style=\"--awb-margin-top-small:10px;--awb-margin-right-small:0px;--awb-margin-bottom-small:10px;--awb-margin-left-small:0px;\"><h4 class=\"fusion-title-heading title-heading-left\" style=\"margin:0;\"><a href=\"https:\/\/www.ohchr.org\/Documents\/Issues\/SexualOrientation\/ReportSecondTrilateralDialogue_InterAmericanAfricanExperts_FR.pdf\" class=\"awb-custom-text-color awb-custom-text-hover-color\" target=\"_self\">L&#8217;orientation sexuelle, l&#8217;identit\u00e9 de genre et les probl\u00e9matiques li\u00e9es aux personnes intersexes<\/a><\/h4><\/div><div class=\"fusion-text fusion-text-82\"><p>La Commission interam\u00e9ricaine des droits de l\u2019homme, La Commission africaine des droits de l\u2019homme et des peuples, Les m\u00e9canismes des droits de l\u2019homme des Nations Unies, (2018) In french only.<\/p>\n<\/div><\/div><\/li>\n<li class=\"fusion-layout-column fusion_builder_column fusion-builder-column-42 fusion-flex-column fusion-column-inner-bg-wrapper post-card fusion-grid-column fusion-post-cards-grid-column\" style=\"--awb-padding-top:20px;--awb-padding-right:20px;--awb-padding-bottom:20px;--awb-padding-left:20px;--awb-inner-bg-color:#f7f3ef;--awb-inner-bg-color-hover:#f7f3ef;--awb-inner-bg-blend:overlay;--awb-inner-bg-size:cover;--awb-border-color:#00b9a4;--awb-border-left:5px;--awb-border-style:solid;--awb-flex-grow:0;--awb-flex-shrink:0;--awb-flex-grow-medium:0;--awb-flex-shrink-medium:0;--awb-flex-grow-small:0;--awb-flex-shrink-small:0;\" data-scroll-devices=\"small-visibility,medium-visibility,large-visibility\"><span class=\"fusion-column-inner-bg hover-type-none\"><a class=\"fusion-column-anchor\" href=\"https:\/\/infokiosques.net\/IMG\/pdf\/suisje_asexuel-le_aromantique_aroace-32pA5-cahier-2021.pdf\" rel=\"noopener noreferrer\" target=\"_blank\"><span class=\"fusion-column-inner-bg-image\"><\/span><\/a><\/span><div class=\"fusion-column-wrapper fusion-column-has-shadow fusion-flex-justify-content-flex-start fusion-content-layout-row fusion-flex-align-items-stretch\"><div class=\"fusion-text fusion-text-83 tag-doc-cat tag-documents\"><\/div><div class=\"fusion-title title fusion-title-42 fusion-sep-none fusion-title-text fusion-title-size-four\" style=\"--awb-margin-top-small:10px;--awb-margin-right-small:0px;--awb-margin-bottom-small:10px;--awb-margin-left-small:0px;\"><h4 class=\"fusion-title-heading title-heading-left\" style=\"margin:0;\"><a href=\"https:\/\/infokiosques.net\/IMG\/pdf\/suisje_asexuel-le_aromantique_aroace-32pA5-cahier-2021.pdf\" class=\"awb-custom-text-color awb-custom-text-hover-color\" target=\"_self\">Suis-je asexuel \u2219le, aromantique, aroace ? : Guide de questionnement autour de l&#8217;asexualit\u00e9 et l&#8217;aromantisme<\/a><\/h4><\/div><div class=\"fusion-text fusion-text-84\"><p>Mai Lousto\u00f1, In french only<\/p>\n<\/div><\/div><\/li>\n<li class=\"fusion-layout-column fusion_builder_column fusion-builder-column-43 fusion-flex-column fusion-column-inner-bg-wrapper post-card fusion-grid-column fusion-post-cards-grid-column health\" style=\"--awb-padding-top:20px;--awb-padding-right:20px;--awb-padding-bottom:20px;--awb-padding-left:20px;--awb-inner-bg-color:#f7f3ef;--awb-inner-bg-color-hover:#f7f3ef;--awb-inner-bg-blend:overlay;--awb-inner-bg-size:cover;--awb-border-color:#00b9a4;--awb-border-left:5px;--awb-border-style:solid;--awb-flex-grow:0;--awb-flex-shrink:0;--awb-flex-grow-medium:0;--awb-flex-shrink-medium:0;--awb-flex-grow-small:0;--awb-flex-shrink-small:0;\" data-scroll-devices=\"small-visibility,medium-visibility,large-visibility\"><span class=\"fusion-column-inner-bg hover-type-none\"><a class=\"fusion-column-anchor\" href=\"http:\/\/librarypdf.catie.ca\/ATI-20000s\/26424.pdf\" rel=\"noopener noreferrer\" target=\"_blank\"><span class=\"fusion-column-inner-bg-image\"><\/span><\/a><\/span><div class=\"fusion-column-wrapper fusion-column-has-shadow fusion-flex-justify-content-flex-start fusion-content-layout-row fusion-flex-align-items-stretch\"><div class=\"fusion-text fusion-text-85 tag-doc-cat tag-documents\"><p><a href=\"https:\/\/interligne.co\/en\/categorie-de-document\/health\/\" title=\"Health and Sexuality\">Health and Sexuality<\/a><\/p>\n<\/div><div class=\"fusion-title title fusion-title-43 fusion-sep-none fusion-title-text fusion-title-size-four\" style=\"--awb-margin-top-small:10px;--awb-margin-right-small:0px;--awb-margin-bottom-small:10px;--awb-margin-left-small:0px;\"><h4 class=\"fusion-title-heading title-heading-left\" style=\"margin:0;\"><a href=\"http:\/\/librarypdf.catie.ca\/ATI-20000s\/26424.pdf\" class=\"awb-custom-text-color awb-custom-text-hover-color\" target=\"_self\">Brazen: Trans Women&#8217;s Safer Sex Guide<\/a><\/h4><\/div><div class=\"fusion-text fusion-text-86\"><p>The 519 Church Street Community Centre, (2013)<\/p>\n<\/div><\/div><\/li>\n<li class=\"fusion-layout-column fusion_builder_column fusion-builder-column-44 fusion-flex-column fusion-column-inner-bg-wrapper post-card fusion-grid-column fusion-post-cards-grid-column gender-identities\" style=\"--awb-padding-top:20px;--awb-padding-right:20px;--awb-padding-bottom:20px;--awb-padding-left:20px;--awb-inner-bg-color:#f7f3ef;--awb-inner-bg-color-hover:#f7f3ef;--awb-inner-bg-blend:overlay;--awb-inner-bg-size:cover;--awb-border-color:#00b9a4;--awb-border-left:5px;--awb-border-style:solid;--awb-flex-grow:0;--awb-flex-shrink:0;--awb-flex-grow-medium:0;--awb-flex-shrink-medium:0;--awb-flex-grow-small:0;--awb-flex-shrink-small:0;\" data-scroll-devices=\"small-visibility,medium-visibility,large-visibility\"><span class=\"fusion-column-inner-bg hover-type-none\"><a class=\"fusion-column-anchor\" href=\"https:\/\/rainbowresourcecentre.org\/files\/GetReal-RRC.pdf\" rel=\"noopener noreferrer\" target=\"_blank\"><span class=\"fusion-column-inner-bg-image\"><\/span><\/a><\/span><div class=\"fusion-column-wrapper fusion-column-has-shadow fusion-flex-justify-content-flex-start fusion-content-layout-row fusion-flex-align-items-stretch\"><div class=\"fusion-text fusion-text-87 tag-doc-cat tag-documents\"><p><a href=\"https:\/\/interligne.co\/en\/categorie-de-document\/gender-identities\/\" title=\"Gender Identities\">Gender Identities<\/a><\/p>\n<\/div><div class=\"fusion-title title fusion-title-44 fusion-sep-none fusion-title-text fusion-title-size-four\" style=\"--awb-margin-top-small:10px;--awb-margin-right-small:0px;--awb-margin-bottom-small:10px;--awb-margin-left-small:0px;\"><h4 class=\"fusion-title-heading title-heading-left\" style=\"margin:0;\"><a href=\"https:\/\/rainbowresourcecentre.org\/files\/GetReal-RRC.pdf\" class=\"awb-custom-text-color awb-custom-text-hover-color\" target=\"_self\">Let&#8217;s Get Real: Question and Answer Guide for Dating Trans Folk<\/a><\/h4><\/div><div class=\"fusion-text fusion-text-88\"><p>Reece Malone, The Rainbow Resource Centre, (2015)<\/p>\n<\/div><\/div><\/li>\n<li class=\"fusion-layout-column fusion_builder_column fusion-builder-column-45 fusion-flex-column fusion-column-inner-bg-wrapper post-card fusion-grid-column fusion-post-cards-grid-column health\" style=\"--awb-padding-top:20px;--awb-padding-right:20px;--awb-padding-bottom:20px;--awb-padding-left:20px;--awb-inner-bg-color:#f7f3ef;--awb-inner-bg-color-hover:#f7f3ef;--awb-inner-bg-blend:overlay;--awb-inner-bg-size:cover;--awb-border-color:#00b9a4;--awb-border-left:5px;--awb-border-style:solid;--awb-flex-grow:0;--awb-flex-shrink:0;--awb-flex-grow-medium:0;--awb-flex-shrink-medium:0;--awb-flex-grow-small:0;--awb-flex-shrink-small:0;\" data-scroll-devices=\"small-visibility,medium-visibility,large-visibility\"><span class=\"fusion-column-inner-bg hover-type-none\"><a class=\"fusion-column-anchor\" href=\"https:\/\/assets2.hrc.org\/files\/assets\/resources\/Trans_Safer_Sex_Guide_FINAL.pdf\" rel=\"noopener noreferrer\" target=\"_blank\"><span class=\"fusion-column-inner-bg-image\"><\/span><\/a><\/span><div class=\"fusion-column-wrapper fusion-column-has-shadow fusion-flex-justify-content-flex-start fusion-content-layout-row fusion-flex-align-items-stretch\"><div class=\"fusion-text fusion-text-89 tag-doc-cat tag-documents\"><p><a href=\"https:\/\/interligne.co\/en\/categorie-de-document\/health\/\" title=\"Health and Sexuality\">Health and Sexuality<\/a><\/p>\n<\/div><div class=\"fusion-title title fusion-title-45 fusion-sep-none fusion-title-text fusion-title-size-four\" style=\"--awb-margin-top-small:10px;--awb-margin-right-small:0px;--awb-margin-bottom-small:10px;--awb-margin-left-small:0px;\"><h4 class=\"fusion-title-heading title-heading-left\" style=\"margin:0;\"><a href=\"https:\/\/assets2.hrc.org\/files\/assets\/resources\/Trans_Safer_Sex_Guide_FINAL.pdf\" class=\"awb-custom-text-color awb-custom-text-hover-color\" target=\"_self\">Safer Sex for Trans Bodies<\/a><\/h4><\/div><div class=\"fusion-text fusion-text-90\"><p>Whitman-Walker Health, Human Rights Campaign Foundation, (2016)<\/p>\n<\/div><\/div><\/li>\n<li class=\"fusion-layout-column fusion_builder_column fusion-builder-column-46 fusion-flex-column fusion-column-inner-bg-wrapper post-card fusion-grid-column fusion-post-cards-grid-column gender-identities\" style=\"--awb-padding-top:20px;--awb-padding-right:20px;--awb-padding-bottom:20px;--awb-padding-left:20px;--awb-inner-bg-color:#f7f3ef;--awb-inner-bg-color-hover:#f7f3ef;--awb-inner-bg-blend:overlay;--awb-inner-bg-size:cover;--awb-border-color:#00b9a4;--awb-border-left:5px;--awb-border-style:solid;--awb-flex-grow:0;--awb-flex-shrink:0;--awb-flex-grow-medium:0;--awb-flex-shrink-medium:0;--awb-flex-grow-small:0;--awb-flex-shrink-small:0;\" data-scroll-devices=\"small-visibility,medium-visibility,large-visibility\"><span class=\"fusion-column-inner-bg hover-type-none\"><a class=\"fusion-column-anchor\" href=\"http:\/\/www.advocatesforyouth.org\/wp-content\/uploads\/2019\/03\/ITIMB-Trans-for-print.pdf\" rel=\"noopener noreferrer\" target=\"_blank\"><span class=\"fusion-column-inner-bg-image\"><\/span><\/a><\/span><div class=\"fusion-column-wrapper fusion-column-has-shadow fusion-flex-justify-content-flex-start fusion-content-layout-row fusion-flex-align-items-stretch\"><div class=\"fusion-text fusion-text-91 tag-doc-cat tag-documents\"><p><a href=\"https:\/\/interligne.co\/en\/categorie-de-document\/gender-identities\/\" title=\"Gender Identities\">Gender Identities<\/a><\/p>\n<\/div><div class=\"fusion-title title fusion-title-46 fusion-sep-none fusion-title-text fusion-title-size-four\" style=\"--awb-margin-top-small:10px;--awb-margin-right-small:0px;--awb-margin-bottom-small:10px;--awb-margin-left-small:0px;\"><h4 class=\"fusion-title-heading title-heading-left\" style=\"margin:0;\"><a href=\"http:\/\/www.advocatesforyouth.org\/wp-content\/uploads\/2019\/03\/ITIMB-Trans-for-print.pdf\" class=\"awb-custom-text-color awb-custom-text-hover-color\" target=\"_self\">I Think I Might Be Transgender<\/a><\/h4><\/div><div class=\"fusion-text fusion-text-92\"><p>Advocates for Youth, (2019)<\/p>\n<\/div><\/div><\/li>\n<li class=\"fusion-layout-column fusion_builder_column fusion-builder-column-47 fusion-flex-column fusion-column-inner-bg-wrapper post-card fusion-grid-column fusion-post-cards-grid-column\" style=\"--awb-padding-top:20px;--awb-padding-right:20px;--awb-padding-bottom:20px;--awb-padding-left:20px;--awb-inner-bg-color:#f7f3ef;--awb-inner-bg-color-hover:#f7f3ef;--awb-inner-bg-blend:overlay;--awb-inner-bg-size:cover;--awb-border-color:#00b9a4;--awb-border-left:5px;--awb-border-style:solid;--awb-flex-grow:0;--awb-flex-shrink:0;--awb-flex-grow-medium:0;--awb-flex-shrink-medium:0;--awb-flex-grow-small:0;--awb-flex-shrink-small:0;\" data-scroll-devices=\"small-visibility,medium-visibility,large-visibility\"><span class=\"fusion-column-inner-bg hover-type-none\"><a class=\"fusion-column-anchor\" href=\"http:\/\/www.advocatesforyouth.org\/wp-content\/uploads\/2019\/03\/ITIMB-Bisexual-Pansexual-for-print.pdf\" rel=\"noopener noreferrer\" target=\"_blank\"><span class=\"fusion-column-inner-bg-image\"><\/span><\/a><\/span><div class=\"fusion-column-wrapper fusion-column-has-shadow fusion-flex-justify-content-flex-start fusion-content-layout-row fusion-flex-align-items-stretch\"><div class=\"fusion-text fusion-text-93 tag-doc-cat tag-documents\"><\/div><div class=\"fusion-title title fusion-title-47 fusion-sep-none fusion-title-text fusion-title-size-four\" style=\"--awb-margin-top-small:10px;--awb-margin-right-small:0px;--awb-margin-bottom-small:10px;--awb-margin-left-small:0px;\"><h4 class=\"fusion-title-heading title-heading-left\" style=\"margin:0;\"><a href=\"http:\/\/www.advocatesforyouth.org\/wp-content\/uploads\/2019\/03\/ITIMB-Bisexual-Pansexual-for-print.pdf\" class=\"awb-custom-text-color awb-custom-text-hover-color\" target=\"_self\">I Think I Might Be Bisexual<\/a><\/h4><\/div><div class=\"fusion-text fusion-text-94\"><p>Advocates for Youth, (2019)<\/p>\n<\/div><\/div><\/li>\n<li class=\"fusion-layout-column fusion_builder_column fusion-builder-column-48 fusion-flex-column fusion-column-inner-bg-wrapper post-card fusion-grid-column fusion-post-cards-grid-column lgbtq-identities\" style=\"--awb-padding-top:20px;--awb-padding-right:20px;--awb-padding-bottom:20px;--awb-padding-left:20px;--awb-inner-bg-color:#f7f3ef;--awb-inner-bg-color-hover:#f7f3ef;--awb-inner-bg-blend:overlay;--awb-inner-bg-size:cover;--awb-border-color:#00b9a4;--awb-border-left:5px;--awb-border-style:solid;--awb-flex-grow:0;--awb-flex-shrink:0;--awb-flex-grow-medium:0;--awb-flex-shrink-medium:0;--awb-flex-grow-small:0;--awb-flex-shrink-small:0;\" data-scroll-devices=\"small-visibility,medium-visibility,large-visibility\"><span class=\"fusion-column-inner-bg hover-type-none\"><a class=\"fusion-column-anchor\" href=\"http:\/\/www.advocatesforyouth.org\/wp-content\/uploads\/2019\/03\/ITIMB-GAY-for-print.pdf\" rel=\"noopener noreferrer\" target=\"_blank\"><span class=\"fusion-column-inner-bg-image\"><\/span><\/a><\/span><div class=\"fusion-column-wrapper fusion-column-has-shadow fusion-flex-justify-content-flex-start fusion-content-layout-row fusion-flex-align-items-stretch\"><div class=\"fusion-text fusion-text-95 tag-doc-cat tag-documents\"><p><a href=\"https:\/\/interligne.co\/en\/categorie-de-document\/lgbtq-identities\/\" title=\"LGBTQ+ Identities\">LGBTQ+ Identities<\/a><\/p>\n<\/div><div class=\"fusion-title title fusion-title-48 fusion-sep-none fusion-title-text fusion-title-size-four\" style=\"--awb-margin-top-small:10px;--awb-margin-right-small:0px;--awb-margin-bottom-small:10px;--awb-margin-left-small:0px;\"><h4 class=\"fusion-title-heading title-heading-left\" style=\"margin:0;\"><a href=\"http:\/\/www.advocatesforyouth.org\/wp-content\/uploads\/2019\/03\/ITIMB-GAY-for-print.pdf\" class=\"awb-custom-text-color awb-custom-text-hover-color\" target=\"_self\">I Think I Might Be Gay<\/a><\/h4><\/div><div class=\"fusion-text fusion-text-96\"><p>Advocates for Youth, (2019)<\/p>\n<\/div><\/div><\/li>\n<li class=\"fusion-layout-column fusion_builder_column fusion-builder-column-49 fusion-flex-column fusion-column-inner-bg-wrapper post-card fusion-grid-column fusion-post-cards-grid-column gender-identities\" style=\"--awb-padding-top:20px;--awb-padding-right:20px;--awb-padding-bottom:20px;--awb-padding-left:20px;--awb-inner-bg-color:#f7f3ef;--awb-inner-bg-color-hover:#f7f3ef;--awb-inner-bg-blend:overlay;--awb-inner-bg-size:cover;--awb-border-color:#00b9a4;--awb-border-left:5px;--awb-border-style:solid;--awb-flex-grow:0;--awb-flex-shrink:0;--awb-flex-grow-medium:0;--awb-flex-shrink-medium:0;--awb-flex-grow-small:0;--awb-flex-shrink-small:0;\" data-scroll-devices=\"small-visibility,medium-visibility,large-visibility\"><span class=\"fusion-column-inner-bg hover-type-none\"><a class=\"fusion-column-anchor\" href=\"https:\/\/www.advocatesforyouth.org\/wp-content\/uploads\/2019\/05\/Im-Muslim-My-Gender-Doesnt-Fit-Me.pdf\" rel=\"noopener noreferrer\" target=\"_blank\"><span class=\"fusion-column-inner-bg-image\"><\/span><\/a><\/span><div class=\"fusion-column-wrapper fusion-column-has-shadow fusion-flex-justify-content-flex-start fusion-content-layout-row fusion-flex-align-items-stretch\"><div class=\"fusion-text fusion-text-97 tag-doc-cat tag-documents\"><p><a href=\"https:\/\/interligne.co\/en\/categorie-de-document\/gender-identities\/\" title=\"Gender Identities\">Gender Identities<\/a><\/p>\n<\/div><div class=\"fusion-title title fusion-title-49 fusion-sep-none fusion-title-text fusion-title-size-four\" style=\"--awb-margin-top-small:10px;--awb-margin-right-small:0px;--awb-margin-bottom-small:10px;--awb-margin-left-small:0px;\"><h4 class=\"fusion-title-heading title-heading-left\" style=\"margin:0;\"><a href=\"https:\/\/www.advocatesforyouth.org\/wp-content\/uploads\/2019\/05\/Im-Muslim-My-Gender-Doesnt-Fit-Me.pdf\" class=\"awb-custom-text-color awb-custom-text-hover-color\" target=\"_self\">I&#8217;m Muslim and my Gender Doesn&#8217;t fit me : a resource for trans muslim youth<\/a><\/h4><\/div><div class=\"fusion-text fusion-text-98\"><p>Advocates for Youth, (2019)<\/p>\n<\/div><\/div><\/li>\n<li class=\"fusion-layout-column fusion_builder_column fusion-builder-column-50 fusion-flex-column fusion-column-inner-bg-wrapper post-card fusion-grid-column fusion-post-cards-grid-column rights\" style=\"--awb-padding-top:20px;--awb-padding-right:20px;--awb-padding-bottom:20px;--awb-padding-left:20px;--awb-inner-bg-color:#f7f3ef;--awb-inner-bg-color-hover:#f7f3ef;--awb-inner-bg-blend:overlay;--awb-inner-bg-size:cover;--awb-border-color:#00b9a4;--awb-border-left:5px;--awb-border-style:solid;--awb-flex-grow:0;--awb-flex-shrink:0;--awb-flex-grow-medium:0;--awb-flex-shrink-medium:0;--awb-flex-grow-small:0;--awb-flex-shrink-small:0;\" data-scroll-devices=\"small-visibility,medium-visibility,large-visibility\"><span class=\"fusion-column-inner-bg hover-type-none\"><a class=\"fusion-column-anchor\" href=\"https:\/\/www.aclu.org\/sites\/default\/files\/field_document\/aclu-tg_parenting_guide.pdf\" rel=\"noopener noreferrer\" target=\"_blank\"><span class=\"fusion-column-inner-bg-image\"><\/span><\/a><\/span><div class=\"fusion-column-wrapper fusion-column-has-shadow fusion-flex-justify-content-flex-start fusion-content-layout-row fusion-flex-align-items-stretch\"><div class=\"fusion-text fusion-text-99 tag-doc-cat tag-documents\"><p><a href=\"https:\/\/interligne.co\/en\/categorie-de-document\/rights\/\" title=\"Rights\">Rights<\/a><\/p>\n<\/div><div class=\"fusion-title title fusion-title-50 fusion-sep-none fusion-title-text fusion-title-size-four\" style=\"--awb-margin-top-small:10px;--awb-margin-right-small:0px;--awb-margin-bottom-small:10px;--awb-margin-left-small:0px;\"><h4 class=\"fusion-title-heading title-heading-left\" style=\"margin:0;\"><a href=\"https:\/\/www.aclu.org\/sites\/default\/files\/field_document\/aclu-tg_parenting_guide.pdf\" class=\"awb-custom-text-color awb-custom-text-hover-color\" target=\"_self\">Protecting the Rights of Transgender Parents and their Children: A guide for Parents and Lawyers<\/a><\/h4><\/div><div class=\"fusion-text fusion-text-100\"><p>Leslie Cooper, ACLU, (2013)<\/p>\n<\/div><\/div><\/li>\n<li class=\"fusion-layout-column fusion_builder_column fusion-builder-column-51 fusion-flex-column fusion-column-inner-bg-wrapper post-card fusion-grid-column fusion-post-cards-grid-column lgbtq-identities\" style=\"--awb-padding-top:20px;--awb-padding-right:20px;--awb-padding-bottom:20px;--awb-padding-left:20px;--awb-inner-bg-color:#f7f3ef;--awb-inner-bg-color-hover:#f7f3ef;--awb-inner-bg-blend:overlay;--awb-inner-bg-size:cover;--awb-border-color:#00b9a4;--awb-border-left:5px;--awb-border-style:solid;--awb-flex-grow:0;--awb-flex-shrink:0;--awb-flex-grow-medium:0;--awb-flex-shrink-medium:0;--awb-flex-grow-small:0;--awb-flex-shrink-small:0;\" data-scroll-devices=\"small-visibility,medium-visibility,large-visibility\"><span class=\"fusion-column-inner-bg hover-type-none\"><a class=\"fusion-column-anchor\" href=\"https:\/\/advocatesforyouth.org\/wp-content\/uploads\/2019\/03\/ITIMB-Lesbian-for-print.pdf\" rel=\"noopener noreferrer\" target=\"_blank\"><span class=\"fusion-column-inner-bg-image\"><\/span><\/a><\/span><div class=\"fusion-column-wrapper fusion-column-has-shadow fusion-flex-justify-content-flex-start fusion-content-layout-row fusion-flex-align-items-stretch\"><div class=\"fusion-text fusion-text-101 tag-doc-cat tag-documents\"><p><a href=\"https:\/\/interligne.co\/en\/categorie-de-document\/lgbtq-identities\/\" title=\"LGBTQ+ Identities\">LGBTQ+ Identities<\/a><\/p>\n<\/div><div class=\"fusion-title title fusion-title-51 fusion-sep-none fusion-title-text fusion-title-size-four\" style=\"--awb-margin-top-small:10px;--awb-margin-right-small:0px;--awb-margin-bottom-small:10px;--awb-margin-left-small:0px;\"><h4 class=\"fusion-title-heading title-heading-left\" style=\"margin:0;\"><a href=\"https:\/\/advocatesforyouth.org\/wp-content\/uploads\/2019\/03\/ITIMB-Lesbian-for-print.pdf\" class=\"awb-custom-text-color awb-custom-text-hover-color\" target=\"_self\">I Think I Might Be Lesbian<\/a><\/h4><\/div><div class=\"fusion-text fusion-text-102\"><p>Advocates for Youth, (2019) <\/p>\n<\/div><\/div><\/li>\n<li class=\"fusion-layout-column fusion_builder_column fusion-builder-column-52 fusion-flex-column fusion-column-inner-bg-wrapper post-card fusion-grid-column fusion-post-cards-grid-column\" style=\"--awb-padding-top:20px;--awb-padding-right:20px;--awb-padding-bottom:20px;--awb-padding-left:20px;--awb-inner-bg-color:#f7f3ef;--awb-inner-bg-color-hover:#f7f3ef;--awb-inner-bg-blend:overlay;--awb-inner-bg-size:cover;--awb-border-color:#00b9a4;--awb-border-left:5px;--awb-border-style:solid;--awb-flex-grow:0;--awb-flex-shrink:0;--awb-flex-grow-medium:0;--awb-flex-shrink-medium:0;--awb-flex-grow-small:0;--awb-flex-shrink-small:0;\" data-scroll-devices=\"small-visibility,medium-visibility,large-visibility\"><span class=\"fusion-column-inner-bg hover-type-none\"><a class=\"fusion-column-anchor\" href=\"https:\/\/issuu.com\/philippeperreault9\/docs\/8927_rapport_sondage_lgbt.pptx\" rel=\"noopener noreferrer\" target=\"_blank\"><span class=\"fusion-column-inner-bg-image\"><\/span><\/a><\/span><div class=\"fusion-column-wrapper fusion-column-has-shadow fusion-flex-justify-content-flex-start fusion-content-layout-row fusion-flex-align-items-stretch\"><div class=\"fusion-text fusion-text-103 tag-doc-cat tag-documents\"><\/div><div class=\"fusion-title title fusion-title-52 fusion-sep-none fusion-title-text fusion-title-size-four\" style=\"--awb-margin-top-small:10px;--awb-margin-right-small:0px;--awb-margin-bottom-small:10px;--awb-margin-left-small:0px;\"><h4 class=\"fusion-title-heading title-heading-left\" style=\"margin:0;\"><a href=\"https:\/\/issuu.com\/philippeperreault9\/docs\/8927_rapport_sondage_lgbt.pptx\" class=\"awb-custom-text-color awb-custom-text-hover-color\" target=\"_self\">Valeurs, besoins et r\u00e9alit\u00e9s des personnes LGBT au Canada en 2017<\/a><\/h4><\/div><div class=\"fusion-text fusion-text-104\"><p>Fondation Jasmin Roy, (2017) In french only<\/p>\n<\/div><\/div><\/li>\n<li class=\"fusion-layout-column fusion_builder_column fusion-builder-column-53 fusion-flex-column fusion-column-inner-bg-wrapper post-card fusion-grid-column fusion-post-cards-grid-column homophobia-transphobia\" style=\"--awb-padding-top:20px;--awb-padding-right:20px;--awb-padding-bottom:20px;--awb-padding-left:20px;--awb-inner-bg-color:#f7f3ef;--awb-inner-bg-color-hover:#f7f3ef;--awb-inner-bg-blend:overlay;--awb-inner-bg-size:cover;--awb-border-color:#00b9a4;--awb-border-left:5px;--awb-border-style:solid;--awb-flex-grow:0;--awb-flex-shrink:0;--awb-flex-grow-medium:0;--awb-flex-shrink-medium:0;--awb-flex-grow-small:0;--awb-flex-shrink-small:0;\" data-scroll-devices=\"small-visibility,medium-visibility,large-visibility\"><span class=\"fusion-column-inner-bg hover-type-none\"><a class=\"fusion-column-anchor\" href=\"https:\/\/issuu.com\/philippeperreault9\/docs\/8927_sondage-lgbt-rapport-groupes-e\" rel=\"noopener noreferrer\" target=\"_blank\"><span class=\"fusion-column-inner-bg-image\"><\/span><\/a><\/span><div class=\"fusion-column-wrapper fusion-column-has-shadow fusion-flex-justify-content-flex-start fusion-content-layout-row fusion-flex-align-items-stretch\"><div class=\"fusion-text fusion-text-105 tag-doc-cat tag-documents\"><p><a href=\"https:\/\/interligne.co\/en\/categorie-de-document\/homophobia-transphobia\/\" title=\"Homophobia and Transphobia\">Homophobia and Transphobia<\/a><\/p>\n<\/div><div class=\"fusion-title title fusion-title-53 fusion-sep-none fusion-title-text fusion-title-size-four\" style=\"--awb-margin-top-small:10px;--awb-margin-right-small:0px;--awb-margin-bottom-small:10px;--awb-margin-left-small:0px;\"><h4 class=\"fusion-title-heading title-heading-left\" style=\"margin:0;\"><a href=\"https:\/\/issuu.com\/philippeperreault9\/docs\/8927_sondage-lgbt-rapport-groupes-e\" class=\"awb-custom-text-color awb-custom-text-hover-color\" target=\"_self\">Regard sur les particularit\u00e9s des groupes LGBT ethnoculturels au Canada en 2017<\/a><\/h4><\/div><div class=\"fusion-text fusion-text-106\"><p>Fondation Jasmin Roy, (2017) In french only<\/p>\n<\/div><\/div><\/li>\n<li class=\"fusion-layout-column fusion_builder_column fusion-builder-column-54 fusion-flex-column fusion-column-inner-bg-wrapper post-card fusion-grid-column fusion-post-cards-grid-column homophobia-transphobia\" style=\"--awb-padding-top:20px;--awb-padding-right:20px;--awb-padding-bottom:20px;--awb-padding-left:20px;--awb-inner-bg-color:#f7f3ef;--awb-inner-bg-color-hover:#f7f3ef;--awb-inner-bg-blend:overlay;--awb-inner-bg-size:cover;--awb-border-color:#00b9a4;--awb-border-left:5px;--awb-border-style:solid;--awb-flex-grow:0;--awb-flex-shrink:0;--awb-flex-grow-medium:0;--awb-flex-shrink-medium:0;--awb-flex-grow-small:0;--awb-flex-shrink-small:0;\" data-scroll-devices=\"small-visibility,medium-visibility,large-visibility\"><span class=\"fusion-column-inner-bg hover-type-none\"><a class=\"fusion-column-anchor\" href=\"https:\/\/www.justice.gouv.qc.ca\/en\/dossiers\/la-lutte-contre-lhomophobie-et-la-transphobie\" rel=\"noopener noreferrer\" target=\"_blank\"><span class=\"fusion-column-inner-bg-image\"><\/span><\/a><\/span><div class=\"fusion-column-wrapper fusion-column-has-shadow fusion-flex-justify-content-flex-start fusion-content-layout-row fusion-flex-align-items-stretch\"><div class=\"fusion-text fusion-text-107 tag-doc-cat tag-documents\"><p><a href=\"https:\/\/interligne.co\/en\/categorie-de-document\/homophobia-transphobia\/\" title=\"Homophobia and Transphobia\">Homophobia and Transphobia<\/a><\/p>\n<\/div><div class=\"fusion-title title fusion-title-54 fusion-sep-none fusion-title-text fusion-title-size-four\" style=\"--awb-margin-top-small:10px;--awb-margin-right-small:0px;--awb-margin-bottom-small:10px;--awb-margin-left-small:0px;\"><h4 class=\"fusion-title-heading title-heading-left\" style=\"margin:0;\"><a href=\"https:\/\/www.justice.gouv.qc.ca\/en\/dossiers\/la-lutte-contre-lhomophobie-et-la-transphobie\" class=\"awb-custom-text-color awb-custom-text-hover-color\" target=\"_self\">La lutte contre l&#8217;homophobie et la transphobie<\/a><\/h4><\/div><div class=\"fusion-text fusion-text-108\"><p>Minist\u00e8re de la Justice, In french only<\/p>\n<\/div><\/div><\/li>\n<li class=\"fusion-layout-column fusion_builder_column fusion-builder-column-55 fusion-flex-column fusion-column-inner-bg-wrapper post-card fusion-grid-column fusion-post-cards-grid-column parenthood\" style=\"--awb-padding-top:20px;--awb-padding-right:20px;--awb-padding-bottom:20px;--awb-padding-left:20px;--awb-inner-bg-color:#f7f3ef;--awb-inner-bg-color-hover:#f7f3ef;--awb-inner-bg-blend:overlay;--awb-inner-bg-size:cover;--awb-border-color:#00b9a4;--awb-border-left:5px;--awb-border-style:solid;--awb-flex-grow:0;--awb-flex-shrink:0;--awb-flex-grow-medium:0;--awb-flex-shrink-medium:0;--awb-flex-grow-small:0;--awb-flex-shrink-small:0;\" data-scroll-devices=\"small-visibility,medium-visibility,large-visibility\"><span class=\"fusion-column-inner-bg hover-type-none\"><a class=\"fusion-column-anchor\" href=\"https:\/\/www.algi.qc.ca\/forum\/quotidien\/messages\/9716.html\" rel=\"noopener noreferrer\" target=\"_blank\"><span class=\"fusion-column-inner-bg-image\"><\/span><\/a><\/span><div class=\"fusion-column-wrapper fusion-column-has-shadow fusion-flex-justify-content-flex-start fusion-content-layout-row fusion-flex-align-items-stretch\"><div class=\"fusion-text fusion-text-109 tag-doc-cat tag-documents\"><p><a href=\"https:\/\/interligne.co\/en\/categorie-de-document\/parenthood\/\" title=\"Parenthood\">Parenthood<\/a><\/p>\n<\/div><div class=\"fusion-title title fusion-title-55 fusion-sep-none fusion-title-text fusion-title-size-four\" style=\"--awb-margin-top-small:10px;--awb-margin-right-small:0px;--awb-margin-bottom-small:10px;--awb-margin-left-small:0px;\"><h4 class=\"fusion-title-heading title-heading-left\" style=\"margin:0;\"><a href=\"https:\/\/www.algi.qc.ca\/forum\/quotidien\/messages\/9716.html\" class=\"awb-custom-text-color awb-custom-text-hover-color\" target=\"_self\">Perception des Canadiens \u00e0 l\u2019\u00e9gard de l\u2019homoparentalit\u00e9<\/a><\/h4><\/div><div class=\"fusion-text fusion-text-110\"><p>Sondage L\u00e9ger Marketing (2014) In french only<\/p>\n<\/div><\/div><\/li>\n<li class=\"fusion-layout-column fusion_builder_column fusion-builder-column-56 fusion-flex-column fusion-column-inner-bg-wrapper post-card fusion-grid-column fusion-post-cards-grid-column parenthood\" style=\"--awb-padding-top:20px;--awb-padding-right:20px;--awb-padding-bottom:20px;--awb-padding-left:20px;--awb-inner-bg-color:#f7f3ef;--awb-inner-bg-color-hover:#f7f3ef;--awb-inner-bg-blend:overlay;--awb-inner-bg-size:cover;--awb-border-color:#00b9a4;--awb-border-left:5px;--awb-border-style:solid;--awb-flex-grow:0;--awb-flex-shrink:0;--awb-flex-grow-medium:0;--awb-flex-shrink-medium:0;--awb-flex-grow-small:0;--awb-flex-shrink-small:0;\" data-scroll-devices=\"small-visibility,medium-visibility,large-visibility\"><span class=\"fusion-column-inner-bg hover-type-none\"><a class=\"fusion-column-anchor\" href=\"https:\/\/www.algi.qc.ca\/forum\/quotidien\/messages\/9716.html\" rel=\"noopener noreferrer\" target=\"_blank\"><span class=\"fusion-column-inner-bg-image\"><\/span><\/a><\/span><div class=\"fusion-column-wrapper fusion-column-has-shadow fusion-flex-justify-content-flex-start fusion-content-layout-row fusion-flex-align-items-stretch\"><div class=\"fusion-text fusion-text-111 tag-doc-cat tag-documents\"><p><a href=\"https:\/\/interligne.co\/en\/categorie-de-document\/parenthood\/\" title=\"Parenthood\">Parenthood<\/a><\/p>\n<\/div><div class=\"fusion-title title fusion-title-56 fusion-sep-none fusion-title-text fusion-title-size-four\" style=\"--awb-margin-top-small:10px;--awb-margin-right-small:0px;--awb-margin-bottom-small:10px;--awb-margin-left-small:0px;\"><h4 class=\"fusion-title-heading title-heading-left\" style=\"margin:0;\"><a href=\"https:\/\/www.algi.qc.ca\/forum\/quotidien\/messages\/9716.html\" class=\"awb-custom-text-color awb-custom-text-hover-color\" target=\"_self\">L\u2019homoparentalit\u00e9<\/a><\/h4><\/div><div class=\"fusion-text fusion-text-112\"><p>Sondage L\u00e9ger Marketing, (2014) In french only<\/p>\n<\/div><\/div><\/li>\n<li class=\"fusion-layout-column fusion_builder_column fusion-builder-column-57 fusion-flex-column fusion-column-inner-bg-wrapper post-card fusion-grid-column fusion-post-cards-grid-column workplace\" style=\"--awb-padding-top:20px;--awb-padding-right:20px;--awb-padding-bottom:20px;--awb-padding-left:20px;--awb-inner-bg-color:#f7f3ef;--awb-inner-bg-color-hover:#f7f3ef;--awb-inner-bg-blend:overlay;--awb-inner-bg-size:cover;--awb-border-color:#00b9a4;--awb-border-left:5px;--awb-border-style:solid;--awb-flex-grow:0;--awb-flex-shrink:0;--awb-flex-grow-medium:0;--awb-flex-shrink-medium:0;--awb-flex-grow-small:0;--awb-flex-shrink-small:0;\" data-scroll-devices=\"small-visibility,medium-visibility,large-visibility\"><span class=\"fusion-column-inner-bg hover-type-none\"><a class=\"fusion-column-anchor\" href=\"https:\/\/docplayer.fr\/43663-Homosexualite-et-milieu-de-travail.html\" rel=\"noopener noreferrer\" target=\"_blank\"><span class=\"fusion-column-inner-bg-image\"><\/span><\/a><\/span><div class=\"fusion-column-wrapper fusion-column-has-shadow fusion-flex-justify-content-flex-start fusion-content-layout-row fusion-flex-align-items-stretch\"><div class=\"fusion-text fusion-text-113 tag-doc-cat tag-documents\"><p><a href=\"https:\/\/interligne.co\/en\/categorie-de-document\/workplace\/\" title=\"Workplace\">Workplace<\/a><\/p>\n<\/div><div class=\"fusion-title title fusion-title-57 fusion-sep-none fusion-title-text fusion-title-size-four\" style=\"--awb-margin-top-small:10px;--awb-margin-right-small:0px;--awb-margin-bottom-small:10px;--awb-margin-left-small:0px;\"><h4 class=\"fusion-title-heading title-heading-left\" style=\"margin:0;\"><a href=\"https:\/\/docplayer.fr\/43663-Homosexualite-et-milieu-de-travail.html\" class=\"awb-custom-text-color awb-custom-text-hover-color\" target=\"_self\">Homosexualit\u00e9 et milieu de travail<\/a><\/h4><\/div><div class=\"fusion-text fusion-text-114\"><p>Sondage L\u00e9ger Marketing, (2006) In french only<\/p>\n<\/div><\/div><\/li>\n<li class=\"fusion-layout-column fusion_builder_column fusion-builder-column-58 fusion-flex-column fusion-column-inner-bg-wrapper post-card fusion-grid-column fusion-post-cards-grid-column homophobia-transphobia\" style=\"--awb-padding-top:20px;--awb-padding-right:20px;--awb-padding-bottom:20px;--awb-padding-left:20px;--awb-inner-bg-color:#f7f3ef;--awb-inner-bg-color-hover:#f7f3ef;--awb-inner-bg-blend:overlay;--awb-inner-bg-size:cover;--awb-border-color:#00b9a4;--awb-border-left:5px;--awb-border-style:solid;--awb-flex-grow:0;--awb-flex-shrink:0;--awb-flex-grow-medium:0;--awb-flex-shrink-medium:0;--awb-flex-grow-small:0;--awb-flex-shrink-small:0;\" data-scroll-devices=\"small-visibility,medium-visibility,large-visibility\"><span class=\"fusion-column-inner-bg hover-type-none\"><a class=\"fusion-column-anchor\" href=\"https:\/\/docplayer.fr\/1191493-Sondage-d-opinion-aupres-des-canadiens-perception-a-l-egard-des-couples-de-meme-sexe-projet-12717-014.html\" rel=\"noopener noreferrer\" target=\"_blank\"><span class=\"fusion-column-inner-bg-image\"><\/span><\/a><\/span><div class=\"fusion-column-wrapper fusion-column-has-shadow fusion-flex-justify-content-flex-start fusion-content-layout-row fusion-flex-align-items-stretch\"><div class=\"fusion-text fusion-text-115 tag-doc-cat tag-documents\"><p><a href=\"https:\/\/interligne.co\/en\/categorie-de-document\/homophobia-transphobia\/\" title=\"Homophobia and Transphobia\">Homophobia and Transphobia<\/a><\/p>\n<\/div><div class=\"fusion-title title fusion-title-58 fusion-sep-none fusion-title-text fusion-title-size-four\" style=\"--awb-margin-top-small:10px;--awb-margin-right-small:0px;--awb-margin-bottom-small:10px;--awb-margin-left-small:0px;\"><h4 class=\"fusion-title-heading title-heading-left\" style=\"margin:0;\"><a href=\"https:\/\/docplayer.fr\/1191493-Sondage-d-opinion-aupres-des-canadiens-perception-a-l-egard-des-couples-de-meme-sexe-projet-12717-014.html\" class=\"awb-custom-text-color awb-custom-text-hover-color\" target=\"_self\">Les couples de m\u00eame sexe<\/a><\/h4><\/div><div class=\"fusion-text fusion-text-116\"><p>Sondage L\u00e9ger Marketing, (2011), Only in french<\/p>\n<\/div><\/div><\/li>\n<li class=\"fusion-layout-column fusion_builder_column fusion-builder-column-59 fusion-flex-column fusion-column-inner-bg-wrapper post-card fusion-grid-column fusion-post-cards-grid-column parenthood\" style=\"--awb-padding-top:20px;--awb-padding-right:20px;--awb-padding-bottom:20px;--awb-padding-left:20px;--awb-inner-bg-color:#f7f3ef;--awb-inner-bg-color-hover:#f7f3ef;--awb-inner-bg-blend:overlay;--awb-inner-bg-size:cover;--awb-border-color:#00b9a4;--awb-border-left:5px;--awb-border-style:solid;--awb-flex-grow:0;--awb-flex-shrink:0;--awb-flex-grow-medium:0;--awb-flex-shrink-medium:0;--awb-flex-grow-small:0;--awb-flex-shrink-small:0;\" data-scroll-devices=\"small-visibility,medium-visibility,large-visibility\"><span class=\"fusion-column-inner-bg hover-type-none\"><a class=\"fusion-column-anchor\" href=\"https:\/\/papyrus.bib.umontreal.ca\/xmlui\/handle\/1866\/22261\" rel=\"noopener noreferrer\" target=\"_blank\"><span class=\"fusion-column-inner-bg-image\"><\/span><\/a><\/span><div class=\"fusion-column-wrapper fusion-column-has-shadow fusion-flex-justify-content-flex-start fusion-content-layout-row fusion-flex-align-items-stretch\"><div class=\"fusion-text fusion-text-117 tag-doc-cat tag-documents\"><p><a href=\"https:\/\/interligne.co\/en\/categorie-de-document\/parenthood\/\" title=\"Parenthood\">Parenthood<\/a><\/p>\n<\/div><div class=\"fusion-title title fusion-title-59 fusion-sep-none fusion-title-text fusion-title-size-four\" style=\"--awb-margin-top-small:10px;--awb-margin-right-small:0px;--awb-margin-bottom-small:10px;--awb-margin-left-small:0px;\"><h4 class=\"fusion-title-heading title-heading-left\" style=\"margin:0;\"><a href=\"https:\/\/papyrus.bib.umontreal.ca\/xmlui\/handle\/1866\/22261\" class=\"awb-custom-text-color awb-custom-text-hover-color\" target=\"_self\">L\u2019homoparentalit\u00e9 au masculin : entre diff\u00e9rence et distinction<\/a><\/h4><\/div><div class=\"fusion-text fusion-text-118\"><p>Karolanne O\u2019Keefe, Montreal University, (2018) In french only<\/p>\n<\/div><\/div><\/li>\n<li class=\"fusion-layout-column fusion_builder_column fusion-builder-column-60 fusion-flex-column fusion-column-inner-bg-wrapper post-card fusion-grid-column fusion-post-cards-grid-column parenthood\" style=\"--awb-padding-top:20px;--awb-padding-right:20px;--awb-padding-bottom:20px;--awb-padding-left:20px;--awb-inner-bg-color:#f7f3ef;--awb-inner-bg-color-hover:#f7f3ef;--awb-inner-bg-blend:overlay;--awb-inner-bg-size:cover;--awb-border-color:#00b9a4;--awb-border-left:5px;--awb-border-style:solid;--awb-flex-grow:0;--awb-flex-shrink:0;--awb-flex-grow-medium:0;--awb-flex-shrink-medium:0;--awb-flex-grow-small:0;--awb-flex-shrink-small:0;\" data-scroll-devices=\"small-visibility,medium-visibility,large-visibility\"><span class=\"fusion-column-inner-bg hover-type-none\"><a class=\"fusion-column-anchor\" href=\"https:\/\/www.mfa.gouv.qc.ca\/fr\/publication\/Documents\/depliant-LGBT.pdf\" rel=\"noopener noreferrer\" target=\"_blank\"><span class=\"fusion-column-inner-bg-image\"><\/span><\/a><\/span><div class=\"fusion-column-wrapper fusion-column-has-shadow fusion-flex-justify-content-flex-start fusion-content-layout-row fusion-flex-align-items-stretch\"><div class=\"fusion-text fusion-text-119 tag-doc-cat tag-documents\"><p><a href=\"https:\/\/interligne.co\/en\/categorie-de-document\/parenthood\/\" title=\"Parenthood\">Parenthood<\/a><\/p>\n<\/div><div class=\"fusion-title title fusion-title-60 fusion-sep-none fusion-title-text fusion-title-size-four\" style=\"--awb-margin-top-small:10px;--awb-margin-right-small:0px;--awb-margin-bottom-small:10px;--awb-margin-left-small:0px;\"><h4 class=\"fusion-title-heading title-heading-left\" style=\"margin:0;\"><a href=\"https:\/\/www.mfa.gouv.qc.ca\/fr\/publication\/Documents\/depliant-LGBT.pdf\" class=\"awb-custom-text-color awb-custom-text-hover-color\" target=\"_self\">La diversit\u00e9 familiale: Pour en savoir plus sur les familles LGBT<\/a><\/h4><\/div><div class=\"fusion-text fusion-text-120\"><p>Famille Qu\u00e9bec, In french only<\/p>\n<\/div><\/div><\/li>\n<li class=\"fusion-layout-column fusion_builder_column fusion-builder-column-61 fusion-flex-column fusion-column-inner-bg-wrapper post-card fusion-grid-column fusion-post-cards-grid-column seniors\" style=\"--awb-padding-top:20px;--awb-padding-right:20px;--awb-padding-bottom:20px;--awb-padding-left:20px;--awb-inner-bg-color:#f7f3ef;--awb-inner-bg-color-hover:#f7f3ef;--awb-inner-bg-blend:overlay;--awb-inner-bg-size:cover;--awb-border-color:#00b9a4;--awb-border-left:5px;--awb-border-style:solid;--awb-flex-grow:0;--awb-flex-shrink:0;--awb-flex-grow-medium:0;--awb-flex-shrink-medium:0;--awb-flex-grow-small:0;--awb-flex-shrink-small:0;\" data-scroll-devices=\"small-visibility,medium-visibility,large-visibility\"><span class=\"fusion-column-inner-bg hover-type-none\"><a class=\"fusion-column-anchor\" href=\"https:\/\/www.canada.ca\/en\/employment-social-development\/corporate\/seniors\/forum\/social-isolation-lgbtq.html\" rel=\"noopener noreferrer\" target=\"_blank\"><span class=\"fusion-column-inner-bg-image\"><\/span><\/a><\/span><div class=\"fusion-column-wrapper fusion-column-has-shadow fusion-flex-justify-content-flex-start fusion-content-layout-row fusion-flex-align-items-stretch\"><div class=\"fusion-text fusion-text-121 tag-doc-cat tag-documents\"><p><a href=\"https:\/\/interligne.co\/en\/categorie-de-document\/seniors\/\" title=\"Seniors\">Seniors<\/a><\/p>\n<\/div><div class=\"fusion-title title fusion-title-61 fusion-sep-none fusion-title-text fusion-title-size-four\" style=\"--awb-margin-top-small:10px;--awb-margin-right-small:0px;--awb-margin-bottom-small:10px;--awb-margin-left-small:0px;\"><h4 class=\"fusion-title-heading title-heading-left\" style=\"margin:0;\"><a href=\"https:\/\/www.canada.ca\/en\/employment-social-development\/corporate\/seniors\/forum\/social-isolation-lgbtq.html\" class=\"awb-custom-text-color awb-custom-text-hover-color\" target=\"_self\">Social isolation of seniors: A focus on LGBTQ seniors in Canada<\/a><\/h4><\/div><div class=\"fusion-text fusion-text-122\"><p>Employment and Social Development Canada (2018)<\/p>\n<\/div><\/div><\/li>\n<li class=\"fusion-layout-column fusion_builder_column fusion-builder-column-62 fusion-flex-column fusion-column-inner-bg-wrapper post-card fusion-grid-column fusion-post-cards-grid-column parenthood\" style=\"--awb-padding-top:20px;--awb-padding-right:20px;--awb-padding-bottom:20px;--awb-padding-left:20px;--awb-inner-bg-color:#f7f3ef;--awb-inner-bg-color-hover:#f7f3ef;--awb-inner-bg-blend:overlay;--awb-inner-bg-size:cover;--awb-border-color:#00b9a4;--awb-border-left:5px;--awb-border-style:solid;--awb-flex-grow:0;--awb-flex-shrink:0;--awb-flex-grow-medium:0;--awb-flex-shrink-medium:0;--awb-flex-grow-small:0;--awb-flex-shrink-small:0;\" data-scroll-devices=\"small-visibility,medium-visibility,large-visibility\"><span class=\"fusion-column-inner-bg hover-type-none\"><a class=\"fusion-column-anchor\" href=\"https:\/\/www.familleslgbt.org\/publications.php?lang=en\" rel=\"noopener noreferrer\" target=\"_blank\"><span class=\"fusion-column-inner-bg-image\"><\/span><\/a><\/span><div class=\"fusion-column-wrapper fusion-column-has-shadow fusion-flex-justify-content-flex-start fusion-content-layout-row fusion-flex-align-items-stretch\"><div class=\"fusion-text fusion-text-123 tag-doc-cat tag-documents\"><p><a href=\"https:\/\/interligne.co\/en\/categorie-de-document\/parenthood\/\" title=\"Parenthood\">Parenthood<\/a><\/p>\n<\/div><div class=\"fusion-title title fusion-title-62 fusion-sep-none fusion-title-text fusion-title-size-four\" style=\"--awb-margin-top-small:10px;--awb-margin-right-small:0px;--awb-margin-bottom-small:10px;--awb-margin-left-small:0px;\"><h4 class=\"fusion-title-heading title-heading-left\" style=\"margin:0;\"><a href=\"https:\/\/www.familleslgbt.org\/publications.php?lang=en\" class=\"awb-custom-text-color awb-custom-text-hover-color\" target=\"_self\">Guides for LGBT+ parents and future parents<\/a><\/h4><\/div><div class=\"fusion-text fusion-text-124\"><p>LGBT+ Family Coalition<\/p>\n<\/div><\/div><\/li>\n<li class=\"fusion-layout-column fusion_builder_column fusion-builder-column-63 fusion-flex-column fusion-column-inner-bg-wrapper post-card fusion-grid-column fusion-post-cards-grid-column workplace\" style=\"--awb-padding-top:20px;--awb-padding-right:20px;--awb-padding-bottom:20px;--awb-padding-left:20px;--awb-inner-bg-color:#f7f3ef;--awb-inner-bg-color-hover:#f7f3ef;--awb-inner-bg-blend:overlay;--awb-inner-bg-size:cover;--awb-border-color:#00b9a4;--awb-border-left:5px;--awb-border-style:solid;--awb-flex-grow:0;--awb-flex-shrink:0;--awb-flex-grow-medium:0;--awb-flex-shrink-medium:0;--awb-flex-grow-small:0;--awb-flex-shrink-small:0;\" data-scroll-devices=\"small-visibility,medium-visibility,large-visibility\"><span class=\"fusion-column-inner-bg hover-type-none\"><a class=\"fusion-column-anchor\" href=\"https:\/\/www.cnesst.gouv.qc.ca\/sites\/default\/files\/publications\/guide-droits-personnes-face-a-homophobie-en-milieu-de-travail.pdf\" rel=\"noopener noreferrer\" target=\"_blank\"><span class=\"fusion-column-inner-bg-image\"><\/span><\/a><\/span><div class=\"fusion-column-wrapper fusion-column-has-shadow fusion-flex-justify-content-flex-start fusion-content-layout-row fusion-flex-align-items-stretch\"><div class=\"fusion-text fusion-text-125 tag-doc-cat tag-documents\"><p><a href=\"https:\/\/interligne.co\/en\/categorie-de-document\/workplace\/\" title=\"Workplace\">Workplace<\/a><\/p>\n<\/div><div class=\"fusion-title title fusion-title-63 fusion-sep-none fusion-title-text fusion-title-size-four\" style=\"--awb-margin-top-small:10px;--awb-margin-right-small:0px;--awb-margin-bottom-small:10px;--awb-margin-left-small:0px;\"><h4 class=\"fusion-title-heading title-heading-left\" style=\"margin:0;\"><a href=\"https:\/\/www.cnesst.gouv.qc.ca\/sites\/default\/files\/publications\/guide-droits-personnes-face-a-homophobie-en-milieu-de-travail.pdf\" class=\"awb-custom-text-color awb-custom-text-hover-color\" target=\"_self\">Guide sur les droits des personnes face \u00e0 l\u2019homophobie en milieu de travail<\/a><\/h4><\/div><div class=\"fusion-text fusion-text-126\"><p>CNESST. (2016) In french only<\/p>\n<\/div><\/div><\/li>\n<li class=\"fusion-layout-column fusion_builder_column fusion-builder-column-64 fusion-flex-column fusion-column-inner-bg-wrapper post-card fusion-grid-column fusion-post-cards-grid-column culture-en\" style=\"--awb-padding-top:20px;--awb-padding-right:20px;--awb-padding-bottom:20px;--awb-padding-left:20px;--awb-inner-bg-color:#f7f3ef;--awb-inner-bg-color-hover:#f7f3ef;--awb-inner-bg-blend:overlay;--awb-inner-bg-size:cover;--awb-border-color:#00b9a4;--awb-border-left:5px;--awb-border-style:solid;--awb-flex-grow:0;--awb-flex-shrink:0;--awb-flex-grow-medium:0;--awb-flex-shrink-medium:0;--awb-flex-grow-small:0;--awb-flex-shrink-small:0;\" data-scroll-devices=\"small-visibility,medium-visibility,large-visibility\"><span class=\"fusion-column-inner-bg hover-type-none\"><a class=\"fusion-column-anchor\" href=\"http:\/\/agq.qc.ca\/en\/home\/\" rel=\"noopener noreferrer\" target=\"_blank\"><span class=\"fusion-column-inner-bg-image\"><\/span><\/a><\/span><div class=\"fusion-column-wrapper fusion-column-has-shadow fusion-flex-justify-content-flex-start fusion-content-layout-row fusion-flex-align-items-stretch\"><div class=\"fusion-text fusion-text-127 tag-doc-cat tag-documents\"><p><a href=\"https:\/\/interligne.co\/en\/categorie-de-document\/culture-en\/\" title=\"Culture\">Culture<\/a><\/p>\n<\/div><div class=\"fusion-title title fusion-title-64 fusion-sep-none fusion-title-text fusion-title-size-four\" style=\"--awb-margin-top-small:10px;--awb-margin-right-small:0px;--awb-margin-bottom-small:10px;--awb-margin-left-small:0px;\"><h4 class=\"fusion-title-heading title-heading-left\" style=\"margin:0;\"><a href=\"http:\/\/agq.qc.ca\/en\/home\/\" class=\"awb-custom-text-color awb-custom-text-hover-color\" target=\"_self\">Quebec Gay Archives<\/a><\/h4><\/div><div class=\"fusion-text fusion-text-128\"><\/div><\/div><\/li>\n<li class=\"fusion-layout-column fusion_builder_column fusion-builder-column-65 fusion-flex-column fusion-column-inner-bg-wrapper post-card fusion-grid-column fusion-post-cards-grid-column workplace\" style=\"--awb-padding-top:20px;--awb-padding-right:20px;--awb-padding-bottom:20px;--awb-padding-left:20px;--awb-inner-bg-color:#f7f3ef;--awb-inner-bg-color-hover:#f7f3ef;--awb-inner-bg-blend:overlay;--awb-inner-bg-size:cover;--awb-border-color:#00b9a4;--awb-border-left:5px;--awb-border-style:solid;--awb-flex-grow:0;--awb-flex-shrink:0;--awb-flex-grow-medium:0;--awb-flex-shrink-medium:0;--awb-flex-grow-small:0;--awb-flex-shrink-small:0;\" data-scroll-devices=\"small-visibility,medium-visibility,large-visibility\"><span class=\"fusion-column-inner-bg hover-type-none\"><a class=\"fusion-column-anchor\" href=\"http:\/\/homophobie.ccdmd.qc.ca\/medias\/pdfs\/homophobie_integral.pdf\" rel=\"noopener noreferrer\" target=\"_blank\"><span class=\"fusion-column-inner-bg-image\"><\/span><\/a><\/span><div class=\"fusion-column-wrapper fusion-column-has-shadow fusion-flex-justify-content-flex-start fusion-content-layout-row fusion-flex-align-items-stretch\"><div class=\"fusion-text fusion-text-129 tag-doc-cat tag-documents\"><p><a href=\"https:\/\/interligne.co\/en\/categorie-de-document\/workplace\/\" title=\"Workplace\">Workplace<\/a><\/p>\n<\/div><div class=\"fusion-title title fusion-title-65 fusion-sep-none fusion-title-text fusion-title-size-four\" style=\"--awb-margin-top-small:10px;--awb-margin-right-small:0px;--awb-margin-bottom-small:10px;--awb-margin-left-small:0px;\"><h4 class=\"fusion-title-heading title-heading-left\" style=\"margin:0;\"><a href=\"http:\/\/homophobie.ccdmd.qc.ca\/medias\/pdfs\/homophobie_integral.pdf\" class=\"awb-custom-text-color awb-custom-text-hover-color\" target=\"_self\">Gais et lesbiennes en milieu de travail<\/a><\/h4><\/div><div class=\"fusion-text fusion-text-130\"><p>Chamberland, L. (2007) In french only<\/p>\n<\/div><\/div><\/li>\n<li class=\"fusion-layout-column fusion_builder_column fusion-builder-column-66 fusion-flex-column fusion-column-inner-bg-wrapper post-card fusion-grid-column fusion-post-cards-grid-column health\" style=\"--awb-padding-top:20px;--awb-padding-right:20px;--awb-padding-bottom:20px;--awb-padding-left:20px;--awb-inner-bg-color:#f7f3ef;--awb-inner-bg-color-hover:#f7f3ef;--awb-inner-bg-blend:overlay;--awb-inner-bg-size:cover;--awb-border-color:#00b9a4;--awb-border-left:5px;--awb-border-style:solid;--awb-flex-grow:0;--awb-flex-shrink:0;--awb-flex-grow-medium:0;--awb-flex-shrink-medium:0;--awb-flex-grow-small:0;--awb-flex-shrink-small:0;\" data-scroll-devices=\"small-visibility,medium-visibility,large-visibility\"><span class=\"fusion-column-inner-bg hover-type-none\"><a class=\"fusion-column-anchor\" href=\"https:\/\/www.canada.ca\/en\/health-canada\/services\/health-care-system\/reports-publications\/health-care-accessibility\/certain-circumstances-issues-equity-responsiveness.html\" rel=\"noopener noreferrer\" target=\"_blank\"><span class=\"fusion-column-inner-bg-image\"><\/span><\/a><\/span><div class=\"fusion-column-wrapper fusion-column-has-shadow fusion-flex-justify-content-flex-start fusion-content-layout-row fusion-flex-align-items-stretch\"><div class=\"fusion-text fusion-text-131 tag-doc-cat tag-documents\"><p><a href=\"https:\/\/interligne.co\/en\/categorie-de-document\/health\/\" title=\"Health and Sexuality\">Health and Sexuality<\/a><\/p>\n<\/div><div class=\"fusion-title title fusion-title-66 fusion-sep-none fusion-title-text fusion-title-size-four\" style=\"--awb-margin-top-small:10px;--awb-margin-right-small:0px;--awb-margin-bottom-small:10px;--awb-margin-left-small:0px;\"><h4 class=\"fusion-title-heading title-heading-left\" style=\"margin:0;\"><a href=\"https:\/\/www.canada.ca\/en\/health-canada\/services\/health-care-system\/reports-publications\/health-care-accessibility\/certain-circumstances-issues-equity-responsiveness.html\" class=\"awb-custom-text-color awb-custom-text-hover-color\" target=\"_self\">Certain Circumstances Issues in Equity and Responsiveness in Access to Health Care in Canada<\/a><\/h4><\/div><div class=\"fusion-text fusion-text-132\"><p>Health Canada (2001)<\/p>\n<\/div><\/div><\/li>\n<li class=\"fusion-layout-column fusion_builder_column fusion-builder-column-67 fusion-flex-column fusion-column-inner-bg-wrapper post-card fusion-grid-column fusion-post-cards-grid-column parenthood\" style=\"--awb-padding-top:20px;--awb-padding-right:20px;--awb-padding-bottom:20px;--awb-padding-left:20px;--awb-inner-bg-color:#f7f3ef;--awb-inner-bg-color-hover:#f7f3ef;--awb-inner-bg-blend:overlay;--awb-inner-bg-size:cover;--awb-border-color:#00b9a4;--awb-border-left:5px;--awb-border-style:solid;--awb-flex-grow:0;--awb-flex-shrink:0;--awb-flex-grow-medium:0;--awb-flex-shrink-medium:0;--awb-flex-grow-small:0;--awb-flex-shrink-small:0;\" data-scroll-devices=\"small-visibility,medium-visibility,large-visibility\"><span class=\"fusion-column-inner-bg hover-type-none\"><a class=\"fusion-column-anchor\" href=\"https:\/\/www.apa.org\/pi\/lgbt\/resources\/parenting\" rel=\"noopener noreferrer\" target=\"_blank\"><span class=\"fusion-column-inner-bg-image\"><\/span><\/a><\/span><div class=\"fusion-column-wrapper fusion-column-has-shadow fusion-flex-justify-content-flex-start fusion-content-layout-row fusion-flex-align-items-stretch\"><div class=\"fusion-text fusion-text-133 tag-doc-cat tag-documents\"><p><a href=\"https:\/\/interligne.co\/en\/categorie-de-document\/parenthood\/\" title=\"Parenthood\">Parenthood<\/a><\/p>\n<\/div><div class=\"fusion-title title fusion-title-67 fusion-sep-none fusion-title-text fusion-title-size-four\" style=\"--awb-margin-top-small:10px;--awb-margin-right-small:0px;--awb-margin-bottom-small:10px;--awb-margin-left-small:0px;\"><h4 class=\"fusion-title-heading title-heading-left\" style=\"margin:0;\"><a href=\"https:\/\/www.apa.org\/pi\/lgbt\/resources\/parenting\" class=\"awb-custom-text-color awb-custom-text-hover-color\" target=\"_self\">American Psychological Association. Lesbian &#038; Gay Parenting. Washington, DC<\/a><\/h4><\/div><div class=\"fusion-text fusion-text-134\"><p> American Psychological Association, (2005)<\/p>\n<\/div><\/div><\/li>\n<li class=\"fusion-layout-column fusion_builder_column fusion-builder-column-68 fusion-flex-column fusion-column-inner-bg-wrapper post-card fusion-grid-column fusion-post-cards-grid-column workplace\" style=\"--awb-padding-top:20px;--awb-padding-right:20px;--awb-padding-bottom:20px;--awb-padding-left:20px;--awb-inner-bg-color:#f7f3ef;--awb-inner-bg-color-hover:#f7f3ef;--awb-inner-bg-blend:overlay;--awb-inner-bg-size:cover;--awb-border-color:#00b9a4;--awb-border-left:5px;--awb-border-style:solid;--awb-flex-grow:0;--awb-flex-shrink:0;--awb-flex-grow-medium:0;--awb-flex-shrink-medium:0;--awb-flex-grow-small:0;--awb-flex-shrink-small:0;\" data-scroll-devices=\"small-visibility,medium-visibility,large-visibility\"><span class=\"fusion-column-inner-bg hover-type-none\"><a class=\"fusion-column-anchor\" href=\"http:\/\/homophobie.ccdmd.qc.ca\/medias\/pdfs\/homophobie_integral.pdf\" rel=\"noopener noreferrer\" target=\"_blank\"><span class=\"fusion-column-inner-bg-image\"><\/span><\/a><\/span><div class=\"fusion-column-wrapper fusion-column-has-shadow fusion-flex-justify-content-flex-start fusion-content-layout-row fusion-flex-align-items-stretch\"><div class=\"fusion-text fusion-text-135 tag-doc-cat tag-documents\"><p><a href=\"https:\/\/interligne.co\/en\/categorie-de-document\/workplace\/\" title=\"Workplace\">Workplace<\/a><\/p>\n<\/div><div class=\"fusion-title title fusion-title-68 fusion-sep-none fusion-title-text fusion-title-size-four\" style=\"--awb-margin-top-small:10px;--awb-margin-right-small:0px;--awb-margin-bottom-small:10px;--awb-margin-left-small:0px;\"><h4 class=\"fusion-title-heading title-heading-left\" style=\"margin:0;\"><a href=\"http:\/\/homophobie.ccdmd.qc.ca\/medias\/pdfs\/homophobie_integral.pdf\" class=\"awb-custom-text-color awb-custom-text-hover-color\" target=\"_self\">Gais et lesbiennes en milieu de travail<\/a><\/h4><\/div><div class=\"fusion-text fusion-text-136\"><p>Chamberland, L. (2007) In french only<\/p>\n<\/div><\/div><\/li>\n<li class=\"fusion-layout-column fusion_builder_column fusion-builder-column-69 fusion-flex-column fusion-column-inner-bg-wrapper post-card fusion-grid-column fusion-post-cards-grid-column workplace\" style=\"--awb-padding-top:20px;--awb-padding-right:20px;--awb-padding-bottom:20px;--awb-padding-left:20px;--awb-inner-bg-color:#f7f3ef;--awb-inner-bg-color-hover:#f7f3ef;--awb-inner-bg-blend:overlay;--awb-inner-bg-size:cover;--awb-border-color:#00b9a4;--awb-border-left:5px;--awb-border-style:solid;--awb-flex-grow:0;--awb-flex-shrink:0;--awb-flex-grow-medium:0;--awb-flex-shrink-medium:0;--awb-flex-grow-small:0;--awb-flex-shrink-small:0;\" data-scroll-devices=\"small-visibility,medium-visibility,large-visibility\"><span class=\"fusion-column-inner-bg hover-type-none\"><a class=\"fusion-column-anchor\" href=\"https:\/\/chairehomophobie.uqam.ca\/wp-content\/uploads\/2010\/06\/upload_files_RapportFrontChamberland.pdf\" rel=\"noopener noreferrer\" target=\"_blank\"><span class=\"fusion-column-inner-bg-image\"><\/span><\/a><\/span><div class=\"fusion-column-wrapper fusion-column-has-shadow fusion-flex-justify-content-flex-start fusion-content-layout-row fusion-flex-align-items-stretch\"><div class=\"fusion-text fusion-text-137 tag-doc-cat tag-documents\"><p><a href=\"https:\/\/interligne.co\/en\/categorie-de-document\/workplace\/\" title=\"Workplace\">Workplace<\/a><\/p>\n<\/div><div class=\"fusion-title title fusion-title-69 fusion-sep-none fusion-title-text fusion-title-size-four\" style=\"--awb-margin-top-small:10px;--awb-margin-right-small:0px;--awb-margin-bottom-small:10px;--awb-margin-left-small:0px;\"><h4 class=\"fusion-title-heading title-heading-left\" style=\"margin:0;\"><a href=\"https:\/\/chairehomophobie.uqam.ca\/wp-content\/uploads\/2010\/06\/upload_files_RapportFrontChamberland.pdf\" class=\"awb-custom-text-color awb-custom-text-hover-color\" target=\"_self\">Le d\u00e9fi d\u2019occuper un m\u00e9tier traditionnellement masculin : l\u2019exp\u00e9rience des travailleuses lesbiennes<\/a><\/h4><\/div><div class=\"fusion-text fusion-text-138\"><p>Johanne Paquin, Line Chamberland, (2005) In french only<\/p>\n<\/div><\/div><\/li>\n<li class=\"fusion-layout-column fusion_builder_column fusion-builder-column-70 fusion-flex-column fusion-column-inner-bg-wrapper post-card fusion-grid-column fusion-post-cards-grid-column homophobia-transphobia\" style=\"--awb-padding-top:20px;--awb-padding-right:20px;--awb-padding-bottom:20px;--awb-padding-left:20px;--awb-inner-bg-color:#f7f3ef;--awb-inner-bg-color-hover:#f7f3ef;--awb-inner-bg-blend:overlay;--awb-inner-bg-size:cover;--awb-border-color:#00b9a4;--awb-border-left:5px;--awb-border-style:solid;--awb-flex-grow:0;--awb-flex-shrink:0;--awb-flex-grow-medium:0;--awb-flex-shrink-medium:0;--awb-flex-grow-small:0;--awb-flex-shrink-small:0;\" data-scroll-devices=\"small-visibility,medium-visibility,large-visibility\"><span class=\"fusion-column-inner-bg hover-type-none\"><a class=\"fusion-column-anchor\" href=\"http:\/\/www.infokiosques.net\/IMG\/pdf\/gentaz-h_brochure.pdf\" rel=\"noopener noreferrer\" target=\"_blank\"><span class=\"fusion-column-inner-bg-image\"><\/span><\/a><\/span><div class=\"fusion-column-wrapper fusion-column-has-shadow fusion-flex-justify-content-flex-start fusion-content-layout-row fusion-flex-align-items-stretch\"><div class=\"fusion-text fusion-text-139 tag-doc-cat tag-documents\"><p><a href=\"https:\/\/interligne.co\/en\/categorie-de-document\/homophobia-transphobia\/\" title=\"Homophobia and Transphobia\">Homophobia and Transphobia<\/a><\/p>\n<\/div><div class=\"fusion-title title fusion-title-70 fusion-sep-none fusion-title-text fusion-title-size-four\" style=\"--awb-margin-top-small:10px;--awb-margin-right-small:0px;--awb-margin-bottom-small:10px;--awb-margin-left-small:0px;\"><h4 class=\"fusion-title-heading title-heading-left\" style=\"margin:0;\"><a href=\"http:\/\/www.infokiosques.net\/IMG\/pdf\/gentaz-h_brochure.pdf\" class=\"awb-custom-text-color awb-custom-text-hover-color\" target=\"_self\">L\u2019homophobie masculine : pr\u00e9servatif psychique de la virilit\u00e9?<\/a><\/h4><\/div><div class=\"fusion-text fusion-text-140\"><p>Gentaz, C. (1994) In french only<\/p>\n<\/div><\/div><\/li>\n<li class=\"fusion-layout-column fusion_builder_column fusion-builder-column-71 fusion-flex-column fusion-column-inner-bg-wrapper post-card fusion-grid-column fusion-post-cards-grid-column homophobia-transphobia\" style=\"--awb-padding-top:20px;--awb-padding-right:20px;--awb-padding-bottom:20px;--awb-padding-left:20px;--awb-inner-bg-color:#f7f3ef;--awb-inner-bg-color-hover:#f7f3ef;--awb-inner-bg-blend:overlay;--awb-inner-bg-size:cover;--awb-border-color:#00b9a4;--awb-border-left:5px;--awb-border-style:solid;--awb-flex-grow:0;--awb-flex-shrink:0;--awb-flex-grow-medium:0;--awb-flex-shrink-medium:0;--awb-flex-grow-small:0;--awb-flex-shrink-small:0;\" data-scroll-devices=\"small-visibility,medium-visibility,large-visibility\"><span class=\"fusion-column-inner-bg hover-type-none\"><a class=\"fusion-column-anchor\" href=\"https:\/\/www.rainbowhealthontario.ca\/wp-content\/uploads\/2009\/05\/NewLookHomophobia.pdf\" rel=\"noopener noreferrer\" target=\"_blank\"><span class=\"fusion-column-inner-bg-image\"><\/span><\/a><\/span><div class=\"fusion-column-wrapper fusion-column-has-shadow fusion-flex-justify-content-flex-start fusion-content-layout-row fusion-flex-align-items-stretch\"><div class=\"fusion-text fusion-text-141 tag-doc-cat tag-documents\"><p><a href=\"https:\/\/interligne.co\/en\/categorie-de-document\/homophobia-transphobia\/\" title=\"Homophobia and Transphobia\">Homophobia and Transphobia<\/a><\/p>\n<\/div><div class=\"fusion-title title fusion-title-71 fusion-sep-none fusion-title-text fusion-title-size-four\" style=\"--awb-margin-top-small:10px;--awb-margin-right-small:0px;--awb-margin-bottom-small:10px;--awb-margin-left-small:0px;\"><h4 class=\"fusion-title-heading title-heading-left\" style=\"margin:0;\"><a href=\"https:\/\/www.rainbowhealthontario.ca\/wp-content\/uploads\/2009\/05\/NewLookHomophobia.pdf\" class=\"awb-custom-text-color awb-custom-text-hover-color\" target=\"_self\">A New Look at Homophobia and Heterosxism in Canada<\/a><\/h4><\/div><div class=\"fusion-text fusion-text-142\"><p>Bill Ryan, M.Ed., MSW, Canadian AIDS Society (2003).<\/p>\n<\/div><\/div><\/li>\n<li class=\"fusion-layout-column fusion_builder_column fusion-builder-column-72 fusion-flex-column fusion-column-inner-bg-wrapper post-card fusion-grid-column fusion-post-cards-grid-column homophobia-transphobia\" style=\"--awb-padding-top:20px;--awb-padding-right:20px;--awb-padding-bottom:20px;--awb-padding-left:20px;--awb-inner-bg-color:#f7f3ef;--awb-inner-bg-color-hover:#f7f3ef;--awb-inner-bg-blend:overlay;--awb-inner-bg-size:cover;--awb-border-color:#00b9a4;--awb-border-left:5px;--awb-border-style:solid;--awb-flex-grow:0;--awb-flex-shrink:0;--awb-flex-grow-medium:0;--awb-flex-shrink-medium:0;--awb-flex-grow-small:0;--awb-flex-shrink-small:0;\" data-scroll-devices=\"small-visibility,medium-visibility,large-visibility\"><span class=\"fusion-column-inner-bg hover-type-none\"><a class=\"fusion-column-anchor\" href=\"https:\/\/chairehomophobie.uqam.ca\/recherche\/fiches-syntheses-de-memoires-et-theses-relies-a-l-homophobie-au-quebec\/\" rel=\"noopener noreferrer\" target=\"_blank\"><span class=\"fusion-column-inner-bg-image\"><\/span><\/a><\/span><div class=\"fusion-column-wrapper fusion-column-has-shadow fusion-flex-justify-content-flex-start fusion-content-layout-row fusion-flex-align-items-stretch\"><div class=\"fusion-text fusion-text-143 tag-doc-cat tag-documents\"><p><a href=\"https:\/\/interligne.co\/en\/categorie-de-document\/homophobia-transphobia\/\" title=\"Homophobia and Transphobia\">Homophobia and Transphobia<\/a><\/p>\n<\/div><div class=\"fusion-title title fusion-title-72 fusion-sep-none fusion-title-text fusion-title-size-four\" style=\"--awb-margin-top-small:10px;--awb-margin-right-small:0px;--awb-margin-bottom-small:10px;--awb-margin-left-small:0px;\"><h4 class=\"fusion-title-heading title-heading-left\" style=\"margin:0;\"><a href=\"https:\/\/chairehomophobie.uqam.ca\/recherche\/fiches-syntheses-de-memoires-et-theses-relies-a-l-homophobie-au-quebec\/\" class=\"awb-custom-text-color awb-custom-text-hover-color\" target=\"_self\">Recension des th\u00e8ses et m\u00e9moires li\u00e9s \u00e0 l\u2019homophobie publi\u00e9s au Qu\u00e9bec depuis 2000, In french only<\/a><\/h4><\/div><div class=\"fusion-text fusion-text-144\"><\/div><\/div><\/li>\n<li class=\"fusion-layout-column fusion_builder_column fusion-builder-column-73 fusion-flex-column fusion-column-inner-bg-wrapper post-card fusion-grid-column fusion-post-cards-grid-column parenthood\" style=\"--awb-padding-top:20px;--awb-padding-right:20px;--awb-padding-bottom:20px;--awb-padding-left:20px;--awb-inner-bg-color:#f7f3ef;--awb-inner-bg-color-hover:#f7f3ef;--awb-inner-bg-blend:overlay;--awb-inner-bg-size:cover;--awb-border-color:#00b9a4;--awb-border-left:5px;--awb-border-style:solid;--awb-flex-grow:0;--awb-flex-shrink:0;--awb-flex-grow-medium:0;--awb-flex-shrink-medium:0;--awb-flex-grow-small:0;--awb-flex-shrink-small:0;\" data-scroll-devices=\"small-visibility,medium-visibility,large-visibility\"><span class=\"fusion-column-inner-bg hover-type-none\"><a class=\"fusion-column-anchor\" href=\"http:\/\/www.familyequality.org\/\" rel=\"noopener noreferrer\" target=\"_blank\"><span class=\"fusion-column-inner-bg-image\"><\/span><\/a><\/span><div class=\"fusion-column-wrapper fusion-column-has-shadow fusion-flex-justify-content-flex-start fusion-content-layout-row fusion-flex-align-items-stretch\"><div class=\"fusion-text fusion-text-145 tag-doc-cat tag-documents\"><p><a href=\"https:\/\/interligne.co\/en\/categorie-de-document\/parenthood\/\" title=\"Parenthood\">Parenthood<\/a><\/p>\n<\/div><div class=\"fusion-title title fusion-title-73 fusion-sep-none fusion-title-text fusion-title-size-four\" style=\"--awb-margin-top-small:10px;--awb-margin-right-small:0px;--awb-margin-bottom-small:10px;--awb-margin-left-small:0px;\"><h4 class=\"fusion-title-heading title-heading-left\" style=\"margin:0;\"><a href=\"http:\/\/www.familyequality.org\/\" class=\"awb-custom-text-color awb-custom-text-hover-color\" target=\"_self\">Family Equality Council (United-States)<\/a><\/h4><\/div><div class=\"fusion-text fusion-text-146\"><\/div><\/div><\/li>\n<li class=\"fusion-layout-column fusion_builder_column fusion-builder-column-74 fusion-flex-column fusion-column-inner-bg-wrapper post-card fusion-grid-column fusion-post-cards-grid-column parenthood\" style=\"--awb-padding-top:20px;--awb-padding-right:20px;--awb-padding-bottom:20px;--awb-padding-left:20px;--awb-inner-bg-color:#f7f3ef;--awb-inner-bg-color-hover:#f7f3ef;--awb-inner-bg-blend:overlay;--awb-inner-bg-size:cover;--awb-border-color:#00b9a4;--awb-border-left:5px;--awb-border-style:solid;--awb-flex-grow:0;--awb-flex-shrink:0;--awb-flex-grow-medium:0;--awb-flex-shrink-medium:0;--awb-flex-grow-small:0;--awb-flex-shrink-small:0;\" data-scroll-devices=\"small-visibility,medium-visibility,large-visibility\"><span class=\"fusion-column-inner-bg hover-type-none\"><a class=\"fusion-column-anchor\" href=\"http:\/\/www.apgl.fr\/actualite\" rel=\"noopener noreferrer\" target=\"_blank\"><span class=\"fusion-column-inner-bg-image\"><\/span><\/a><\/span><div class=\"fusion-column-wrapper fusion-column-has-shadow fusion-flex-justify-content-flex-start fusion-content-layout-row fusion-flex-align-items-stretch\"><div class=\"fusion-text fusion-text-147 tag-doc-cat tag-documents\"><p><a href=\"https:\/\/interligne.co\/en\/categorie-de-document\/parenthood\/\" title=\"Parenthood\">Parenthood<\/a><\/p>\n<\/div><div class=\"fusion-title title fusion-title-74 fusion-sep-none fusion-title-text fusion-title-size-four\" style=\"--awb-margin-top-small:10px;--awb-margin-right-small:0px;--awb-margin-bottom-small:10px;--awb-margin-left-small:0px;\"><h4 class=\"fusion-title-heading title-heading-left\" style=\"margin:0;\"><a href=\"http:\/\/www.apgl.fr\/actualite\" class=\"awb-custom-text-color awb-custom-text-hover-color\" target=\"_self\">L\u2019Association des Parents et futurs parents Gays et Lesbiens (France) In french only<\/a><\/h4><\/div><div class=\"fusion-text fusion-text-148\"><p>In french only<\/p>\n<\/div><\/div><\/li>\n<li class=\"fusion-layout-column fusion_builder_column fusion-builder-column-75 fusion-flex-column fusion-column-inner-bg-wrapper post-card fusion-grid-column fusion-post-cards-grid-column parenthood\" style=\"--awb-padding-top:20px;--awb-padding-right:20px;--awb-padding-bottom:20px;--awb-padding-left:20px;--awb-inner-bg-color:#f7f3ef;--awb-inner-bg-color-hover:#f7f3ef;--awb-inner-bg-blend:overlay;--awb-inner-bg-size:cover;--awb-border-color:#00b9a4;--awb-border-left:5px;--awb-border-style:solid;--awb-flex-grow:0;--awb-flex-shrink:0;--awb-flex-grow-medium:0;--awb-flex-shrink-medium:0;--awb-flex-grow-small:0;--awb-flex-shrink-small:0;\" data-scroll-devices=\"small-visibility,medium-visibility,large-visibility\"><span class=\"fusion-column-inner-bg hover-type-none\"><a class=\"fusion-column-anchor\" href=\"https:\/\/apgmqc.wordpress.com\/\" rel=\"noopener noreferrer\" target=\"_blank\"><span class=\"fusion-column-inner-bg-image\"><\/span><\/a><\/span><div class=\"fusion-column-wrapper fusion-column-has-shadow fusion-flex-justify-content-flex-start fusion-content-layout-row fusion-flex-align-items-stretch\"><div class=\"fusion-text fusion-text-149 tag-doc-cat tag-documents\"><p><a href=\"https:\/\/interligne.co\/en\/categorie-de-document\/parenthood\/\" title=\"Parenthood\">Parenthood<\/a><\/p>\n<\/div><div class=\"fusion-title title fusion-title-75 fusion-sep-none fusion-title-text fusion-title-size-four\" style=\"--awb-margin-top-small:10px;--awb-margin-right-small:0px;--awb-margin-bottom-small:10px;--awb-margin-left-small:0px;\"><h4 class=\"fusion-title-heading title-heading-left\" style=\"margin:0;\"><a href=\"https:\/\/apgmqc.wordpress.com\/\" class=\"awb-custom-text-color awb-custom-text-hover-color\" target=\"_self\">Association des p\u00e8res gais de Montr\u00e9al (Montreal, Quebec) In french only<\/a><\/h4><\/div><div class=\"fusion-text fusion-text-150\"><\/div><\/div><\/li>\n<li class=\"fusion-layout-column fusion_builder_column fusion-builder-column-76 fusion-flex-column fusion-column-inner-bg-wrapper post-card fusion-grid-column fusion-post-cards-grid-column parenthood\" style=\"--awb-padding-top:20px;--awb-padding-right:20px;--awb-padding-bottom:20px;--awb-padding-left:20px;--awb-inner-bg-color:#f7f3ef;--awb-inner-bg-color-hover:#f7f3ef;--awb-inner-bg-blend:overlay;--awb-inner-bg-size:cover;--awb-border-color:#00b9a4;--awb-border-left:5px;--awb-border-style:solid;--awb-flex-grow:0;--awb-flex-shrink:0;--awb-flex-grow-medium:0;--awb-flex-shrink-medium:0;--awb-flex-grow-small:0;--awb-flex-shrink-small:0;\" data-scroll-devices=\"small-visibility,medium-visibility,large-visibility\"><span class=\"fusion-column-inner-bg hover-type-none\"><a class=\"fusion-column-anchor\" href=\"https:\/\/www.familleslgbt.org\/main.php?lang=en\" rel=\"noopener noreferrer\" target=\"_blank\"><span class=\"fusion-column-inner-bg-image\"><\/span><\/a><\/span><div class=\"fusion-column-wrapper fusion-column-has-shadow fusion-flex-justify-content-flex-start fusion-content-layout-row fusion-flex-align-items-stretch\"><div class=\"fusion-text fusion-text-151 tag-doc-cat tag-documents\"><p><a href=\"https:\/\/interligne.co\/en\/categorie-de-document\/parenthood\/\" title=\"Parenthood\">Parenthood<\/a><\/p>\n<\/div><div class=\"fusion-title title fusion-title-76 fusion-sep-none fusion-title-text fusion-title-size-four\" style=\"--awb-margin-top-small:10px;--awb-margin-right-small:0px;--awb-margin-bottom-small:10px;--awb-margin-left-small:0px;\"><h4 class=\"fusion-title-heading title-heading-left\" style=\"margin:0;\"><a href=\"https:\/\/www.familleslgbt.org\/main.php?lang=en\" class=\"awb-custom-text-color awb-custom-text-hover-color\" target=\"_self\">LGBT+ Family Coalition (Quebec)<\/a><\/h4><\/div><div class=\"fusion-text fusion-text-152\"><\/div><\/div><\/li>\n<li class=\"fusion-layout-column fusion_builder_column fusion-builder-column-77 fusion-flex-column fusion-column-inner-bg-wrapper post-card fusion-grid-column fusion-post-cards-grid-column homophobia-transphobia\" style=\"--awb-padding-top:20px;--awb-padding-right:20px;--awb-padding-bottom:20px;--awb-padding-left:20px;--awb-inner-bg-color:#f7f3ef;--awb-inner-bg-color-hover:#f7f3ef;--awb-inner-bg-blend:overlay;--awb-inner-bg-size:cover;--awb-border-color:#00b9a4;--awb-border-left:5px;--awb-border-style:solid;--awb-flex-grow:0;--awb-flex-shrink:0;--awb-flex-grow-medium:0;--awb-flex-shrink-medium:0;--awb-flex-grow-small:0;--awb-flex-shrink-small:0;\" data-scroll-devices=\"small-visibility,medium-visibility,large-visibility\"><span class=\"fusion-column-inner-bg hover-type-none\"><a class=\"fusion-column-anchor\" href=\"https:\/\/issuu.com\/philippeperreault9\/docs\/8927-sondage_lgbt-rapport-h__t__ros\" rel=\"noopener noreferrer\" target=\"_blank\"><span class=\"fusion-column-inner-bg-image\"><\/span><\/a><\/span><div class=\"fusion-column-wrapper fusion-column-has-shadow fusion-flex-justify-content-flex-start fusion-content-layout-row fusion-flex-align-items-stretch\"><div class=\"fusion-text fusion-text-153 tag-doc-cat tag-documents\"><p><a href=\"https:\/\/interligne.co\/en\/categorie-de-document\/homophobia-transphobia\/\" title=\"Homophobia and Transphobia\">Homophobia and Transphobia<\/a><\/p>\n<\/div><div class=\"fusion-title title fusion-title-77 fusion-sep-none fusion-title-text fusion-title-size-four\" style=\"--awb-margin-top-small:10px;--awb-margin-right-small:0px;--awb-margin-bottom-small:10px;--awb-margin-left-small:0px;\"><h4 class=\"fusion-title-heading title-heading-left\" style=\"margin:0;\"><a href=\"https:\/\/issuu.com\/philippeperreault9\/docs\/8927-sondage_lgbt-rapport-h__t__ros\" class=\"awb-custom-text-color awb-custom-text-hover-color\" target=\"_self\">Perceptions, contact et aisance avec les minorit\u00e9s sexuelles chez les h\u00e9t\u00e9rosexuels cisgenres<\/a><\/h4><\/div><div class=\"fusion-text fusion-text-154\"><p>Fondation Jasmin Roy, (2017) In french only<\/p>\n<\/div><\/div><\/li>\n<li class=\"fusion-layout-column fusion_builder_column fusion-builder-column-78 fusion-flex-column fusion-column-inner-bg-wrapper post-card fusion-grid-column fusion-post-cards-grid-column homophobia-transphobia\" style=\"--awb-padding-top:20px;--awb-padding-right:20px;--awb-padding-bottom:20px;--awb-padding-left:20px;--awb-inner-bg-color:#f7f3ef;--awb-inner-bg-color-hover:#f7f3ef;--awb-inner-bg-blend:overlay;--awb-inner-bg-size:cover;--awb-border-color:#00b9a4;--awb-border-left:5px;--awb-border-style:solid;--awb-flex-grow:0;--awb-flex-shrink:0;--awb-flex-grow-medium:0;--awb-flex-shrink-medium:0;--awb-flex-grow-small:0;--awb-flex-shrink-small:0;\" data-scroll-devices=\"small-visibility,medium-visibility,large-visibility\"><span class=\"fusion-column-inner-bg hover-type-none\"><a class=\"fusion-column-anchor\" href=\"https:\/\/papyrus.bib.umontreal.ca\/xmlui\/handle\/1866\/18832\" rel=\"noopener noreferrer\" target=\"_blank\"><span class=\"fusion-column-inner-bg-image\"><\/span><\/a><\/span><div class=\"fusion-column-wrapper fusion-column-has-shadow fusion-flex-justify-content-flex-start fusion-content-layout-row fusion-flex-align-items-stretch\"><div class=\"fusion-text fusion-text-155 tag-doc-cat tag-documents\"><p><a href=\"https:\/\/interligne.co\/en\/categorie-de-document\/homophobia-transphobia\/\" title=\"Homophobia and Transphobia\">Homophobia and Transphobia<\/a><\/p>\n<\/div><div class=\"fusion-title title fusion-title-78 fusion-sep-none fusion-title-text fusion-title-size-four\" style=\"--awb-margin-top-small:10px;--awb-margin-right-small:0px;--awb-margin-bottom-small:10px;--awb-margin-left-small:0px;\"><h4 class=\"fusion-title-heading title-heading-left\" style=\"margin:0;\"><a href=\"https:\/\/papyrus.bib.umontreal.ca\/xmlui\/handle\/1866\/18832\" class=\"awb-custom-text-color awb-custom-text-hover-color\" target=\"_self\">Le r\u00f4le des groupes communautaires LGBT dans la formulation des politiques publiques : le cas de la politique qu\u00e9b\u00e9coise de lutte contre l&#8217;homophobie<\/a><\/h4><\/div><div class=\"fusion-text fusion-text-156\"><p>Nicholas Bourgois, Universit\u00e9 de Montr\u00e9al (2016) In french only<\/p>\n<\/div><\/div><\/li>\n<li class=\"fusion-layout-column fusion_builder_column fusion-builder-column-79 fusion-flex-column fusion-column-inner-bg-wrapper post-card fusion-grid-column fusion-post-cards-grid-column homophobia-transphobia\" style=\"--awb-padding-top:20px;--awb-padding-right:20px;--awb-padding-bottom:20px;--awb-padding-left:20px;--awb-inner-bg-color:#f7f3ef;--awb-inner-bg-color-hover:#f7f3ef;--awb-inner-bg-blend:overlay;--awb-inner-bg-size:cover;--awb-border-color:#00b9a4;--awb-border-left:5px;--awb-border-style:solid;--awb-flex-grow:0;--awb-flex-shrink:0;--awb-flex-grow-medium:0;--awb-flex-shrink-medium:0;--awb-flex-grow-small:0;--awb-flex-shrink-small:0;\" data-scroll-devices=\"small-visibility,medium-visibility,large-visibility\"><span class=\"fusion-column-inner-bg hover-type-none\"><a class=\"fusion-column-anchor\" href=\"https:\/\/papyrus.bib.umontreal.ca\/xmlui\/handle\/1866\/19226\" rel=\"noopener noreferrer\" target=\"_blank\"><span class=\"fusion-column-inner-bg-image\"><\/span><\/a><\/span><div class=\"fusion-column-wrapper fusion-column-has-shadow fusion-flex-justify-content-flex-start fusion-content-layout-row fusion-flex-align-items-stretch\"><div class=\"fusion-text fusion-text-157 tag-doc-cat tag-documents\"><p><a href=\"https:\/\/interligne.co\/en\/categorie-de-document\/homophobia-transphobia\/\" title=\"Homophobia and Transphobia\">Homophobia and Transphobia<\/a><\/p>\n<\/div><div class=\"fusion-title title fusion-title-79 fusion-sep-none fusion-title-text fusion-title-size-four\" style=\"--awb-margin-top-small:10px;--awb-margin-right-small:0px;--awb-margin-bottom-small:10px;--awb-margin-left-small:0px;\"><h4 class=\"fusion-title-heading title-heading-left\" style=\"margin:0;\"><a href=\"https:\/\/papyrus.bib.umontreal.ca\/xmlui\/handle\/1866\/19226\" class=\"awb-custom-text-color awb-custom-text-hover-color\" target=\"_self\">Les couples f\u00e9minins dans les lieux publics : la peur d&#8217;\u00eatre visible<\/a><\/h4><\/div><div class=\"fusion-text fusion-text-158\"><p>Marie-Dominique Duval, Minorit\u00e9s Lisibles, (2016) In french only<\/p>\n<\/div><\/div><\/li>\n<li class=\"fusion-layout-column fusion_builder_column fusion-builder-column-80 fusion-flex-column fusion-column-inner-bg-wrapper post-card fusion-grid-column fusion-post-cards-grid-column bullying\" style=\"--awb-padding-top:20px;--awb-padding-right:20px;--awb-padding-bottom:20px;--awb-padding-left:20px;--awb-inner-bg-color:#f7f3ef;--awb-inner-bg-color-hover:#f7f3ef;--awb-inner-bg-blend:overlay;--awb-inner-bg-size:cover;--awb-border-color:#00b9a4;--awb-border-left:5px;--awb-border-style:solid;--awb-flex-grow:0;--awb-flex-shrink:0;--awb-flex-grow-medium:0;--awb-flex-shrink-medium:0;--awb-flex-grow-small:0;--awb-flex-shrink-small:0;\" data-scroll-devices=\"small-visibility,medium-visibility,large-visibility\"><span class=\"fusion-column-inner-bg hover-type-none\"><a class=\"fusion-column-anchor\" href=\"https:\/\/corpus.ulaval.ca\/jspui\/handle\/20.500.11794\/27380\" rel=\"noopener noreferrer\" target=\"_blank\"><span class=\"fusion-column-inner-bg-image\"><\/span><\/a><\/span><div class=\"fusion-column-wrapper fusion-column-has-shadow fusion-flex-justify-content-flex-start fusion-content-layout-row fusion-flex-align-items-stretch\"><div class=\"fusion-text fusion-text-159 tag-doc-cat tag-documents\"><p><a href=\"https:\/\/interligne.co\/en\/categorie-de-document\/bullying\/\" title=\"Bullying\">Bullying<\/a><\/p>\n<\/div><div class=\"fusion-title title fusion-title-80 fusion-sep-none fusion-title-text fusion-title-size-four\" style=\"--awb-margin-top-small:10px;--awb-margin-right-small:0px;--awb-margin-bottom-small:10px;--awb-margin-left-small:0px;\"><h4 class=\"fusion-title-heading title-heading-left\" style=\"margin:0;\"><a href=\"https:\/\/corpus.ulaval.ca\/jspui\/handle\/20.500.11794\/27380\" class=\"awb-custom-text-color awb-custom-text-hover-color\" target=\"_self\">Perceptions et pratiques d&#8217;intervenants sociaux en milieu scolaire face aux manifestations d&#8217;homophobie et d&#8217;h\u00e9t\u00e9rosexisme \u00e0 l&#8217;endroit des jeunes LGBQ en milieu rural<\/a><\/h4><\/div><div class=\"fusion-text fusion-text-160\"><p>C\u00e9cily Tudeau, Universit\u00e9 Laval, (2016) In french only<\/p>\n<\/div><\/div><\/li>\n<li class=\"fusion-layout-column fusion_builder_column fusion-builder-column-81 fusion-flex-column fusion-column-inner-bg-wrapper post-card fusion-grid-column fusion-post-cards-grid-column bullying\" style=\"--awb-padding-top:20px;--awb-padding-right:20px;--awb-padding-bottom:20px;--awb-padding-left:20px;--awb-inner-bg-color:#f7f3ef;--awb-inner-bg-color-hover:#f7f3ef;--awb-inner-bg-blend:overlay;--awb-inner-bg-size:cover;--awb-border-color:#00b9a4;--awb-border-left:5px;--awb-border-style:solid;--awb-flex-grow:0;--awb-flex-shrink:0;--awb-flex-grow-medium:0;--awb-flex-shrink-medium:0;--awb-flex-grow-small:0;--awb-flex-shrink-small:0;\" data-scroll-devices=\"small-visibility,medium-visibility,large-visibility\"><span class=\"fusion-column-inner-bg hover-type-none\"><a class=\"fusion-column-anchor\" href=\"https:\/\/corpus.ulaval.ca\/jspui\/handle\/20.500.11794\/23073\" rel=\"noopener noreferrer\" target=\"_blank\"><span class=\"fusion-column-inner-bg-image\"><\/span><\/a><\/span><div class=\"fusion-column-wrapper fusion-column-has-shadow fusion-flex-justify-content-flex-start fusion-content-layout-row fusion-flex-align-items-stretch\"><div class=\"fusion-text fusion-text-161 tag-doc-cat tag-documents\"><p><a href=\"https:\/\/interligne.co\/en\/categorie-de-document\/bullying\/\" title=\"Bullying\">Bullying<\/a><\/p>\n<\/div><div class=\"fusion-title title fusion-title-81 fusion-sep-none fusion-title-text fusion-title-size-four\" style=\"--awb-margin-top-small:10px;--awb-margin-right-small:0px;--awb-margin-bottom-small:10px;--awb-margin-left-small:0px;\"><h4 class=\"fusion-title-heading title-heading-left\" style=\"margin:0;\"><a href=\"https:\/\/corpus.ulaval.ca\/jspui\/handle\/20.500.11794\/23073\" class=\"awb-custom-text-color awb-custom-text-hover-color\" target=\"_self\">La pr\u00e9vention de l&#8217;homophobie et de l&#8217;h\u00e9t\u00e9rosexisme \u00e0 l&#8217;\u00e9cole secondaire : besoins et perceptions des enseignantes et des enseignants<\/a><\/h4><\/div><div class=\"fusion-text fusion-text-162\"><p>Vincent Chouinard, Universit\u00e9 Laval, (2011) In french only<\/p>\n<\/div><\/div><\/li>\n<li class=\"fusion-layout-column fusion_builder_column fusion-builder-column-82 fusion-flex-column fusion-column-inner-bg-wrapper post-card fusion-grid-column fusion-post-cards-grid-column bullying\" style=\"--awb-padding-top:20px;--awb-padding-right:20px;--awb-padding-bottom:20px;--awb-padding-left:20px;--awb-inner-bg-color:#f7f3ef;--awb-inner-bg-color-hover:#f7f3ef;--awb-inner-bg-blend:overlay;--awb-inner-bg-size:cover;--awb-border-color:#00b9a4;--awb-border-left:5px;--awb-border-style:solid;--awb-flex-grow:0;--awb-flex-shrink:0;--awb-flex-grow-medium:0;--awb-flex-shrink-medium:0;--awb-flex-grow-small:0;--awb-flex-shrink-small:0;\" data-scroll-devices=\"small-visibility,medium-visibility,large-visibility\"><span class=\"fusion-column-inner-bg hover-type-none\"><a class=\"fusion-column-anchor\" href=\"https:\/\/corpus.ulaval.ca\/jspui\/handle\/20.500.11794\/26543\" rel=\"noopener noreferrer\" target=\"_blank\"><span class=\"fusion-column-inner-bg-image\"><\/span><\/a><\/span><div class=\"fusion-column-wrapper fusion-column-has-shadow fusion-flex-justify-content-flex-start fusion-content-layout-row fusion-flex-align-items-stretch\"><div class=\"fusion-text fusion-text-163 tag-doc-cat tag-documents\"><p><a href=\"https:\/\/interligne.co\/en\/categorie-de-document\/bullying\/\" title=\"Bullying\">Bullying<\/a><\/p>\n<\/div><div class=\"fusion-title title fusion-title-82 fusion-sep-none fusion-title-text fusion-title-size-four\" style=\"--awb-margin-top-small:10px;--awb-margin-right-small:0px;--awb-margin-bottom-small:10px;--awb-margin-left-small:0px;\"><h4 class=\"fusion-title-heading title-heading-left\" style=\"margin:0;\"><a href=\"https:\/\/corpus.ulaval.ca\/jspui\/handle\/20.500.11794\/26543\" class=\"awb-custom-text-color awb-custom-text-hover-color\" target=\"_self\">Homophobie en sport : l&#8217;exp\u00e9rience sportive des athl\u00e8tes lesbiennes, gais et bisexuels coll\u00e9giaux et universitaires qu\u00e9b\u00e9cois<\/a><\/h4><\/div><div class=\"fusion-text fusion-text-164\"><p>Audrey Carrier, Universit\u00e9 Laval, (2015) In french only<\/p>\n<\/div><\/div><\/li>\n<li class=\"fusion-layout-column fusion_builder_column fusion-builder-column-83 fusion-flex-column fusion-column-inner-bg-wrapper post-card fusion-grid-column fusion-post-cards-grid-column seniors\" style=\"--awb-padding-top:20px;--awb-padding-right:20px;--awb-padding-bottom:20px;--awb-padding-left:20px;--awb-inner-bg-color:#f7f3ef;--awb-inner-bg-color-hover:#f7f3ef;--awb-inner-bg-blend:overlay;--awb-inner-bg-size:cover;--awb-border-color:#00b9a4;--awb-border-left:5px;--awb-border-style:solid;--awb-flex-grow:0;--awb-flex-shrink:0;--awb-flex-grow-medium:0;--awb-flex-shrink-medium:0;--awb-flex-grow-small:0;--awb-flex-shrink-small:0;\" data-scroll-devices=\"small-visibility,medium-visibility,large-visibility\"><span class=\"fusion-column-inner-bg hover-type-none\"><a class=\"fusion-column-anchor\" href=\"https:\/\/papyrus.bib.umontreal.ca\/xmlui\/handle\/1866\/13411\" rel=\"noopener noreferrer\" target=\"_blank\"><span class=\"fusion-column-inner-bg-image\"><\/span><\/a><\/span><div class=\"fusion-column-wrapper fusion-column-has-shadow fusion-flex-justify-content-flex-start fusion-content-layout-row fusion-flex-align-items-stretch\"><div class=\"fusion-text fusion-text-165 tag-doc-cat tag-documents\"><p><a href=\"https:\/\/interligne.co\/en\/categorie-de-document\/seniors\/\" title=\"Seniors\">Seniors<\/a><\/p>\n<\/div><div class=\"fusion-title title fusion-title-83 fusion-sep-none fusion-title-text fusion-title-size-four\" style=\"--awb-margin-top-small:10px;--awb-margin-right-small:0px;--awb-margin-bottom-small:10px;--awb-margin-left-small:0px;\"><h4 class=\"fusion-title-heading title-heading-left\" style=\"margin:0;\"><a href=\"https:\/\/papyrus.bib.umontreal.ca\/xmlui\/handle\/1866\/13411\" class=\"awb-custom-text-color awb-custom-text-hover-color\" target=\"_self\">Les pratiques sociales \u00e0 domicile aupr\u00e8s des a\u00een\u00e9s gais : entre divulgation et dissimulation de l\u2019identit\u00e9 homosexuelle<\/a><\/h4><\/div><div class=\"fusion-text fusion-text-166\"><p>Samuel Auger, Universit\u00e9 de Montr\u00e9al, (2015) In french only<\/p>\n<\/div><\/div><\/li>\n<li class=\"fusion-layout-column fusion_builder_column fusion-builder-column-84 fusion-flex-column fusion-column-inner-bg-wrapper post-card fusion-grid-column fusion-post-cards-grid-column representation-en\" style=\"--awb-padding-top:20px;--awb-padding-right:20px;--awb-padding-bottom:20px;--awb-padding-left:20px;--awb-inner-bg-color:#f7f3ef;--awb-inner-bg-color-hover:#f7f3ef;--awb-inner-bg-blend:overlay;--awb-inner-bg-size:cover;--awb-border-color:#00b9a4;--awb-border-left:5px;--awb-border-style:solid;--awb-flex-grow:0;--awb-flex-shrink:0;--awb-flex-grow-medium:0;--awb-flex-shrink-medium:0;--awb-flex-grow-small:0;--awb-flex-shrink-small:0;\" data-scroll-devices=\"small-visibility,medium-visibility,large-visibility\"><span class=\"fusion-column-inner-bg hover-type-none\"><a class=\"fusion-column-anchor\" href=\"https:\/\/papyrus.bib.umontreal.ca\/xmlui\/handle\/1866\/20180\" rel=\"noopener noreferrer\" target=\"_blank\"><span class=\"fusion-column-inner-bg-image\"><\/span><\/a><\/span><div class=\"fusion-column-wrapper fusion-column-has-shadow fusion-flex-justify-content-flex-start fusion-content-layout-row fusion-flex-align-items-stretch\"><div class=\"fusion-text fusion-text-167 tag-doc-cat tag-documents\"><p><a href=\"https:\/\/interligne.co\/en\/categorie-de-document\/representation-en\/\" title=\"Representation\">Representation<\/a><\/p>\n<\/div><div class=\"fusion-title title fusion-title-84 fusion-sep-none fusion-title-text fusion-title-size-four\" style=\"--awb-margin-top-small:10px;--awb-margin-right-small:0px;--awb-margin-bottom-small:10px;--awb-margin-left-small:0px;\"><h4 class=\"fusion-title-heading title-heading-left\" style=\"margin:0;\"><a href=\"https:\/\/papyrus.bib.umontreal.ca\/xmlui\/handle\/1866\/20180\" class=\"awb-custom-text-color awb-custom-text-hover-color\" target=\"_self\">L\u2019int\u00e9gration des personnages LGBTQ dans le cin\u00e9ma qu\u00e9b\u00e9cois<\/a><\/h4><\/div><div class=\"fusion-text fusion-text-168\"><p>Maude Robillard, Universit\u00e9 de Montr\u00e9al, (2017) In french only<\/p>\n<\/div><\/div><\/li>\n<li class=\"fusion-layout-column fusion_builder_column fusion-builder-column-85 fusion-flex-column fusion-column-inner-bg-wrapper post-card fusion-grid-column fusion-post-cards-grid-column lgbtq-identities\" style=\"--awb-padding-top:20px;--awb-padding-right:20px;--awb-padding-bottom:20px;--awb-padding-left:20px;--awb-inner-bg-color:#f7f3ef;--awb-inner-bg-color-hover:#f7f3ef;--awb-inner-bg-blend:overlay;--awb-inner-bg-size:cover;--awb-border-color:#00b9a4;--awb-border-left:5px;--awb-border-style:solid;--awb-flex-grow:0;--awb-flex-shrink:0;--awb-flex-grow-medium:0;--awb-flex-shrink-medium:0;--awb-flex-grow-small:0;--awb-flex-shrink-small:0;\" data-scroll-devices=\"small-visibility,medium-visibility,large-visibility\"><span class=\"fusion-column-inner-bg hover-type-none\"><a class=\"fusion-column-anchor\" href=\"https:\/\/papyrus.bib.umontreal.ca\/xmlui\/handle\/1866\/19733\" rel=\"noopener noreferrer\" target=\"_blank\"><span class=\"fusion-column-inner-bg-image\"><\/span><\/a><\/span><div class=\"fusion-column-wrapper fusion-column-has-shadow fusion-flex-justify-content-flex-start fusion-content-layout-row fusion-flex-align-items-stretch\"><div class=\"fusion-text fusion-text-169 tag-doc-cat tag-documents\"><p><a href=\"https:\/\/interligne.co\/en\/categorie-de-document\/lgbtq-identities\/\" title=\"LGBTQ+ Identities\">LGBTQ+ Identities<\/a><\/p>\n<\/div><div class=\"fusion-title title fusion-title-85 fusion-sep-none fusion-title-text fusion-title-size-four\" style=\"--awb-margin-top-small:10px;--awb-margin-right-small:0px;--awb-margin-bottom-small:10px;--awb-margin-left-small:0px;\"><h4 class=\"fusion-title-heading title-heading-left\" style=\"margin:0;\"><a href=\"https:\/\/papyrus.bib.umontreal.ca\/xmlui\/handle\/1866\/19733\" class=\"awb-custom-text-color awb-custom-text-hover-color\" target=\"_self\">Two-Spirits : colonisations et d\u00e9colonisations<\/a><\/h4><\/div><div class=\"fusion-text fusion-text-170\"><p>Ninon Lambert, Minorit\u00e9s lisibles, (2016) In french only<\/p>\n<\/div><\/div><\/li>\n<li class=\"fusion-layout-column fusion_builder_column fusion-builder-column-86 fusion-flex-column fusion-column-inner-bg-wrapper post-card fusion-grid-column fusion-post-cards-grid-column other-publications\" style=\"--awb-padding-top:20px;--awb-padding-right:20px;--awb-padding-bottom:20px;--awb-padding-left:20px;--awb-inner-bg-color:#f7f3ef;--awb-inner-bg-color-hover:#f7f3ef;--awb-inner-bg-blend:overlay;--awb-inner-bg-size:cover;--awb-border-color:#00b9a4;--awb-border-left:5px;--awb-border-style:solid;--awb-flex-grow:0;--awb-flex-shrink:0;--awb-flex-grow-medium:0;--awb-flex-shrink-medium:0;--awb-flex-grow-small:0;--awb-flex-shrink-small:0;\" data-scroll-devices=\"small-visibility,medium-visibility,large-visibility\"><span class=\"fusion-column-inner-bg hover-type-none\"><a class=\"fusion-column-anchor\" href=\"https:\/\/papyrus.bib.umontreal.ca\/xmlui\/handle\/1866\/9713\" rel=\"noopener noreferrer\" target=\"_blank\"><span class=\"fusion-column-inner-bg-image\"><\/span><\/a><\/span><div class=\"fusion-column-wrapper fusion-column-has-shadow fusion-flex-justify-content-flex-start fusion-content-layout-row fusion-flex-align-items-stretch\"><div class=\"fusion-text fusion-text-171 tag-doc-cat tag-documents\"><p><a href=\"https:\/\/interligne.co\/en\/categorie-de-document\/other-publications\/\" title=\"Other publications\">Other publications<\/a><\/p>\n<\/div><div class=\"fusion-title title fusion-title-86 fusion-sep-none fusion-title-text fusion-title-size-four\" style=\"--awb-margin-top-small:10px;--awb-margin-right-small:0px;--awb-margin-bottom-small:10px;--awb-margin-left-small:0px;\"><h4 class=\"fusion-title-heading title-heading-left\" style=\"margin:0;\"><a href=\"https:\/\/papyrus.bib.umontreal.ca\/xmlui\/handle\/1866\/9713\" class=\"awb-custom-text-color awb-custom-text-hover-color\" target=\"_self\">Homme immigrant cherche homme : (re)formations de subjectivit\u00e9s ethnosexuelles en contexte post-migratoire au Qu\u00e9bec<\/a><\/h4><\/div><div class=\"fusion-text fusion-text-172\"><p>Olivier Roy, Universit\u00e9 de Montr\u00e9al, (2013) In french only<\/p>\n<\/div><\/div><\/li>\n<li class=\"fusion-layout-column fusion_builder_column fusion-builder-column-87 fusion-flex-column fusion-column-inner-bg-wrapper post-card fusion-grid-column fusion-post-cards-grid-column homophobia-transphobia\" style=\"--awb-padding-top:20px;--awb-padding-right:20px;--awb-padding-bottom:20px;--awb-padding-left:20px;--awb-inner-bg-color:#f7f3ef;--awb-inner-bg-color-hover:#f7f3ef;--awb-inner-bg-blend:overlay;--awb-inner-bg-size:cover;--awb-border-color:#00b9a4;--awb-border-left:5px;--awb-border-style:solid;--awb-flex-grow:0;--awb-flex-shrink:0;--awb-flex-grow-medium:0;--awb-flex-shrink-medium:0;--awb-flex-grow-small:0;--awb-flex-shrink-small:0;\" data-scroll-devices=\"small-visibility,medium-visibility,large-visibility\"><span class=\"fusion-column-inner-bg hover-type-none\"><a class=\"fusion-column-anchor\" href=\"https:\/\/papyrus.bib.umontreal.ca\/xmlui\/handle\/1866\/7785\" rel=\"noopener noreferrer\" target=\"_blank\"><span class=\"fusion-column-inner-bg-image\"><\/span><\/a><\/span><div class=\"fusion-column-wrapper fusion-column-has-shadow fusion-flex-justify-content-flex-start fusion-content-layout-row fusion-flex-align-items-stretch\"><div class=\"fusion-text fusion-text-173 tag-doc-cat tag-documents\"><p><a href=\"https:\/\/interligne.co\/en\/categorie-de-document\/homophobia-transphobia\/\" title=\"Homophobia and Transphobia\">Homophobia and Transphobia<\/a><\/p>\n<\/div><div class=\"fusion-title title fusion-title-87 fusion-sep-none fusion-title-text fusion-title-size-four\" style=\"--awb-margin-top-small:10px;--awb-margin-right-small:0px;--awb-margin-bottom-small:10px;--awb-margin-left-small:0px;\"><h4 class=\"fusion-title-heading title-heading-left\" style=\"margin:0;\"><a href=\"https:\/\/papyrus.bib.umontreal.ca\/xmlui\/handle\/1866\/7785\" class=\"awb-custom-text-color awb-custom-text-hover-color\" target=\"_self\">Exploration de l&#8217;exp\u00e9rience de la violence homophobe chez des hommes homosexuels<\/a><\/h4><\/div><div class=\"fusion-text fusion-text-174\"><p>Carol Fluet, Universit\u00e9 de Montr\u00e9al, (2008) In french only<\/p>\n<\/div><\/div><\/li>\n<li class=\"fusion-layout-column fusion_builder_column fusion-builder-column-88 fusion-flex-column fusion-column-inner-bg-wrapper post-card fusion-grid-column fusion-post-cards-grid-column education-en\" style=\"--awb-padding-top:20px;--awb-padding-right:20px;--awb-padding-bottom:20px;--awb-padding-left:20px;--awb-inner-bg-color:#f7f3ef;--awb-inner-bg-color-hover:#f7f3ef;--awb-inner-bg-blend:overlay;--awb-inner-bg-size:cover;--awb-border-color:#00b9a4;--awb-border-left:5px;--awb-border-style:solid;--awb-flex-grow:0;--awb-flex-shrink:0;--awb-flex-grow-medium:0;--awb-flex-shrink-medium:0;--awb-flex-grow-small:0;--awb-flex-shrink-small:0;\" data-scroll-devices=\"small-visibility,medium-visibility,large-visibility\"><span class=\"fusion-column-inner-bg hover-type-none\"><a class=\"fusion-column-anchor\" href=\"https:\/\/papyrus.bib.umontreal.ca\/xmlui\/handle\/1866\/11405\" rel=\"noopener noreferrer\" target=\"_blank\"><span class=\"fusion-column-inner-bg-image\"><\/span><\/a><\/span><div class=\"fusion-column-wrapper fusion-column-has-shadow fusion-flex-justify-content-flex-start fusion-content-layout-row fusion-flex-align-items-stretch\"><div class=\"fusion-text fusion-text-175 tag-doc-cat tag-documents\"><p><a href=\"https:\/\/interligne.co\/en\/categorie-de-document\/education-en\/\" title=\"Education\">Education<\/a><\/p>\n<\/div><div class=\"fusion-title title fusion-title-88 fusion-sep-none fusion-title-text fusion-title-size-four\" style=\"--awb-margin-top-small:10px;--awb-margin-right-small:0px;--awb-margin-bottom-small:10px;--awb-margin-left-small:0px;\"><h4 class=\"fusion-title-heading title-heading-left\" style=\"margin:0;\"><a href=\"https:\/\/papyrus.bib.umontreal.ca\/xmlui\/handle\/1866\/11405\" class=\"awb-custom-text-color awb-custom-text-hover-color\" target=\"_self\">Pratiques enseignantes et diversit\u00e9 sexuelle : analyse des pratiques p\u00e9dagogiques et d&#8217;intervention d&#8217;enseignants de l&#8217;\u00e9cole secondaire qu\u00e9b\u00e9coise<\/a><\/h4><\/div><div class=\"fusion-text fusion-text-176\"><p>Gabrielle Richard, Universit\u00e9 de Montr\u00e9al, (2014) In french only<\/p>\n<\/div><\/div><\/li>\n<li class=\"fusion-layout-column fusion_builder_column fusion-builder-column-89 fusion-flex-column fusion-column-inner-bg-wrapper post-card fusion-grid-column fusion-post-cards-grid-column rights\" style=\"--awb-padding-top:20px;--awb-padding-right:20px;--awb-padding-bottom:20px;--awb-padding-left:20px;--awb-inner-bg-color:#f7f3ef;--awb-inner-bg-color-hover:#f7f3ef;--awb-inner-bg-blend:overlay;--awb-inner-bg-size:cover;--awb-border-color:#00b9a4;--awb-border-left:5px;--awb-border-style:solid;--awb-flex-grow:0;--awb-flex-shrink:0;--awb-flex-grow-medium:0;--awb-flex-shrink-medium:0;--awb-flex-grow-small:0;--awb-flex-shrink-small:0;\" data-scroll-devices=\"small-visibility,medium-visibility,large-visibility\"><span class=\"fusion-column-inner-bg hover-type-none\"><a class=\"fusion-column-anchor\" href=\"https:\/\/www.cnesst.gouv.qc.ca\/en\/pay-equity\" rel=\"noopener noreferrer\" target=\"_blank\"><span class=\"fusion-column-inner-bg-image\"><\/span><\/a><\/span><div class=\"fusion-column-wrapper fusion-column-has-shadow fusion-flex-justify-content-flex-start fusion-content-layout-row fusion-flex-align-items-stretch\"><div class=\"fusion-text fusion-text-177 tag-doc-cat tag-documents\"><p><a href=\"https:\/\/interligne.co\/en\/categorie-de-document\/rights\/\" title=\"Rights\">Rights<\/a><\/p>\n<\/div><div class=\"fusion-title title fusion-title-89 fusion-sep-none fusion-title-text fusion-title-size-four\" style=\"--awb-margin-top-small:10px;--awb-margin-right-small:0px;--awb-margin-bottom-small:10px;--awb-margin-left-small:0px;\"><h4 class=\"fusion-title-heading title-heading-left\" style=\"margin:0;\"><a href=\"https:\/\/www.cnesst.gouv.qc.ca\/en\/pay-equity\" class=\"awb-custom-text-color awb-custom-text-hover-color\" target=\"_self\">Pay equity<\/a><\/h4><\/div><div class=\"fusion-text fusion-text-178\"><\/div><\/div><\/li>\n<li class=\"fusion-layout-column fusion_builder_column fusion-builder-column-90 fusion-flex-column fusion-column-inner-bg-wrapper post-card fusion-grid-column fusion-post-cards-grid-column rights\" style=\"--awb-padding-top:20px;--awb-padding-right:20px;--awb-padding-bottom:20px;--awb-padding-left:20px;--awb-inner-bg-color:#f7f3ef;--awb-inner-bg-color-hover:#f7f3ef;--awb-inner-bg-blend:overlay;--awb-inner-bg-size:cover;--awb-border-color:#00b9a4;--awb-border-left:5px;--awb-border-style:solid;--awb-flex-grow:0;--awb-flex-shrink:0;--awb-flex-grow-medium:0;--awb-flex-shrink-medium:0;--awb-flex-grow-small:0;--awb-flex-shrink-small:0;\" data-scroll-devices=\"small-visibility,medium-visibility,large-visibility\"><span class=\"fusion-column-inner-bg hover-type-none\"><a class=\"fusion-column-anchor\" href=\"https:\/\/papyrus.bib.umontreal.ca\/xmlui\/handle\/1866\/16103\" rel=\"noopener noreferrer\" target=\"_blank\"><span class=\"fusion-column-inner-bg-image\"><\/span><\/a><\/span><div class=\"fusion-column-wrapper fusion-column-has-shadow fusion-flex-justify-content-flex-start fusion-content-layout-row fusion-flex-align-items-stretch\"><div class=\"fusion-text fusion-text-179 tag-doc-cat tag-documents\"><p><a href=\"https:\/\/interligne.co\/en\/categorie-de-document\/rights\/\" title=\"Rights\">Rights<\/a><\/p>\n<\/div><div class=\"fusion-title title fusion-title-90 fusion-sep-none fusion-title-text fusion-title-size-four\" style=\"--awb-margin-top-small:10px;--awb-margin-right-small:0px;--awb-margin-bottom-small:10px;--awb-margin-left-small:0px;\"><h4 class=\"fusion-title-heading title-heading-left\" style=\"margin:0;\"><a href=\"https:\/\/papyrus.bib.umontreal.ca\/xmlui\/handle\/1866\/16103\" class=\"awb-custom-text-color awb-custom-text-hover-color\" target=\"_self\">Les crimes motiv\u00e9s par la haine envers les homosexuels : une \u00e9tude compr\u00e9hensive du stigma homosexuel et de son impact sur la reportabilit\u00e9 des \u00e9v\u00e9nements de victimisation criminelle<\/a><\/h4><\/div><div class=\"fusion-text fusion-text-180\"><p>Joey Roy, Universit\u00e9 de Montr\u00e9al, (2016) In french only<\/p>\n<\/div><\/div><\/li>\n<li class=\"fusion-layout-column fusion_builder_column fusion-builder-column-91 fusion-flex-column fusion-column-inner-bg-wrapper post-card fusion-grid-column fusion-post-cards-grid-column rights\" style=\"--awb-padding-top:20px;--awb-padding-right:20px;--awb-padding-bottom:20px;--awb-padding-left:20px;--awb-inner-bg-color:#f7f3ef;--awb-inner-bg-color-hover:#f7f3ef;--awb-inner-bg-blend:overlay;--awb-inner-bg-size:cover;--awb-border-color:#00b9a4;--awb-border-left:5px;--awb-border-style:solid;--awb-flex-grow:0;--awb-flex-shrink:0;--awb-flex-grow-medium:0;--awb-flex-shrink-medium:0;--awb-flex-grow-small:0;--awb-flex-shrink-small:0;\" data-scroll-devices=\"small-visibility,medium-visibility,large-visibility\"><span class=\"fusion-column-inner-bg hover-type-none\"><a class=\"fusion-column-anchor\" href=\"https:\/\/corpus.ulaval.ca\/jspui\/handle\/20.500.11794\/23818\" rel=\"noopener noreferrer\" target=\"_blank\"><span class=\"fusion-column-inner-bg-image\"><\/span><\/a><\/span><div class=\"fusion-column-wrapper fusion-column-has-shadow fusion-flex-justify-content-flex-start fusion-content-layout-row fusion-flex-align-items-stretch\"><div class=\"fusion-text fusion-text-181 tag-doc-cat tag-documents\"><p><a href=\"https:\/\/interligne.co\/en\/categorie-de-document\/rights\/\" title=\"Rights\">Rights<\/a><\/p>\n<\/div><div class=\"fusion-title title fusion-title-91 fusion-sep-none fusion-title-text fusion-title-size-four\" style=\"--awb-margin-top-small:10px;--awb-margin-right-small:0px;--awb-margin-bottom-small:10px;--awb-margin-left-small:0px;\"><h4 class=\"fusion-title-heading title-heading-left\" style=\"margin:0;\"><a href=\"https:\/\/corpus.ulaval.ca\/jspui\/handle\/20.500.11794\/23818\" class=\"awb-custom-text-color awb-custom-text-hover-color\" target=\"_self\">La discrimination des hommes de minorit\u00e9s sexuelles au Qu\u00e9bec : gen\u00e8se, \u00e9volution et pratiques du groupe communautaire MIELS-Qu\u00e9bec<\/a><\/h4><\/div><div class=\"fusion-text fusion-text-182\"><p>David Guilmette, Universit\u00e9 Laval, (2012) In french only<\/p>\n<\/div><\/div><\/li>\n<li class=\"fusion-layout-column fusion_builder_column fusion-builder-column-92 fusion-flex-column fusion-column-inner-bg-wrapper post-card fusion-grid-column fusion-post-cards-grid-column health\" style=\"--awb-padding-top:20px;--awb-padding-right:20px;--awb-padding-bottom:20px;--awb-padding-left:20px;--awb-inner-bg-color:#f7f3ef;--awb-inner-bg-color-hover:#f7f3ef;--awb-inner-bg-blend:overlay;--awb-inner-bg-size:cover;--awb-border-color:#00b9a4;--awb-border-left:5px;--awb-border-style:solid;--awb-flex-grow:0;--awb-flex-shrink:0;--awb-flex-grow-medium:0;--awb-flex-shrink-medium:0;--awb-flex-grow-small:0;--awb-flex-shrink-small:0;\" data-scroll-devices=\"small-visibility,medium-visibility,large-visibility\"><span class=\"fusion-column-inner-bg hover-type-none\"><a class=\"fusion-column-anchor\" href=\"https:\/\/papyrus.bib.umontreal.ca\/xmlui\/handle\/1866\/11168\" rel=\"noopener noreferrer\" target=\"_blank\"><span class=\"fusion-column-inner-bg-image\"><\/span><\/a><\/span><div class=\"fusion-column-wrapper fusion-column-has-shadow fusion-flex-justify-content-flex-start fusion-content-layout-row fusion-flex-align-items-stretch\"><div class=\"fusion-text fusion-text-183 tag-doc-cat tag-documents\"><p><a href=\"https:\/\/interligne.co\/en\/categorie-de-document\/health\/\" title=\"Health and Sexuality\">Health and Sexuality<\/a><\/p>\n<\/div><div class=\"fusion-title title fusion-title-92 fusion-sep-none fusion-title-text fusion-title-size-four\" style=\"--awb-margin-top-small:10px;--awb-margin-right-small:0px;--awb-margin-bottom-small:10px;--awb-margin-left-small:0px;\"><h4 class=\"fusion-title-heading title-heading-left\" style=\"margin:0;\"><a href=\"https:\/\/papyrus.bib.umontreal.ca\/xmlui\/handle\/1866\/11168\" class=\"awb-custom-text-color awb-custom-text-hover-color\" target=\"_self\">Les d\u00e9terminants du comportement alimentaire de jeunes hommes gais<\/a><\/h4><\/div><div class=\"fusion-text fusion-text-184\"><p>Bernard Lavall\u00e9e, Universit\u00e9 de Montr\u00e9al, (2013) In french only<\/p>\n<\/div><\/div><\/li>\n<li class=\"fusion-layout-column fusion_builder_column fusion-builder-column-93 fusion-flex-column fusion-column-inner-bg-wrapper post-card fusion-grid-column fusion-post-cards-grid-column health\" style=\"--awb-padding-top:20px;--awb-padding-right:20px;--awb-padding-bottom:20px;--awb-padding-left:20px;--awb-inner-bg-color:#f7f3ef;--awb-inner-bg-color-hover:#f7f3ef;--awb-inner-bg-blend:overlay;--awb-inner-bg-size:cover;--awb-border-color:#00b9a4;--awb-border-left:5px;--awb-border-style:solid;--awb-flex-grow:0;--awb-flex-shrink:0;--awb-flex-grow-medium:0;--awb-flex-shrink-medium:0;--awb-flex-grow-small:0;--awb-flex-shrink-small:0;\" data-scroll-devices=\"small-visibility,medium-visibility,large-visibility\"><span class=\"fusion-column-inner-bg hover-type-none\"><a class=\"fusion-column-anchor\" href=\"https:\/\/corpus.ulaval.ca\/jspui\/handle\/20.500.11794\/24412\" rel=\"noopener noreferrer\" target=\"_blank\"><span class=\"fusion-column-inner-bg-image\"><\/span><\/a><\/span><div class=\"fusion-column-wrapper fusion-column-has-shadow fusion-flex-justify-content-flex-start fusion-content-layout-row fusion-flex-align-items-stretch\"><div class=\"fusion-text fusion-text-185 tag-doc-cat tag-documents\"><p><a href=\"https:\/\/interligne.co\/en\/categorie-de-document\/health\/\" title=\"Health and Sexuality\">Health and Sexuality<\/a><\/p>\n<\/div><div class=\"fusion-title title fusion-title-93 fusion-sep-none fusion-title-text fusion-title-size-four\" style=\"--awb-margin-top-small:10px;--awb-margin-right-small:0px;--awb-margin-bottom-small:10px;--awb-margin-left-small:0px;\"><h4 class=\"fusion-title-heading title-heading-left\" style=\"margin:0;\"><a href=\"https:\/\/corpus.ulaval.ca\/jspui\/handle\/20.500.11794\/24412\" class=\"awb-custom-text-color awb-custom-text-hover-color\" target=\"_self\">La d\u00e9viance \u00e0 l&#8217;\u00e8re d&#8217;internet : le cas des communaut\u00e9s en ligne de barebackers et leur discours<\/a><\/h4><\/div><div class=\"fusion-text fusion-text-186\"><p>Nicolas Saucier, Universit\u00e9 Laval, (2013) In french only<\/p>\n<\/div><\/div><\/li>\n<li class=\"fusion-layout-column fusion_builder_column fusion-builder-column-94 fusion-flex-column fusion-column-inner-bg-wrapper post-card fusion-grid-column fusion-post-cards-grid-column\" style=\"--awb-padding-top:20px;--awb-padding-right:20px;--awb-padding-bottom:20px;--awb-padding-left:20px;--awb-inner-bg-color:#f7f3ef;--awb-inner-bg-color-hover:#f7f3ef;--awb-inner-bg-blend:overlay;--awb-inner-bg-size:cover;--awb-border-color:#00b9a4;--awb-border-left:5px;--awb-border-style:solid;--awb-flex-grow:0;--awb-flex-shrink:0;--awb-flex-grow-medium:0;--awb-flex-shrink-medium:0;--awb-flex-grow-small:0;--awb-flex-shrink-small:0;\" data-scroll-devices=\"small-visibility,medium-visibility,large-visibility\"><span class=\"fusion-column-inner-bg hover-type-none\"><a class=\"fusion-column-anchor\" href=\"https:\/\/www.familleslgbt.org\/1463149763\/Stewart%202014.pdf\" rel=\"noopener noreferrer\" target=\"_blank\"><span class=\"fusion-column-inner-bg-image\"><\/span><\/a><\/span><div class=\"fusion-column-wrapper fusion-column-has-shadow fusion-flex-justify-content-flex-start fusion-content-layout-row fusion-flex-align-items-stretch\"><div class=\"fusion-text fusion-text-187 tag-doc-cat tag-documents\"><\/div><div class=\"fusion-title title fusion-title-94 fusion-sep-none fusion-title-text fusion-title-size-four\" style=\"--awb-margin-top-small:10px;--awb-margin-right-small:0px;--awb-margin-bottom-small:10px;--awb-margin-left-small:0px;\"><h4 class=\"fusion-title-heading title-heading-left\" style=\"margin:0;\"><a href=\"https:\/\/www.familleslgbt.org\/1463149763\/Stewart%202014.pdf\" class=\"awb-custom-text-color awb-custom-text-hover-color\" target=\"_self\">Suicide chez les jeunes LGBTQ<\/a><\/h4><\/div><div class=\"fusion-text fusion-text-188\"><p>Ken Stewart, D. Ryan Dyck, Conf\u00e9rence intergouvernementale des coroners en chef et des m\u00e9decins l\u00e9gistes en chef du Canada, Fonds \u00c9gale Canada pour les droits de la personne (FECDP), (2014) In french only<\/p>\n<\/div><\/div><\/li>\n<li class=\"fusion-layout-column fusion_builder_column fusion-builder-column-95 fusion-flex-column fusion-column-inner-bg-wrapper post-card fusion-grid-column fusion-post-cards-grid-column\" style=\"--awb-padding-top:20px;--awb-padding-right:20px;--awb-padding-bottom:20px;--awb-padding-left:20px;--awb-inner-bg-color:#f7f3ef;--awb-inner-bg-color-hover:#f7f3ef;--awb-inner-bg-blend:overlay;--awb-inner-bg-size:cover;--awb-border-color:#00b9a4;--awb-border-left:5px;--awb-border-style:solid;--awb-flex-grow:0;--awb-flex-shrink:0;--awb-flex-grow-medium:0;--awb-flex-shrink-medium:0;--awb-flex-grow-small:0;--awb-flex-shrink-small:0;\" data-scroll-devices=\"small-visibility,medium-visibility,large-visibility\"><span class=\"fusion-column-inner-bg hover-type-none\"><a class=\"fusion-column-anchor\" href=\"https:\/\/www.suicideinfo.ca\/resource\/transgender-people-suicide\/\" rel=\"noopener noreferrer\" target=\"_blank\"><span class=\"fusion-column-inner-bg-image\"><\/span><\/a><\/span><div class=\"fusion-column-wrapper fusion-column-has-shadow fusion-flex-justify-content-flex-start fusion-content-layout-row fusion-flex-align-items-stretch\"><div class=\"fusion-text fusion-text-189 tag-doc-cat tag-documents\"><\/div><div class=\"fusion-title title fusion-title-95 fusion-sep-none fusion-title-text fusion-title-size-four\" style=\"--awb-margin-top-small:10px;--awb-margin-right-small:0px;--awb-margin-bottom-small:10px;--awb-margin-left-small:0px;\"><h4 class=\"fusion-title-heading title-heading-left\" style=\"margin:0;\"><a href=\"https:\/\/www.suicideinfo.ca\/resource\/transgender-people-suicide\/\" class=\"awb-custom-text-color awb-custom-text-hover-color\" target=\"_self\">Transgender people and suicide<\/a><\/h4><\/div><div class=\"fusion-text fusion-text-190\"><p>Centre for suicide prevention<\/p>\n<\/div><\/div><\/li>\n<li class=\"fusion-layout-column fusion_builder_column fusion-builder-column-96 fusion-flex-column fusion-column-inner-bg-wrapper post-card fusion-grid-column fusion-post-cards-grid-column lgbtq-identities\" style=\"--awb-padding-top:20px;--awb-padding-right:20px;--awb-padding-bottom:20px;--awb-padding-left:20px;--awb-inner-bg-color:#f7f3ef;--awb-inner-bg-color-hover:#f7f3ef;--awb-inner-bg-blend:overlay;--awb-inner-bg-size:cover;--awb-border-color:#00b9a4;--awb-border-left:5px;--awb-border-style:solid;--awb-flex-grow:0;--awb-flex-shrink:0;--awb-flex-grow-medium:0;--awb-flex-shrink-medium:0;--awb-flex-grow-small:0;--awb-flex-shrink-small:0;\" data-scroll-devices=\"small-visibility,medium-visibility,large-visibility\"><span class=\"fusion-column-inner-bg hover-type-none\"><a class=\"fusion-column-anchor\" href=\"https:\/\/onedrive.live.com\/?authkey=%21AFGud6Lhlv4XFOA&#038;cid=5254736A62E882AD&#038;id=5254736A62E882AD%215830&#038;parId=5254736A62E882AD%215829&#038;o=OneUp\" rel=\"noopener noreferrer\" target=\"_blank\"><span class=\"fusion-column-inner-bg-image\"><\/span><\/a><\/span><div class=\"fusion-column-wrapper fusion-column-has-shadow fusion-flex-justify-content-flex-start fusion-content-layout-row fusion-flex-align-items-stretch\"><div class=\"fusion-text fusion-text-191 tag-doc-cat tag-documents\"><p><a href=\"https:\/\/interligne.co\/en\/categorie-de-document\/lgbtq-identities\/\" title=\"LGBTQ+ Identities\">LGBTQ+ Identities<\/a><\/p>\n<\/div><div class=\"fusion-title title fusion-title-96 fusion-sep-none fusion-title-text fusion-title-size-four\" style=\"--awb-margin-top-small:10px;--awb-margin-right-small:0px;--awb-margin-bottom-small:10px;--awb-margin-left-small:0px;\"><h4 class=\"fusion-title-heading title-heading-left\" style=\"margin:0;\"><a href=\"https:\/\/onedrive.live.com\/?authkey=%21AFGud6Lhlv4XFOA&amp;cid=5254736A62E882AD&amp;id=5254736A62E882AD%215830&amp;parId=5254736A62E882AD%215829&amp;o=OneUp\" class=\"awb-custom-text-color awb-custom-text-hover-color\" target=\"_self\">Celebrating Two-Spirit Identities\/ C\u00e9l\u00e9brer les identit\u00e9s Two-Spirit\/Wi&#8217;gatignji&#8217;j: Kepmitelmujig Two-Spirit Telnenujij<\/a><\/h4><\/div><div class=\"fusion-text fusion-text-192\"><p>LGBT+ Baie-des-Chaleurs, (2021)<\/p>\n<\/div><\/div><\/li>\n<li class=\"fusion-layout-column fusion_builder_column fusion-builder-column-97 fusion-flex-column fusion-column-inner-bg-wrapper post-card fusion-grid-column fusion-post-cards-grid-column health\" style=\"--awb-padding-top:20px;--awb-padding-right:20px;--awb-padding-bottom:20px;--awb-padding-left:20px;--awb-inner-bg-color:#f7f3ef;--awb-inner-bg-color-hover:#f7f3ef;--awb-inner-bg-blend:overlay;--awb-inner-bg-size:cover;--awb-border-color:#00b9a4;--awb-border-left:5px;--awb-border-style:solid;--awb-flex-grow:0;--awb-flex-shrink:0;--awb-flex-grow-medium:0;--awb-flex-shrink-medium:0;--awb-flex-grow-small:0;--awb-flex-shrink-small:0;\" data-scroll-devices=\"small-visibility,medium-visibility,large-visibility\"><span class=\"fusion-column-inner-bg hover-type-none\"><a class=\"fusion-column-anchor\" href=\"http:\/\/www.solidaritelesbienne.qc.ca\/csl\/wp-content\/uploads\/2021\/06\/csl_guide_itss.pdf\" rel=\"noopener noreferrer\" target=\"_blank\"><span class=\"fusion-column-inner-bg-image\"><\/span><\/a><\/span><div class=\"fusion-column-wrapper fusion-column-has-shadow fusion-flex-justify-content-flex-start fusion-content-layout-row fusion-flex-align-items-stretch\"><div class=\"fusion-text fusion-text-193 tag-doc-cat tag-documents\"><p><a href=\"https:\/\/interligne.co\/en\/categorie-de-document\/health\/\" title=\"Health and Sexuality\">Health and Sexuality<\/a><\/p>\n<\/div><div class=\"fusion-title title fusion-title-97 fusion-sep-none fusion-title-text fusion-title-size-four\" style=\"--awb-margin-top-small:10px;--awb-margin-right-small:0px;--awb-margin-bottom-small:10px;--awb-margin-left-small:0px;\"><h4 class=\"fusion-title-heading title-heading-left\" style=\"margin:0;\"><a href=\"http:\/\/www.solidaritelesbienne.qc.ca\/csl\/wp-content\/uploads\/2021\/06\/csl_guide_itss.pdf\" class=\"awb-custom-text-color awb-custom-text-hover-color\" target=\"_self\">Relations lesbiennes et queer \u2014 Guide pour une sexualit\u00e9 plus s\u00e9curitaire<\/a><\/h4><\/div><div class=\"fusion-text fusion-text-194\"><p>Centre de solidarit\u00e9 lesbienne, (2021) In french only<\/p>\n<\/div><\/div><\/li>\n<li class=\"fusion-layout-column fusion_builder_column fusion-builder-column-98 fusion-flex-column fusion-column-inner-bg-wrapper post-card fusion-grid-column fusion-post-cards-grid-column gender-identities\" style=\"--awb-padding-top:20px;--awb-padding-right:20px;--awb-padding-bottom:20px;--awb-padding-left:20px;--awb-inner-bg-color:#f7f3ef;--awb-inner-bg-color-hover:#f7f3ef;--awb-inner-bg-blend:overlay;--awb-inner-bg-size:cover;--awb-border-color:#00b9a4;--awb-border-left:5px;--awb-border-style:solid;--awb-flex-grow:0;--awb-flex-shrink:0;--awb-flex-grow-medium:0;--awb-flex-shrink-medium:0;--awb-flex-grow-small:0;--awb-flex-shrink-small:0;\" data-scroll-devices=\"small-visibility,medium-visibility,large-visibility\"><span class=\"fusion-column-inner-bg hover-type-none\"><a class=\"fusion-column-anchor\" href=\"https:\/\/www.apadivisions.org\/division-44\/resources\/advocacy\/transgender.pdf?_ga=2.134921586.2073497278.1622473773-1782467137.1622473773\" rel=\"noopener noreferrer\" target=\"_blank\"><span class=\"fusion-column-inner-bg-image\"><\/span><\/a><\/span><div class=\"fusion-column-wrapper fusion-column-has-shadow fusion-flex-justify-content-flex-start fusion-content-layout-row fusion-flex-align-items-stretch\"><div class=\"fusion-text fusion-text-195 tag-doc-cat tag-documents\"><p><a href=\"https:\/\/interligne.co\/en\/categorie-de-document\/gender-identities\/\" title=\"Gender Identities\">Gender Identities<\/a><\/p>\n<\/div><div class=\"fusion-title title fusion-title-98 fusion-sep-none fusion-title-text fusion-title-size-four\" style=\"--awb-margin-top-small:10px;--awb-margin-right-small:0px;--awb-margin-bottom-small:10px;--awb-margin-left-small:0px;\"><h4 class=\"fusion-title-heading title-heading-left\" style=\"margin:0;\"><a href=\"https:\/\/www.apadivisions.org\/division-44\/resources\/advocacy\/transgender.pdf?_ga=2.134921586.2073497278.1622473773-1782467137.1622473773\" class=\"awb-custom-text-color awb-custom-text-hover-color\" target=\"_self\">Bibliography of Transgender Literature: 2000-2010<\/a><\/h4><\/div><div class=\"fusion-text fusion-text-196\"><p>Lore M. Dickey, Laura Alie, and S. L. Colton Meier, American Psychological Association (APA), (2011)<\/p>\n<\/div><\/div><\/li>\n<li class=\"fusion-layout-column fusion_builder_column fusion-builder-column-99 fusion-flex-column fusion-column-inner-bg-wrapper post-card fusion-grid-column fusion-post-cards-grid-column health\" style=\"--awb-padding-top:20px;--awb-padding-right:20px;--awb-padding-bottom:20px;--awb-padding-left:20px;--awb-inner-bg-color:#f7f3ef;--awb-inner-bg-color-hover:#f7f3ef;--awb-inner-bg-blend:overlay;--awb-inner-bg-size:cover;--awb-border-color:#00b9a4;--awb-border-left:5px;--awb-border-style:solid;--awb-flex-grow:0;--awb-flex-shrink:0;--awb-flex-grow-medium:0;--awb-flex-shrink-medium:0;--awb-flex-grow-small:0;--awb-flex-shrink-small:0;\" data-scroll-devices=\"small-visibility,medium-visibility,large-visibility\"><span class=\"fusion-column-inner-bg hover-type-none\"><a class=\"fusion-column-anchor\" href=\"https:\/\/acommealliees.ca\/pdf\/petitmanuelfemme.pdf\" rel=\"noopener noreferrer\" target=\"_blank\"><span class=\"fusion-column-inner-bg-image\"><\/span><\/a><\/span><div class=\"fusion-column-wrapper fusion-column-has-shadow fusion-flex-justify-content-flex-start fusion-content-layout-row fusion-flex-align-items-stretch\"><div class=\"fusion-text fusion-text-197 tag-doc-cat tag-documents\"><p><a href=\"https:\/\/interligne.co\/en\/categorie-de-document\/health\/\" title=\"Health and Sexuality\">Health and Sexuality<\/a><\/p>\n<\/div><div class=\"fusion-title title fusion-title-99 fusion-sep-none fusion-title-text fusion-title-size-four\" style=\"--awb-margin-top-small:10px;--awb-margin-right-small:0px;--awb-margin-bottom-small:10px;--awb-margin-left-small:0px;\"><h4 class=\"fusion-title-heading title-heading-left\" style=\"margin:0;\"><a href=\"https:\/\/acommealliees.ca\/pdf\/petitmanuelfemme.pdf\" class=\"awb-custom-text-color awb-custom-text-hover-color\" target=\"_self\">Petit manuel des infections sexuellement transmissibles entre femmes<\/a><\/h4><\/div><div class=\"fusion-text fusion-text-198\"><p>Commission lesbophobie de SOS homophobie, (2014) In french only<\/p>\n<\/div><\/div><\/li>\n<li class=\"fusion-layout-column fusion_builder_column fusion-builder-column-100 fusion-flex-column fusion-column-inner-bg-wrapper post-card fusion-grid-column fusion-post-cards-grid-column health\" style=\"--awb-padding-top:20px;--awb-padding-right:20px;--awb-padding-bottom:20px;--awb-padding-left:20px;--awb-inner-bg-color:#f7f3ef;--awb-inner-bg-color-hover:#f7f3ef;--awb-inner-bg-blend:overlay;--awb-inner-bg-size:cover;--awb-border-color:#00b9a4;--awb-border-left:5px;--awb-border-style:solid;--awb-flex-grow:0;--awb-flex-shrink:0;--awb-flex-grow-medium:0;--awb-flex-shrink-medium:0;--awb-flex-grow-small:0;--awb-flex-shrink-small:0;\" data-scroll-devices=\"small-visibility,medium-visibility,large-visibility\"><span class=\"fusion-column-inner-bg hover-type-none\"><a class=\"fusion-column-anchor\" href=\"https:\/\/acommealliees.ca\/pdf\/lesitss.pdf\" rel=\"noopener noreferrer\" target=\"_blank\"><span class=\"fusion-column-inner-bg-image\"><\/span><\/a><\/span><div class=\"fusion-column-wrapper fusion-column-has-shadow fusion-flex-justify-content-flex-start fusion-content-layout-row fusion-flex-align-items-stretch\"><div class=\"fusion-text fusion-text-199 tag-doc-cat tag-documents\"><p><a href=\"https:\/\/interligne.co\/en\/categorie-de-document\/health\/\" title=\"Health and Sexuality\">Health and Sexuality<\/a><\/p>\n<\/div><div class=\"fusion-title title fusion-title-100 fusion-sep-none fusion-title-text fusion-title-size-four\" style=\"--awb-margin-top-small:10px;--awb-margin-right-small:0px;--awb-margin-bottom-small:10px;--awb-margin-left-small:0px;\"><h4 class=\"fusion-title-heading title-heading-left\" style=\"margin:0;\"><a href=\"https:\/\/acommealliees.ca\/pdf\/lesitss.pdf\" class=\"awb-custom-text-color awb-custom-text-hover-color\" target=\"_self\">Les ITSS: mieux les conna\u00eetre<\/a><\/h4><\/div><div class=\"fusion-text fusion-text-200\"><p>Gouvernement du Qu\u00e9bec, (2013) In french only<\/p>\n<\/div><\/div><\/li>\n<li class=\"fusion-layout-column fusion_builder_column fusion-builder-column-101 fusion-flex-column fusion-column-inner-bg-wrapper post-card fusion-grid-column fusion-post-cards-grid-column lgbtq-identities workplace\" style=\"--awb-padding-top:20px;--awb-padding-right:20px;--awb-padding-bottom:20px;--awb-padding-left:20px;--awb-inner-bg-color:#f7f3ef;--awb-inner-bg-color-hover:#f7f3ef;--awb-inner-bg-blend:overlay;--awb-inner-bg-size:cover;--awb-border-color:#00b9a4;--awb-border-left:5px;--awb-border-style:solid;--awb-flex-grow:0;--awb-flex-shrink:0;--awb-flex-grow-medium:0;--awb-flex-shrink-medium:0;--awb-flex-grow-small:0;--awb-flex-shrink-small:0;\" data-scroll-devices=\"small-visibility,medium-visibility,large-visibility\"><span class=\"fusion-column-inner-bg hover-type-none\"><a class=\"fusion-column-anchor\" href=\"https:\/\/acommealliees.ca\/pdf\/comprendrediversitesexuel.pdf\" rel=\"noopener noreferrer\" target=\"_blank\"><span class=\"fusion-column-inner-bg-image\"><\/span><\/a><\/span><div class=\"fusion-column-wrapper fusion-column-has-shadow fusion-flex-justify-content-flex-start fusion-content-layout-row fusion-flex-align-items-stretch\"><div class=\"fusion-text fusion-text-201 tag-doc-cat tag-documents\"><p><a href=\"https:\/\/interligne.co\/en\/categorie-de-document\/lgbtq-identities\/\" title=\"LGBTQ+ Identities\">LGBTQ+ Identities<\/a>-<a href=\"https:\/\/interligne.co\/en\/categorie-de-document\/workplace\/\" title=\"Workplace\">Workplace<\/a><\/p>\n<\/div><div class=\"fusion-title title fusion-title-101 fusion-sep-none fusion-title-text fusion-title-size-four\" style=\"--awb-margin-top-small:10px;--awb-margin-right-small:0px;--awb-margin-bottom-small:10px;--awb-margin-left-small:0px;\"><h4 class=\"fusion-title-heading title-heading-left\" style=\"margin:0;\"><a href=\"https:\/\/acommealliees.ca\/pdf\/comprendrediversitesexuel.pdf\" class=\"awb-custom-text-color awb-custom-text-hover-color\" target=\"_self\">Comprendre la diversit\u00e9 sexuelle<\/a><\/h4><\/div><div class=\"fusion-text fusion-text-202\"><p>Association canadienne pour la sant\u00e9 mentale, (2004) In french only<\/p>\n<\/div><\/div><\/li>\n<li class=\"fusion-layout-column fusion_builder_column fusion-builder-column-102 fusion-flex-column fusion-column-inner-bg-wrapper post-card fusion-grid-column fusion-post-cards-grid-column health\" style=\"--awb-padding-top:20px;--awb-padding-right:20px;--awb-padding-bottom:20px;--awb-padding-left:20px;--awb-inner-bg-color:#f7f3ef;--awb-inner-bg-color-hover:#f7f3ef;--awb-inner-bg-blend:overlay;--awb-inner-bg-size:cover;--awb-border-color:#00b9a4;--awb-border-left:5px;--awb-border-style:solid;--awb-flex-grow:0;--awb-flex-shrink:0;--awb-flex-grow-medium:0;--awb-flex-shrink-medium:0;--awb-flex-grow-small:0;--awb-flex-shrink-small:0;\" data-scroll-devices=\"small-visibility,medium-visibility,large-visibility\"><span class=\"fusion-column-inner-bg hover-type-none\"><a class=\"fusion-column-anchor\" href=\"https:\/\/acommealliees.ca\/pdf\/monlivredelit.pdf\" rel=\"noopener noreferrer\" target=\"_blank\"><span class=\"fusion-column-inner-bg-image\"><\/span><\/a><\/span><div class=\"fusion-column-wrapper fusion-column-has-shadow fusion-flex-justify-content-flex-start fusion-content-layout-row fusion-flex-align-items-stretch\"><div class=\"fusion-text fusion-text-203 tag-doc-cat tag-documents\"><p><a href=\"https:\/\/interligne.co\/en\/categorie-de-document\/health\/\" title=\"Health and Sexuality\">Health and Sexuality<\/a><\/p>\n<\/div><div class=\"fusion-title title fusion-title-102 fusion-sep-none fusion-title-text fusion-title-size-four\" style=\"--awb-margin-top-small:10px;--awb-margin-right-small:0px;--awb-margin-bottom-small:10px;--awb-margin-left-small:0px;\"><h4 class=\"fusion-title-heading title-heading-left\" style=\"margin:0;\"><a href=\"https:\/\/acommealliees.ca\/pdf\/monlivredelit.pdf\" class=\"awb-custom-text-color awb-custom-text-hover-color\" target=\"_self\">&#8220;Mon livre de lit&#8221; pour une sexualit\u00e9 plaisir en sant\u00e9, vol. 1<\/a><\/h4><\/div><div class=\"fusion-text fusion-text-204\"><p>ACTION S\u00c9RO-Z\u00c9RO, (2004) In french only<\/p>\n<\/div><\/div><\/li>\n<li class=\"fusion-layout-column fusion_builder_column fusion-builder-column-103 fusion-flex-column fusion-column-inner-bg-wrapper post-card fusion-grid-column fusion-post-cards-grid-column health\" style=\"--awb-padding-top:20px;--awb-padding-right:20px;--awb-padding-bottom:20px;--awb-padding-left:20px;--awb-inner-bg-color:#f7f3ef;--awb-inner-bg-color-hover:#f7f3ef;--awb-inner-bg-blend:overlay;--awb-inner-bg-size:cover;--awb-border-color:#00b9a4;--awb-border-left:5px;--awb-border-style:solid;--awb-flex-grow:0;--awb-flex-shrink:0;--awb-flex-grow-medium:0;--awb-flex-shrink-medium:0;--awb-flex-grow-small:0;--awb-flex-shrink-small:0;\" data-scroll-devices=\"small-visibility,medium-visibility,large-visibility\"><span class=\"fusion-column-inner-bg hover-type-none\"><a class=\"fusion-column-anchor\" href=\"https:\/\/acommealliees.ca\/pdf\/Guidelines-and-Protocols-for-Comprehensive-Primary-Care-for-Trans-Clients-2015.pdf\" rel=\"noopener noreferrer\" target=\"_blank\"><span class=\"fusion-column-inner-bg-image\"><\/span><\/a><\/span><div class=\"fusion-column-wrapper fusion-column-has-shadow fusion-flex-justify-content-flex-start fusion-content-layout-row fusion-flex-align-items-stretch\"><div class=\"fusion-text fusion-text-205 tag-doc-cat tag-documents\"><p><a href=\"https:\/\/interligne.co\/en\/categorie-de-document\/health\/\" title=\"Health and Sexuality\">Health and Sexuality<\/a><\/p>\n<\/div><div class=\"fusion-title title fusion-title-103 fusion-sep-none fusion-title-text fusion-title-size-four\" style=\"--awb-margin-top-small:10px;--awb-margin-right-small:0px;--awb-margin-bottom-small:10px;--awb-margin-left-small:0px;\"><h4 class=\"fusion-title-heading title-heading-left\" style=\"margin:0;\"><a href=\"https:\/\/acommealliees.ca\/pdf\/Guidelines-and-Protocols-for-Comprehensive-Primary-Care-for-Trans-Clients-2015.pdf\" class=\"awb-custom-text-color awb-custom-text-hover-color\" target=\"_self\">Guidelines and Protocols for Hormone Therapy and Primary Health Care for Trans Clients<\/a><\/h4><\/div><div class=\"fusion-text fusion-text-206\"><p>Sherbourne Health Centre, (2015)<\/p>\n<\/div><\/div><\/li>\n<li class=\"fusion-layout-column fusion_builder_column fusion-builder-column-104 fusion-flex-column fusion-column-inner-bg-wrapper post-card fusion-grid-column fusion-post-cards-grid-column gender-identities\" style=\"--awb-padding-top:20px;--awb-padding-right:20px;--awb-padding-bottom:20px;--awb-padding-left:20px;--awb-inner-bg-color:#f7f3ef;--awb-inner-bg-color-hover:#f7f3ef;--awb-inner-bg-blend:overlay;--awb-inner-bg-size:cover;--awb-border-color:#00b9a4;--awb-border-left:5px;--awb-border-style:solid;--awb-flex-grow:0;--awb-flex-shrink:0;--awb-flex-grow-medium:0;--awb-flex-shrink-medium:0;--awb-flex-grow-small:0;--awb-flex-shrink-small:0;\" data-scroll-devices=\"small-visibility,medium-visibility,large-visibility\"><span class=\"fusion-column-inner-bg hover-type-none\"><a class=\"fusion-column-anchor\" href=\"https:\/\/wwa-chairehomophobie.uqam.ca\/upload\/files\/ILGA_Europe_Guide_alli%C3%A9_intersexe_2015.pdf\" rel=\"noopener noreferrer\" target=\"_blank\"><span class=\"fusion-column-inner-bg-image\"><\/span><\/a><\/span><div class=\"fusion-column-wrapper fusion-column-has-shadow fusion-flex-justify-content-flex-start fusion-content-layout-row fusion-flex-align-items-stretch\"><div class=\"fusion-text fusion-text-207 tag-doc-cat tag-documents\"><p><a href=\"https:\/\/interligne.co\/en\/categorie-de-document\/gender-identities\/\" title=\"Gender Identities\">Gender Identities<\/a><\/p>\n<\/div><div class=\"fusion-title title fusion-title-104 fusion-sep-none fusion-title-text fusion-title-size-four\" style=\"--awb-margin-top-small:10px;--awb-margin-right-small:0px;--awb-margin-bottom-small:10px;--awb-margin-left-small:0px;\"><h4 class=\"fusion-title-heading title-heading-left\" style=\"margin:0;\"><a href=\"https:\/\/wwa-chairehomophobie.uqam.ca\/upload\/files\/ILGA_Europe_Guide_alli%C3%A9_intersexe_2015.pdf\" class=\"awb-custom-text-color awb-custom-text-hover-color\" target=\"_self\">Standing up for the human rights of intersex people &#8211; How can you help?<\/a><\/h4><\/div><div class=\"fusion-text fusion-text-208\"><p>Dan Christian Ghattas, ILGA Europe (2015)<\/p>\n<\/div><\/div><\/li>\n<li class=\"fusion-layout-column fusion_builder_column fusion-builder-column-105 fusion-flex-column fusion-column-inner-bg-wrapper post-card fusion-grid-column fusion-post-cards-grid-column gender-identities\" style=\"--awb-padding-top:20px;--awb-padding-right:20px;--awb-padding-bottom:20px;--awb-padding-left:20px;--awb-inner-bg-color:#f7f3ef;--awb-inner-bg-color-hover:#f7f3ef;--awb-inner-bg-blend:overlay;--awb-inner-bg-size:cover;--awb-border-color:#00b9a4;--awb-border-left:5px;--awb-border-style:solid;--awb-flex-grow:0;--awb-flex-shrink:0;--awb-flex-grow-medium:0;--awb-flex-shrink-medium:0;--awb-flex-grow-small:0;--awb-flex-shrink-small:0;\" data-scroll-devices=\"small-visibility,medium-visibility,large-visibility\"><span class=\"fusion-column-inner-bg hover-type-none\"><a class=\"fusion-column-anchor\" href=\"https:\/\/cdn.ca.yapla.com\/company\/CPY41IagWPdA4QEj1EV11F2l\/asset\/files\/CCLGBTQ\/Guide-mieux-comprendre-enjeux-trans_CQ-LGBT%20(1).pdf\" rel=\"noopener noreferrer\" target=\"_blank\"><span class=\"fusion-column-inner-bg-image\"><\/span><\/a><\/span><div class=\"fusion-column-wrapper fusion-column-has-shadow fusion-flex-justify-content-flex-start fusion-content-layout-row fusion-flex-align-items-stretch\"><div class=\"fusion-text fusion-text-209 tag-doc-cat tag-documents\"><p><a href=\"https:\/\/interligne.co\/en\/categorie-de-document\/gender-identities\/\" title=\"Gender Identities\">Gender Identities<\/a><\/p>\n<\/div><div class=\"fusion-title title fusion-title-105 fusion-sep-none fusion-title-text fusion-title-size-four\" style=\"--awb-margin-top-small:10px;--awb-margin-right-small:0px;--awb-margin-bottom-small:10px;--awb-margin-left-small:0px;\"><h4 class=\"fusion-title-heading title-heading-left\" style=\"margin:0;\"><a href=\"https:\/\/cdn.ca.yapla.com\/company\/CPY41IagWPdA4QEj1EV11F2l\/asset\/files\/CCLGBTQ\/Guide-mieux-comprendre-enjeux-trans_CQ-LGBT%20(1).pdf\" class=\"awb-custom-text-color awb-custom-text-hover-color\" target=\"_self\">Mieux nommer et mieux comprendre : changer de regard sur les r\u00e9alit\u00e9s de la diversit\u00e9 de genre et les enjeux trans<\/a><\/h4><\/div><div class=\"fusion-text fusion-text-210\"><p>Lucile Cr\u00e9mier and Lou Tajeddine, Conseil qu\u00e9b\u00e9cois LGBT, (2020) In french only<\/p>\n<\/div><\/div><\/li>\n<li class=\"fusion-layout-column fusion_builder_column fusion-builder-column-106 fusion-flex-column fusion-column-inner-bg-wrapper post-card fusion-grid-column fusion-post-cards-grid-column representation-en\" style=\"--awb-padding-top:20px;--awb-padding-right:20px;--awb-padding-bottom:20px;--awb-padding-left:20px;--awb-inner-bg-color:#f7f3ef;--awb-inner-bg-color-hover:#f7f3ef;--awb-inner-bg-blend:overlay;--awb-inner-bg-size:cover;--awb-border-color:#00b9a4;--awb-border-left:5px;--awb-border-style:solid;--awb-flex-grow:0;--awb-flex-shrink:0;--awb-flex-grow-medium:0;--awb-flex-shrink-medium:0;--awb-flex-grow-small:0;--awb-flex-shrink-small:0;\" data-scroll-devices=\"small-visibility,medium-visibility,large-visibility\"><span class=\"fusion-column-inner-bg hover-type-none\"><a class=\"fusion-column-anchor\" href=\"https:\/\/reqef.uqam.ca\/publications\/quebequeer-le-queer-dans-les-productions-litteraires-artistiques-et-mediatiques-quebecoises\/#more-3962\" rel=\"noopener noreferrer\" target=\"_blank\"><span class=\"fusion-column-inner-bg-image\"><\/span><\/a><\/span><div class=\"fusion-column-wrapper fusion-column-has-shadow fusion-flex-justify-content-flex-start fusion-content-layout-row fusion-flex-align-items-stretch\"><div class=\"fusion-text fusion-text-211 tag-doc-cat tag-documents\"><p><a href=\"https:\/\/interligne.co\/en\/categorie-de-document\/representation-en\/\" title=\"Representation\">Representation<\/a><\/p>\n<\/div><div class=\"fusion-title title fusion-title-106 fusion-sep-none fusion-title-text fusion-title-size-four\" style=\"--awb-margin-top-small:10px;--awb-margin-right-small:0px;--awb-margin-bottom-small:10px;--awb-margin-left-small:0px;\"><h4 class=\"fusion-title-heading title-heading-left\" style=\"margin:0;\"><a href=\"https:\/\/reqef.uqam.ca\/publications\/quebequeer-le-queer-dans-les-productions-litteraires-artistiques-et-mediatiques-quebecoises\/#more-3962\" class=\"awb-custom-text-color awb-custom-text-hover-color\" target=\"_self\">\u00ab Qu\u00e9bequeer : le queer dans les productions litt\u00e9raires, artistiques et m\u00e9diatiques qu\u00e9b\u00e9coises \u00bb<\/a><\/h4><\/div><div class=\"fusion-text fusion-text-212\"><p>Isabelle Boisclair, (2020) In french only<\/p>\n<\/div><\/div><\/li>\n<li class=\"fusion-layout-column fusion_builder_column fusion-builder-column-107 fusion-flex-column fusion-column-inner-bg-wrapper post-card fusion-grid-column fusion-post-cards-grid-column education-en\" style=\"--awb-padding-top:20px;--awb-padding-right:20px;--awb-padding-bottom:20px;--awb-padding-left:20px;--awb-inner-bg-color:#f7f3ef;--awb-inner-bg-color-hover:#f7f3ef;--awb-inner-bg-blend:overlay;--awb-inner-bg-size:cover;--awb-border-color:#00b9a4;--awb-border-left:5px;--awb-border-style:solid;--awb-flex-grow:0;--awb-flex-shrink:0;--awb-flex-grow-medium:0;--awb-flex-shrink-medium:0;--awb-flex-grow-small:0;--awb-flex-shrink-small:0;\" data-scroll-devices=\"small-visibility,medium-visibility,large-visibility\"><span class=\"fusion-column-inner-bg hover-type-none\"><a class=\"fusion-column-anchor\" href=\"https:\/\/bit.ly\/UnisDiversite\" rel=\"noopener noreferrer\" target=\"_blank\"><span class=\"fusion-column-inner-bg-image\"><\/span><\/a><\/span><div class=\"fusion-column-wrapper fusion-column-has-shadow fusion-flex-justify-content-flex-start fusion-content-layout-row fusion-flex-align-items-stretch\"><div class=\"fusion-text fusion-text-213 tag-doc-cat tag-documents\"><p><a href=\"https:\/\/interligne.co\/en\/categorie-de-document\/education-en\/\" title=\"Education\">Education<\/a><\/p>\n<\/div><div class=\"fusion-title title fusion-title-107 fusion-sep-none fusion-title-text fusion-title-size-four\" style=\"--awb-margin-top-small:10px;--awb-margin-right-small:0px;--awb-margin-bottom-small:10px;--awb-margin-left-small:0px;\"><h4 class=\"fusion-title-heading title-heading-left\" style=\"margin:0;\"><a href=\"https:\/\/bit.ly\/UnisDiversite\" class=\"awb-custom-text-color awb-custom-text-hover-color\" target=\"_self\">Unis dans la diversit\u00e9 : guide d&#8217;animation pour les \u00e9l\u00e8ves du primaire<\/a><\/h4><\/div><div class=\"fusion-text fusion-text-214\"><p>GRIS Montr\u00e9al, (2016) In french only<\/p>\n<\/div><\/div><\/li>\n<li class=\"fusion-layout-column fusion_builder_column fusion-builder-column-108 fusion-flex-column fusion-column-inner-bg-wrapper post-card fusion-grid-column fusion-post-cards-grid-column lgbtq-identities\" style=\"--awb-padding-top:20px;--awb-padding-right:20px;--awb-padding-bottom:20px;--awb-padding-left:20px;--awb-inner-bg-color:#f7f3ef;--awb-inner-bg-color-hover:#f7f3ef;--awb-inner-bg-blend:overlay;--awb-inner-bg-size:cover;--awb-border-color:#00b9a4;--awb-border-left:5px;--awb-border-style:solid;--awb-flex-grow:0;--awb-flex-shrink:0;--awb-flex-grow-medium:0;--awb-flex-shrink-medium:0;--awb-flex-grow-small:0;--awb-flex-shrink-small:0;\" data-scroll-devices=\"small-visibility,medium-visibility,large-visibility\"><span class=\"fusion-column-inner-bg hover-type-none\"><a class=\"fusion-column-anchor\" href=\"https:\/\/wwa-chairehomophobie.uqam.ca\/upload\/files\/fiches-realises\/D%C3%A9finitions_diversit%C3%A9_sexuelle_et_de_genre.pdf\" rel=\"noopener noreferrer\" target=\"_blank\"><span class=\"fusion-column-inner-bg-image\"><\/span><\/a><\/span><div class=\"fusion-column-wrapper fusion-column-has-shadow fusion-flex-justify-content-flex-start fusion-content-layout-row fusion-flex-align-items-stretch\"><div class=\"fusion-text fusion-text-215 tag-doc-cat tag-documents\"><p><a href=\"https:\/\/interligne.co\/en\/categorie-de-document\/lgbtq-identities\/\" title=\"LGBTQ+ Identities\">LGBTQ+ Identities<\/a><\/p>\n<\/div><div class=\"fusion-title title fusion-title-108 fusion-sep-none fusion-title-text fusion-title-size-four\" style=\"--awb-margin-top-small:10px;--awb-margin-right-small:0px;--awb-margin-bottom-small:10px;--awb-margin-left-small:0px;\"><h4 class=\"fusion-title-heading title-heading-left\" style=\"margin:0;\"><a href=\"https:\/\/wwa-chairehomophobie.uqam.ca\/upload\/files\/fiches-realises\/D%C3%A9finitions_diversit%C3%A9_sexuelle_et_de_genre.pdf\" class=\"awb-custom-text-color awb-custom-text-hover-color\" target=\"_self\">Glossaire : D\u00e9finitions sur la diversit\u00e9 sexuelle et de genre<\/a><\/h4><\/div><div class=\"fusion-text fusion-text-216\"><p>Coalition des Familles LGBT, Interligne (Gai \u00c9coute), Chaire de recherche sur l'homophobie, (2016) In french only<\/p>\n<\/div><\/div><\/li>\n<li class=\"fusion-layout-column fusion_builder_column fusion-builder-column-109 fusion-flex-column fusion-column-inner-bg-wrapper post-card fusion-grid-column fusion-post-cards-grid-column mourning-and-suicide\" style=\"--awb-padding-top:20px;--awb-padding-right:20px;--awb-padding-bottom:20px;--awb-padding-left:20px;--awb-inner-bg-color:#f7f3ef;--awb-inner-bg-color-hover:#f7f3ef;--awb-inner-bg-blend:overlay;--awb-inner-bg-size:cover;--awb-border-color:#00b9a4;--awb-border-left:5px;--awb-border-style:solid;--awb-flex-grow:0;--awb-flex-shrink:0;--awb-flex-grow-medium:0;--awb-flex-shrink-medium:0;--awb-flex-grow-small:0;--awb-flex-shrink-small:0;\" data-scroll-devices=\"small-visibility,medium-visibility,large-visibility\"><span class=\"fusion-column-inner-bg hover-type-none\"><a class=\"fusion-column-anchor\" href=\"https:\/\/wwa-chairehomophobie.uqam.ca\/upload\/files\/fiches-realises\/suicide_jeunes.pdf\" rel=\"noopener noreferrer\" target=\"_blank\"><span class=\"fusion-column-inner-bg-image\"><\/span><\/a><\/span><div class=\"fusion-column-wrapper fusion-column-has-shadow fusion-flex-justify-content-flex-start fusion-content-layout-row fusion-flex-align-items-stretch\"><div class=\"fusion-text fusion-text-217 tag-doc-cat tag-documents\"><p><a href=\"https:\/\/interligne.co\/en\/categorie-de-document\/mourning-and-suicide\/\" title=\"Mourning and Suicide\">Mourning and Suicide<\/a><\/p>\n<\/div><div class=\"fusion-title title fusion-title-109 fusion-sep-none fusion-title-text fusion-title-size-four\" style=\"--awb-margin-top-small:10px;--awb-margin-right-small:0px;--awb-margin-bottom-small:10px;--awb-margin-left-small:0px;\"><h4 class=\"fusion-title-heading title-heading-left\" style=\"margin:0;\"><a href=\"https:\/\/wwa-chairehomophobie.uqam.ca\/upload\/files\/fiches-realises\/suicide_jeunes.pdf\" class=\"awb-custom-text-color awb-custom-text-hover-color\" target=\"_self\">Fiche synth\u00e8se sur le suicide : Les r\u00e9alit\u00e9s des jeunes LGBT<\/a><\/h4><\/div><div class=\"fusion-text fusion-text-218\"><p>Coalition des familles LGBT, Interligne (Gai \u00c9coute), Chaire de recherche sur l'homophobie, (2016) In french only<\/p>\n<\/div><\/div><\/li>\n<li class=\"fusion-layout-column fusion_builder_column fusion-builder-column-110 fusion-flex-column fusion-column-inner-bg-wrapper post-card fusion-grid-column fusion-post-cards-grid-column lgbtq-identities\" style=\"--awb-padding-top:20px;--awb-padding-right:20px;--awb-padding-bottom:20px;--awb-padding-left:20px;--awb-inner-bg-color:#f7f3ef;--awb-inner-bg-color-hover:#f7f3ef;--awb-inner-bg-blend:overlay;--awb-inner-bg-size:cover;--awb-border-color:#00b9a4;--awb-border-left:5px;--awb-border-style:solid;--awb-flex-grow:0;--awb-flex-shrink:0;--awb-flex-grow-medium:0;--awb-flex-shrink-medium:0;--awb-flex-grow-small:0;--awb-flex-shrink-small:0;\" data-scroll-devices=\"small-visibility,medium-visibility,large-visibility\"><span class=\"fusion-column-inner-bg hover-type-none\"><a class=\"fusion-column-anchor\" href=\"https:\/\/fneeq.qc.ca\/wp-content\/uploads\/Glossaire-2017-08-14-corr.pdf\" rel=\"noopener noreferrer\" target=\"_blank\"><span class=\"fusion-column-inner-bg-image\"><\/span><\/a><\/span><div class=\"fusion-column-wrapper fusion-column-has-shadow fusion-flex-justify-content-flex-start fusion-content-layout-row fusion-flex-align-items-stretch\"><div class=\"fusion-text fusion-text-219 tag-doc-cat tag-documents\"><p><a href=\"https:\/\/interligne.co\/en\/categorie-de-document\/lgbtq-identities\/\" title=\"LGBTQ+ Identities\">LGBTQ+ Identities<\/a><\/p>\n<\/div><div class=\"fusion-title title fusion-title-110 fusion-sep-none fusion-title-text fusion-title-size-four\" style=\"--awb-margin-top-small:10px;--awb-margin-right-small:0px;--awb-margin-bottom-small:10px;--awb-margin-left-small:0px;\"><h4 class=\"fusion-title-heading title-heading-left\" style=\"margin:0;\"><a href=\"https:\/\/fneeq.qc.ca\/wp-content\/uploads\/Glossaire-2017-08-14-corr.pdf\" class=\"awb-custom-text-color awb-custom-text-hover-color\" target=\"_self\">Glossaire : LGBTQI2SNBA+. Les mots de la diversit\u00e9 li\u00e9e au sexe, au genre et \u00e0 l&#8217;orientation sexuelle<\/a><\/h4><\/div><div class=\"fusion-text fusion-text-220\"><p>Dominique Dubuc, fneeq, (2017) In french only<\/p>\n<\/div><\/div><\/li>\n<li class=\"fusion-layout-column fusion_builder_column fusion-builder-column-111 fusion-flex-column fusion-column-inner-bg-wrapper post-card fusion-grid-column fusion-post-cards-grid-column lgbtq-identities\" style=\"--awb-padding-top:20px;--awb-padding-right:20px;--awb-padding-bottom:20px;--awb-padding-left:20px;--awb-inner-bg-color:#f7f3ef;--awb-inner-bg-color-hover:#f7f3ef;--awb-inner-bg-blend:overlay;--awb-inner-bg-size:cover;--awb-border-color:#00b9a4;--awb-border-left:5px;--awb-border-style:solid;--awb-flex-grow:0;--awb-flex-shrink:0;--awb-flex-grow-medium:0;--awb-flex-shrink-medium:0;--awb-flex-grow-small:0;--awb-flex-shrink-small:0;\" data-scroll-devices=\"small-visibility,medium-visibility,large-visibility\"><span class=\"fusion-column-inner-bg hover-type-none\"><a class=\"fusion-column-anchor\" href=\"https:\/\/www.gris.ca\/app\/uploads\/2019\/03\/de-l-autre-cote-du-placard.pdf\" rel=\"noopener noreferrer\" target=\"_blank\"><span class=\"fusion-column-inner-bg-image\"><\/span><\/a><\/span><div class=\"fusion-column-wrapper fusion-column-has-shadow fusion-flex-justify-content-flex-start fusion-content-layout-row fusion-flex-align-items-stretch\"><div class=\"fusion-text fusion-text-221 tag-doc-cat tag-documents\"><p><a href=\"https:\/\/interligne.co\/en\/categorie-de-document\/lgbtq-identities\/\" title=\"LGBTQ+ Identities\">LGBTQ+ Identities<\/a><\/p>\n<\/div><div class=\"fusion-title title fusion-title-111 fusion-sep-none fusion-title-text fusion-title-size-four\" style=\"--awb-margin-top-small:10px;--awb-margin-right-small:0px;--awb-margin-bottom-small:10px;--awb-margin-left-small:0px;\"><h4 class=\"fusion-title-heading title-heading-left\" style=\"margin:0;\"><a href=\"https:\/\/www.gris.ca\/app\/uploads\/2019\/03\/de-l-autre-cote-du-placard.pdf\" class=\"awb-custom-text-color awb-custom-text-hover-color\" target=\"_self\">De l&#8217;autre c\u00f4t\u00e9 du placard : Petit guide du coming out \u00e0 l&#8217;attention du personnel scolaire<\/a><\/h4><\/div><div class=\"fusion-text fusion-text-222\"><p>Gris Montr\u00e9al, (2019) In french only<\/p>\n<\/div><\/div><\/li>\n<li class=\"fusion-layout-column fusion_builder_column fusion-builder-column-112 fusion-flex-column fusion-column-inner-bg-wrapper post-card fusion-grid-column fusion-post-cards-grid-column gender-identities\" style=\"--awb-padding-top:20px;--awb-padding-right:20px;--awb-padding-bottom:20px;--awb-padding-left:20px;--awb-inner-bg-color:#f7f3ef;--awb-inner-bg-color-hover:#f7f3ef;--awb-inner-bg-blend:overlay;--awb-inner-bg-size:cover;--awb-border-color:#00b9a4;--awb-border-left:5px;--awb-border-style:solid;--awb-flex-grow:0;--awb-flex-shrink:0;--awb-flex-grow-medium:0;--awb-flex-shrink-medium:0;--awb-flex-grow-small:0;--awb-flex-shrink-small:0;\" data-scroll-devices=\"small-visibility,medium-visibility,large-visibility\"><span class=\"fusion-column-inner-bg hover-type-none\"><a class=\"fusion-column-anchor\" href=\"http:\/\/www.colloquehomophobie.org\/wp-content\/uploads\/2017\/11\/brochure_jeunes_trans_web-2.pdf\" rel=\"noopener noreferrer\" target=\"_blank\"><span class=\"fusion-column-inner-bg-image\"><\/span><\/a><\/span><div class=\"fusion-column-wrapper fusion-column-has-shadow fusion-flex-justify-content-flex-start fusion-content-layout-row fusion-flex-align-items-stretch\"><div class=\"fusion-text fusion-text-223 tag-doc-cat tag-documents\"><p><a href=\"https:\/\/interligne.co\/en\/categorie-de-document\/gender-identities\/\" title=\"Gender Identities\">Gender Identities<\/a><\/p>\n<\/div><div class=\"fusion-title title fusion-title-112 fusion-sep-none fusion-title-text fusion-title-size-four\" style=\"--awb-margin-top-small:10px;--awb-margin-right-small:0px;--awb-margin-bottom-small:10px;--awb-margin-left-small:0px;\"><h4 class=\"fusion-title-heading title-heading-left\" style=\"margin:0;\"><a href=\"http:\/\/www.colloquehomophobie.org\/wp-content\/uploads\/2017\/11\/brochure_jeunes_trans_web-2.pdf\" class=\"awb-custom-text-color awb-custom-text-hover-color\" target=\"_self\">Guide pour les \u00e9tablissements d\u2019enseignement : Mesures d\u2019ouverture et de soutien envers les jeunes trans et les jeunes non binaires<\/a><\/h4><\/div><div class=\"fusion-text fusion-text-224\"><p>Table nationale du lutte contre l'homophobie et la transphobie des r\u00e9seaux de l'\u00e9ducation, (2017) In french only<\/p>\n<\/div><\/div><\/li>\n<li class=\"fusion-layout-column fusion_builder_column fusion-builder-column-113 fusion-flex-column fusion-column-inner-bg-wrapper post-card fusion-grid-column fusion-post-cards-grid-column seniors\" style=\"--awb-padding-top:20px;--awb-padding-right:20px;--awb-padding-bottom:20px;--awb-padding-left:20px;--awb-inner-bg-color:#f7f3ef;--awb-inner-bg-color-hover:#f7f3ef;--awb-inner-bg-blend:overlay;--awb-inner-bg-size:cover;--awb-border-color:#00b9a4;--awb-border-left:5px;--awb-border-style:solid;--awb-flex-grow:0;--awb-flex-shrink:0;--awb-flex-grow-medium:0;--awb-flex-shrink-medium:0;--awb-flex-grow-small:0;--awb-flex-shrink-small:0;\" data-scroll-devices=\"small-visibility,medium-visibility,large-visibility\"><span class=\"fusion-column-inner-bg hover-type-none\"><a class=\"fusion-column-anchor\" href=\"https:\/\/numerique.banq.qc.ca\/patrimoine\/details\/52327\/3416275?docref=z2KYUlH--zWxm_vAPewUzw\" rel=\"noopener noreferrer\" target=\"_blank\"><span class=\"fusion-column-inner-bg-image\"><\/span><\/a><\/span><div class=\"fusion-column-wrapper fusion-column-has-shadow fusion-flex-justify-content-flex-start fusion-content-layout-row fusion-flex-align-items-stretch\"><div class=\"fusion-text fusion-text-225 tag-doc-cat tag-documents\"><p><a href=\"https:\/\/interligne.co\/en\/categorie-de-document\/seniors\/\" title=\"Seniors\">Seniors<\/a><\/p>\n<\/div><div class=\"fusion-title title fusion-title-113 fusion-sep-none fusion-title-text fusion-title-size-four\" style=\"--awb-margin-top-small:10px;--awb-margin-right-small:0px;--awb-margin-bottom-small:10px;--awb-margin-left-small:0px;\"><h4 class=\"fusion-title-heading title-heading-left\" style=\"margin:0;\"><a href=\"https:\/\/numerique.banq.qc.ca\/patrimoine\/details\/52327\/3416275?docref=z2KYUlH--zWxm_vAPewUzw\" class=\"awb-custom-text-color awb-custom-text-hover-color\" target=\"_self\">Guide d&#8217;information : Assurer la bientraitance des personnes a\u00een\u00e9es lesbiennes, gaies, bisexuelles et trans<\/a><\/h4><\/div><div class=\"fusion-text fusion-text-226\"><p>Fondation \u00c9mergence, (2018) In french only<\/p>\n<\/div><\/div><\/li>\n<li class=\"fusion-layout-column fusion_builder_column fusion-builder-column-114 fusion-flex-column fusion-column-inner-bg-wrapper post-card fusion-grid-column fusion-post-cards-grid-column education-en\" style=\"--awb-padding-top:20px;--awb-padding-right:20px;--awb-padding-bottom:20px;--awb-padding-left:20px;--awb-inner-bg-color:#f7f3ef;--awb-inner-bg-color-hover:#f7f3ef;--awb-inner-bg-blend:overlay;--awb-inner-bg-size:cover;--awb-border-color:#00b9a4;--awb-border-left:5px;--awb-border-style:solid;--awb-flex-grow:0;--awb-flex-shrink:0;--awb-flex-grow-medium:0;--awb-flex-shrink-medium:0;--awb-flex-grow-small:0;--awb-flex-shrink-small:0;\" data-scroll-devices=\"small-visibility,medium-visibility,large-visibility\"><span class=\"fusion-column-inner-bg hover-type-none\"><a class=\"fusion-column-anchor\" href=\"https:\/\/www.researchgate.net\/publication\/280882570_Pourquoi_les_enjeux_LGBT_importent_dans_le_domaine_de_l%27education\" rel=\"noopener noreferrer\" target=\"_blank\"><span class=\"fusion-column-inner-bg-image\"><\/span><\/a><\/span><div class=\"fusion-column-wrapper fusion-column-has-shadow fusion-flex-justify-content-flex-start fusion-content-layout-row fusion-flex-align-items-stretch\"><div class=\"fusion-text fusion-text-227 tag-doc-cat tag-documents\"><p><a href=\"https:\/\/interligne.co\/en\/categorie-de-document\/education-en\/\" title=\"Education\">Education<\/a><\/p>\n<\/div><div class=\"fusion-title title fusion-title-114 fusion-sep-none fusion-title-text fusion-title-size-four\" style=\"--awb-margin-top-small:10px;--awb-margin-right-small:0px;--awb-margin-bottom-small:10px;--awb-margin-left-small:0px;\"><h4 class=\"fusion-title-heading title-heading-left\" style=\"margin:0;\"><a href=\"https:\/\/www.researchgate.net\/publication\/280882570_Pourquoi_les_enjeux_LGBT_importent_dans_le_domaine_de_l%27education\" class=\"awb-custom-text-color awb-custom-text-hover-color\" target=\"_self\">Pourquoi les enjeux LGBT importent dans le domaine de l&#8217;\u00e9ducation<\/a><\/h4><\/div><div class=\"fusion-text fusion-text-228\"><p>Gabrielle Richard, (2015) In french only<\/p>\n<\/div><\/div><\/li>\n<li class=\"fusion-layout-column fusion_builder_column fusion-builder-column-115 fusion-flex-column fusion-column-inner-bg-wrapper post-card fusion-grid-column fusion-post-cards-grid-column lgbtq-spaces\" style=\"--awb-padding-top:20px;--awb-padding-right:20px;--awb-padding-bottom:20px;--awb-padding-left:20px;--awb-inner-bg-color:#f7f3ef;--awb-inner-bg-color-hover:#f7f3ef;--awb-inner-bg-blend:overlay;--awb-inner-bg-size:cover;--awb-border-color:#00b9a4;--awb-border-left:5px;--awb-border-style:solid;--awb-flex-grow:0;--awb-flex-shrink:0;--awb-flex-grow-medium:0;--awb-flex-shrink-medium:0;--awb-flex-grow-small:0;--awb-flex-shrink-small:0;\" data-scroll-devices=\"small-visibility,medium-visibility,large-visibility\"><span class=\"fusion-column-inner-bg hover-type-none\"><a class=\"fusion-column-anchor\" href=\"https:\/\/wwa-chairehomophobie.uqam.ca\/upload\/files\/DeMontigny_Podmore_GSC_2014\/Article_de_Montigny_et_Podmore_GSCH.pdf\" rel=\"noopener noreferrer\" target=\"_blank\"><span class=\"fusion-column-inner-bg-image\"><\/span><\/a><\/span><div class=\"fusion-column-wrapper fusion-column-has-shadow fusion-flex-justify-content-flex-start fusion-content-layout-row fusion-flex-align-items-stretch\"><div class=\"fusion-text fusion-text-229 tag-doc-cat tag-documents\"><p><a href=\"https:\/\/interligne.co\/en\/categorie-de-document\/lgbtq-spaces\/\" title=\"LGBTQ+ Spaces\">LGBTQ+ Spaces<\/a><\/p>\n<\/div><div class=\"fusion-title title fusion-title-115 fusion-sep-none fusion-title-text fusion-title-size-four\" style=\"--awb-margin-top-small:10px;--awb-margin-right-small:0px;--awb-margin-bottom-small:10px;--awb-margin-left-small:0px;\"><h4 class=\"fusion-title-heading title-heading-left\" style=\"margin:0;\"><a href=\"https:\/\/wwa-chairehomophobie.uqam.ca\/upload\/files\/DeMontigny_Podmore_GSC_2014\/Article_de_Montigny_et_Podmore_GSCH.pdf\" class=\"awb-custom-text-color awb-custom-text-hover-color\" target=\"_self\">Space For Queer and Trans* Youth? Reflections on Community-Based Research in Montreal.<\/a><\/h4><\/div><div class=\"fusion-text fusion-text-230\"><p>Julia de Montigny and Julie Podmore, (2014) <\/p>\n<\/div><\/div><\/li>\n<li class=\"fusion-layout-column fusion_builder_column fusion-builder-column-116 fusion-flex-column fusion-column-inner-bg-wrapper post-card fusion-grid-column fusion-post-cards-grid-column\" style=\"--awb-padding-top:20px;--awb-padding-right:20px;--awb-padding-bottom:20px;--awb-padding-left:20px;--awb-inner-bg-color:#f7f3ef;--awb-inner-bg-color-hover:#f7f3ef;--awb-inner-bg-blend:overlay;--awb-inner-bg-size:cover;--awb-border-color:#00b9a4;--awb-border-left:5px;--awb-border-style:solid;--awb-flex-grow:0;--awb-flex-shrink:0;--awb-flex-grow-medium:0;--awb-flex-shrink-medium:0;--awb-flex-grow-small:0;--awb-flex-shrink-small:0;\" data-scroll-devices=\"small-visibility,medium-visibility,large-visibility\"><span class=\"fusion-column-inner-bg hover-type-none\"><a class=\"fusion-column-anchor\" href=\"https:\/\/wwa-chairehomophobie.uqam.ca\/upload\/files\/fiches-realises\/suicide_adultes.pdf\" rel=\"noopener noreferrer\" target=\"_blank\"><span class=\"fusion-column-inner-bg-image\"><\/span><\/a><\/span><div class=\"fusion-column-wrapper fusion-column-has-shadow fusion-flex-justify-content-flex-start fusion-content-layout-row fusion-flex-align-items-stretch\"><div class=\"fusion-text fusion-text-231 tag-doc-cat tag-documents\"><\/div><div class=\"fusion-title title fusion-title-116 fusion-sep-none fusion-title-text fusion-title-size-four\" style=\"--awb-margin-top-small:10px;--awb-margin-right-small:0px;--awb-margin-bottom-small:10px;--awb-margin-left-small:0px;\"><h4 class=\"fusion-title-heading title-heading-left\" style=\"margin:0;\"><a href=\"https:\/\/wwa-chairehomophobie.uqam.ca\/upload\/files\/fiches-realises\/suicide_adultes.pdf\" class=\"awb-custom-text-color awb-custom-text-hover-color\" target=\"_self\">Fiche synth\u00e8se sur le suicide : Les r\u00e9alit\u00e9s des adultes LGBT<\/a><\/h4><\/div><div class=\"fusion-text fusion-text-232\"><p>LGBTQ+ Family Coalition, Interligne (Gai \u00c9coute), Chaire de recherche sur l'homophobie, (2016) In french only<\/p>\n<\/div><\/div><\/li>\n<li class=\"fusion-layout-column fusion_builder_column fusion-builder-column-117 fusion-flex-column fusion-column-inner-bg-wrapper post-card fusion-grid-column fusion-post-cards-grid-column bullying\" style=\"--awb-padding-top:20px;--awb-padding-right:20px;--awb-padding-bottom:20px;--awb-padding-left:20px;--awb-inner-bg-color:#f7f3ef;--awb-inner-bg-color-hover:#f7f3ef;--awb-inner-bg-blend:overlay;--awb-inner-bg-size:cover;--awb-border-color:#00b9a4;--awb-border-left:5px;--awb-border-style:solid;--awb-flex-grow:0;--awb-flex-shrink:0;--awb-flex-grow-medium:0;--awb-flex-shrink-medium:0;--awb-flex-grow-small:0;--awb-flex-shrink-small:0;\" data-scroll-devices=\"small-visibility,medium-visibility,large-visibility\"><span class=\"fusion-column-inner-bg hover-type-none\"><a class=\"fusion-column-anchor\" href=\"https:\/\/www.scielo.br\/j\/csc\/a\/DQ6gWsDxwjtKBK57bNZpXTM\/?lang=en\" rel=\"noopener noreferrer\" target=\"_blank\"><span class=\"fusion-column-inner-bg-image\"><\/span><\/a><\/span><div class=\"fusion-column-wrapper fusion-column-has-shadow fusion-flex-justify-content-flex-start fusion-content-layout-row fusion-flex-align-items-stretch\"><div class=\"fusion-text fusion-text-233 tag-doc-cat tag-documents\"><p><a href=\"https:\/\/interligne.co\/en\/categorie-de-document\/bullying\/\" title=\"Bullying\">Bullying<\/a><\/p>\n<\/div><div class=\"fusion-title title fusion-title-117 fusion-sep-none fusion-title-text fusion-title-size-four\" style=\"--awb-margin-top-small:10px;--awb-margin-right-small:0px;--awb-margin-bottom-small:10px;--awb-margin-left-small:0px;\"><h4 class=\"fusion-title-heading title-heading-left\" style=\"margin:0;\"><a href=\"https:\/\/www.scielo.br\/j\/csc\/a\/DQ6gWsDxwjtKBK57bNZpXTM\/?lang=en\" class=\"awb-custom-text-color awb-custom-text-hover-color\" target=\"_self\">Intimidation homophobe, homophobie int\u00e9rioris\u00e9e et estime de soi chez les jeunes des minorit\u00e9s sexuelles<\/a><\/h4><\/div><div class=\"fusion-text fusion-text-234\"><p>Martin Blais, Jesse Gervais and Martine H\u00e9bert, (2014)<\/p>\n<\/div><\/div><\/li>\n<li class=\"fusion-layout-column fusion_builder_column fusion-builder-column-118 fusion-flex-column fusion-column-inner-bg-wrapper post-card fusion-grid-column fusion-post-cards-grid-column\" style=\"--awb-padding-top:20px;--awb-padding-right:20px;--awb-padding-bottom:20px;--awb-padding-left:20px;--awb-inner-bg-color:#f7f3ef;--awb-inner-bg-color-hover:#f7f3ef;--awb-inner-bg-blend:overlay;--awb-inner-bg-size:cover;--awb-border-color:#00b9a4;--awb-border-left:5px;--awb-border-style:solid;--awb-flex-grow:0;--awb-flex-shrink:0;--awb-flex-grow-medium:0;--awb-flex-shrink-medium:0;--awb-flex-grow-small:0;--awb-flex-shrink-small:0;\" data-scroll-devices=\"small-visibility,medium-visibility,large-visibility\"><span class=\"fusion-column-inner-bg hover-type-none\"><a class=\"fusion-column-anchor\" href=\"https:\/\/wwa-chairehomophobie.uqam.ca\/upload\/Richard_2014_Revue_CREMIS.pdf\" rel=\"noopener noreferrer\" target=\"_blank\"><span class=\"fusion-column-inner-bg-image\"><\/span><\/a><\/span><div class=\"fusion-column-wrapper fusion-column-has-shadow fusion-flex-justify-content-flex-start fusion-content-layout-row fusion-flex-align-items-stretch\"><div class=\"fusion-text fusion-text-235 tag-doc-cat tag-documents\"><\/div><div class=\"fusion-title title fusion-title-118 fusion-sep-none fusion-title-text fusion-title-size-four\" style=\"--awb-margin-top-small:10px;--awb-margin-right-small:0px;--awb-margin-bottom-small:10px;--awb-margin-left-small:0px;\"><h4 class=\"fusion-title-heading title-heading-left\" style=\"margin:0;\"><a href=\"https:\/\/wwa-chairehomophobie.uqam.ca\/upload\/Richard_2014_Revue_CREMIS.pdf\" class=\"awb-custom-text-color awb-custom-text-hover-color\" target=\"_self\">Pratiques enseignantes et diversit\u00e9 sexuelle &#8211; Naviguer en eaux troubles<\/a><\/h4><\/div><div class=\"fusion-text fusion-text-236\"><p>Gabrielle Richard, (2014) In french only<\/p>\n<\/div><\/div><\/li>\n<li class=\"fusion-layout-column fusion_builder_column fusion-builder-column-119 fusion-flex-column fusion-column-inner-bg-wrapper post-card fusion-grid-column fusion-post-cards-grid-column\" style=\"--awb-padding-top:20px;--awb-padding-right:20px;--awb-padding-bottom:20px;--awb-padding-left:20px;--awb-inner-bg-color:#f7f3ef;--awb-inner-bg-color-hover:#f7f3ef;--awb-inner-bg-blend:overlay;--awb-inner-bg-size:cover;--awb-border-color:#00b9a4;--awb-border-left:5px;--awb-border-style:solid;--awb-flex-grow:0;--awb-flex-shrink:0;--awb-flex-grow-medium:0;--awb-flex-shrink-medium:0;--awb-flex-grow-small:0;--awb-flex-shrink-small:0;\" data-scroll-devices=\"small-visibility,medium-visibility,large-visibility\"><span class=\"fusion-column-inner-bg hover-type-none\"><a class=\"fusion-column-anchor\" href=\"https:\/\/acommealliees.ca\/pdf\/santelesbienne.pdf\" rel=\"noopener noreferrer\" target=\"_blank\"><span class=\"fusion-column-inner-bg-image\"><\/span><\/a><\/span><div class=\"fusion-column-wrapper fusion-column-has-shadow fusion-flex-justify-content-flex-start fusion-content-layout-row fusion-flex-align-items-stretch\"><div class=\"fusion-text fusion-text-237 tag-doc-cat tag-documents\"><\/div><div class=\"fusion-title title fusion-title-119 fusion-sep-none fusion-title-text fusion-title-size-four\" style=\"--awb-margin-top-small:10px;--awb-margin-right-small:0px;--awb-margin-bottom-small:10px;--awb-margin-left-small:0px;\"><h4 class=\"fusion-title-heading title-heading-left\" style=\"margin:0;\"><a href=\"https:\/\/acommealliees.ca\/pdf\/santelesbienne.pdf\" class=\"awb-custom-text-color awb-custom-text-hover-color\" target=\"_self\">Lesbiennes. Invisibles parmi nous<\/a><\/h4><\/div><div class=\"fusion-text fusion-text-238\"><p>R\u00e9seau qu\u00e9b\u00e9cois d\u2019action pour la sant\u00e9 des femmes, (2013) In french only<\/p>\n<\/div><\/div><\/li>\n<li class=\"fusion-layout-column fusion_builder_column fusion-builder-column-120 fusion-flex-column fusion-column-inner-bg-wrapper post-card fusion-grid-column fusion-post-cards-grid-column\" style=\"--awb-padding-top:20px;--awb-padding-right:20px;--awb-padding-bottom:20px;--awb-padding-left:20px;--awb-inner-bg-color:#f7f3ef;--awb-inner-bg-color-hover:#f7f3ef;--awb-inner-bg-blend:overlay;--awb-inner-bg-size:cover;--awb-border-color:#00b9a4;--awb-border-left:5px;--awb-border-style:solid;--awb-flex-grow:0;--awb-flex-shrink:0;--awb-flex-grow-medium:0;--awb-flex-shrink-medium:0;--awb-flex-grow-small:0;--awb-flex-shrink-small:0;\" data-scroll-devices=\"small-visibility,medium-visibility,large-visibility\"><span class=\"fusion-column-inner-bg hover-type-none\"><a class=\"fusion-column-anchor\" href=\"http:\/\/librarypdf.catie.ca\/ATI-20000s\/22058.pdf\" rel=\"noopener noreferrer\" target=\"_blank\"><span class=\"fusion-column-inner-bg-image\"><\/span><\/a><\/span><div class=\"fusion-column-wrapper fusion-column-has-shadow fusion-flex-justify-content-flex-start fusion-content-layout-row fusion-flex-align-items-stretch\"><div class=\"fusion-text fusion-text-239 tag-doc-cat tag-documents\"><\/div><div class=\"fusion-title title fusion-title-120 fusion-sep-none fusion-title-text fusion-title-size-four\" style=\"--awb-margin-top-small:10px;--awb-margin-right-small:0px;--awb-margin-bottom-small:10px;--awb-margin-left-small:0px;\"><h4 class=\"fusion-title-heading title-heading-left\" style=\"margin:0;\"><a href=\"http:\/\/librarypdf.catie.ca\/ATI-20000s\/22058.pdf\" class=\"awb-custom-text-color awb-custom-text-hover-color\" target=\"_self\">Sex Toy Stories: A User&#8217;s Guide to HIV and STI Prevention<\/a><\/h4><\/div><div class=\"fusion-text fusion-text-240\"><p>Canadian Public Health Association, (2005)<\/p>\n<\/div><\/div><\/li>\n<li class=\"fusion-layout-column fusion_builder_column fusion-builder-column-121 fusion-flex-column fusion-column-inner-bg-wrapper post-card fusion-grid-column fusion-post-cards-grid-column representation-en\" style=\"--awb-padding-top:20px;--awb-padding-right:20px;--awb-padding-bottom:20px;--awb-padding-left:20px;--awb-inner-bg-color:#f7f3ef;--awb-inner-bg-color-hover:#f7f3ef;--awb-inner-bg-blend:overlay;--awb-inner-bg-size:cover;--awb-border-color:#00b9a4;--awb-border-left:5px;--awb-border-style:solid;--awb-flex-grow:0;--awb-flex-shrink:0;--awb-flex-grow-medium:0;--awb-flex-shrink-medium:0;--awb-flex-grow-small:0;--awb-flex-shrink-small:0;\" data-scroll-devices=\"small-visibility,medium-visibility,large-visibility\"><span class=\"fusion-column-inner-bg hover-type-none\"><a class=\"fusion-column-anchor\" href=\"https:\/\/www.tandfonline.com\/doi\/full\/10.1080\/19419899.2017.1360931\" rel=\"noopener noreferrer\" target=\"_blank\"><span class=\"fusion-column-inner-bg-image\"><\/span><\/a><\/span><div class=\"fusion-column-wrapper fusion-column-has-shadow fusion-flex-justify-content-flex-start fusion-content-layout-row fusion-flex-align-items-stretch\"><div class=\"fusion-text fusion-text-241 tag-doc-cat tag-documents\"><p><a href=\"https:\/\/interligne.co\/en\/categorie-de-document\/representation-en\/\" title=\"Representation\">Representation<\/a><\/p>\n<\/div><div class=\"fusion-title title fusion-title-121 fusion-sep-none fusion-title-text fusion-title-size-four\" style=\"--awb-margin-top-small:10px;--awb-margin-right-small:0px;--awb-margin-bottom-small:10px;--awb-margin-left-small:0px;\"><h4 class=\"fusion-title-heading title-heading-left\" style=\"margin:0;\"><a href=\"https:\/\/www.tandfonline.com\/doi\/full\/10.1080\/19419899.2017.1360931\" class=\"awb-custom-text-color awb-custom-text-hover-color\" target=\"_self\">Gay male pornography: a study of users\u2019 perspectives<\/a><\/h4><\/div><div class=\"fusion-text fusion-text-242\"><p>Simon Corneau, Dominic Beaulieu-Pr\u00e9vost, Kim Bernatchez and Mari\u00e8ve Beauchemin, (2017)<\/p>\n<\/div><\/div><\/li>\n<li class=\"fusion-layout-column fusion_builder_column fusion-builder-column-122 fusion-flex-column fusion-column-inner-bg-wrapper post-card fusion-grid-column fusion-post-cards-grid-column health\" style=\"--awb-padding-top:20px;--awb-padding-right:20px;--awb-padding-bottom:20px;--awb-padding-left:20px;--awb-inner-bg-color:#f7f3ef;--awb-inner-bg-color-hover:#f7f3ef;--awb-inner-bg-blend:overlay;--awb-inner-bg-size:cover;--awb-border-color:#00b9a4;--awb-border-left:5px;--awb-border-style:solid;--awb-flex-grow:0;--awb-flex-shrink:0;--awb-flex-grow-medium:0;--awb-flex-shrink-medium:0;--awb-flex-grow-small:0;--awb-flex-shrink-small:0;\" data-scroll-devices=\"small-visibility,medium-visibility,large-visibility\"><span class=\"fusion-column-inner-bg hover-type-none\"><a class=\"fusion-column-anchor\" href=\"http:\/\/librarypdf.catie.ca\/ATI-20000s\/26424.pdf\" rel=\"noopener noreferrer\" target=\"_blank\"><span class=\"fusion-column-inner-bg-image\"><\/span><\/a><\/span><div class=\"fusion-column-wrapper fusion-column-has-shadow fusion-flex-justify-content-flex-start fusion-content-layout-row fusion-flex-align-items-stretch\"><div class=\"fusion-text fusion-text-243 tag-doc-cat tag-documents\"><p><a href=\"https:\/\/interligne.co\/en\/categorie-de-document\/health\/\" title=\"Health and Sexuality\">Health and Sexuality<\/a><\/p>\n<\/div><div class=\"fusion-title title fusion-title-122 fusion-sep-none fusion-title-text fusion-title-size-four\" style=\"--awb-margin-top-small:10px;--awb-margin-right-small:0px;--awb-margin-bottom-small:10px;--awb-margin-left-small:0px;\"><h4 class=\"fusion-title-heading title-heading-left\" style=\"margin:0;\"><a href=\"http:\/\/librarypdf.catie.ca\/ATI-20000s\/26424.pdf\" class=\"awb-custom-text-color awb-custom-text-hover-color\" target=\"_self\">Brazen: Tran&#8217;s Women&#8217;s Safer Sex Guide<\/a><\/h4><\/div><div class=\"fusion-text fusion-text-244\"><p>Morgan M. Page, 519 Church Street Community Centre, (2013)<\/p>\n<\/div><\/div><\/li>\n<li class=\"fusion-layout-column fusion_builder_column fusion-builder-column-123 fusion-flex-column fusion-column-inner-bg-wrapper post-card fusion-grid-column fusion-post-cards-grid-column health\" style=\"--awb-padding-top:20px;--awb-padding-right:20px;--awb-padding-bottom:20px;--awb-padding-left:20px;--awb-inner-bg-color:#f7f3ef;--awb-inner-bg-color-hover:#f7f3ef;--awb-inner-bg-blend:overlay;--awb-inner-bg-size:cover;--awb-border-color:#00b9a4;--awb-border-left:5px;--awb-border-style:solid;--awb-flex-grow:0;--awb-flex-shrink:0;--awb-flex-grow-medium:0;--awb-flex-shrink-medium:0;--awb-flex-grow-small:0;--awb-flex-shrink-small:0;\" data-scroll-devices=\"small-visibility,medium-visibility,large-visibility\"><span class=\"fusion-column-inner-bg hover-type-none\"><a class=\"fusion-column-anchor\" href=\"http:\/\/librarypdf.catie.ca\/ATI-20000s\/26400.pdf\" rel=\"noopener noreferrer\" target=\"_blank\"><span class=\"fusion-column-inner-bg-image\"><\/span><\/a><\/span><div class=\"fusion-column-wrapper fusion-column-has-shadow fusion-flex-justify-content-flex-start fusion-content-layout-row fusion-flex-align-items-stretch\"><div class=\"fusion-text fusion-text-245 tag-doc-cat tag-documents\"><p><a href=\"https:\/\/interligne.co\/en\/categorie-de-document\/health\/\" title=\"Health and Sexuality\">Health and Sexuality<\/a><\/p>\n<\/div><div class=\"fusion-title title fusion-title-123 fusion-sep-none fusion-title-text fusion-title-size-four\" style=\"--awb-margin-top-small:10px;--awb-margin-right-small:0px;--awb-margin-bottom-small:10px;--awb-margin-left-small:0px;\"><h4 class=\"fusion-title-heading title-heading-left\" style=\"margin:0;\"><a href=\"http:\/\/librarypdf.catie.ca\/ATI-20000s\/26400.pdf\" class=\"awb-custom-text-color awb-custom-text-hover-color\" target=\"_self\">Gearing Up<\/a><\/h4><\/div><div class=\"fusion-text fusion-text-246\"><p>Canada's source for HIV and hepatitis C information (CATIE), (2012)<\/p>\n<\/div><\/div><\/li>\n<li class=\"fusion-layout-column fusion_builder_column fusion-builder-column-124 fusion-flex-column fusion-column-inner-bg-wrapper post-card fusion-grid-column fusion-post-cards-grid-column homophobia-transphobia\" style=\"--awb-padding-top:20px;--awb-padding-right:20px;--awb-padding-bottom:20px;--awb-padding-left:20px;--awb-inner-bg-color:#f7f3ef;--awb-inner-bg-color-hover:#f7f3ef;--awb-inner-bg-blend:overlay;--awb-inner-bg-size:cover;--awb-border-color:#00b9a4;--awb-border-left:5px;--awb-border-style:solid;--awb-flex-grow:0;--awb-flex-shrink:0;--awb-flex-grow-medium:0;--awb-flex-shrink-medium:0;--awb-flex-grow-small:0;--awb-flex-shrink-small:0;\" data-scroll-devices=\"small-visibility,medium-visibility,large-visibility\"><span class=\"fusion-column-inner-bg hover-type-none\"><a class=\"fusion-column-anchor\" href=\"http:\/\/librarypdf.catie.ca\/ATI-20000s\/26356.pdf\" rel=\"noopener noreferrer\" target=\"_blank\"><span class=\"fusion-column-inner-bg-image\"><\/span><\/a><\/span><div class=\"fusion-column-wrapper fusion-column-has-shadow fusion-flex-justify-content-flex-start fusion-content-layout-row fusion-flex-align-items-stretch\"><div class=\"fusion-text fusion-text-247 tag-doc-cat tag-documents\"><p><a href=\"https:\/\/interligne.co\/en\/categorie-de-document\/homophobia-transphobia\/\" title=\"Homophobia and Transphobia\">Homophobia and Transphobia<\/a><\/p>\n<\/div><div class=\"fusion-title title fusion-title-124 fusion-sep-none fusion-title-text fusion-title-size-four\" style=\"--awb-margin-top-small:10px;--awb-margin-right-small:0px;--awb-margin-bottom-small:10px;--awb-margin-left-small:0px;\"><h4 class=\"fusion-title-heading title-heading-left\" style=\"margin:0;\"><a href=\"http:\/\/librarypdf.catie.ca\/ATI-20000s\/26356.pdf\" class=\"awb-custom-text-color awb-custom-text-hover-color\" target=\"_self\">Shout Out: Against Homophobia, Biphobia, Transphobia and Heterosexism<\/a><\/h4><\/div><div class=\"fusion-text fusion-text-248\"><p>Canada\u2019s source for HIV and hepatitis C information (CATIE), (2013)<\/p>\n<\/div><\/div><\/li>\n<li class=\"fusion-layout-column fusion_builder_column fusion-builder-column-125 fusion-flex-column fusion-column-inner-bg-wrapper post-card fusion-grid-column fusion-post-cards-grid-column seniors\" style=\"--awb-padding-top:20px;--awb-padding-right:20px;--awb-padding-bottom:20px;--awb-padding-left:20px;--awb-inner-bg-color:#f7f3ef;--awb-inner-bg-color-hover:#f7f3ef;--awb-inner-bg-blend:overlay;--awb-inner-bg-size:cover;--awb-border-color:#00b9a4;--awb-border-left:5px;--awb-border-style:solid;--awb-flex-grow:0;--awb-flex-shrink:0;--awb-flex-grow-medium:0;--awb-flex-shrink-medium:0;--awb-flex-grow-small:0;--awb-flex-shrink-small:0;\" data-scroll-devices=\"small-visibility,medium-visibility,large-visibility\"><span class=\"fusion-column-inner-bg hover-type-none\"><a class=\"fusion-column-anchor\" href=\"https:\/\/fmsq.org\/fr\/dossiers-sante\/aines-lgbt-pour-eviter-un-retour-dans-le-placard\" rel=\"noopener noreferrer\" target=\"_blank\"><span class=\"fusion-column-inner-bg-image\"><\/span><\/a><\/span><div class=\"fusion-column-wrapper fusion-column-has-shadow fusion-flex-justify-content-flex-start fusion-content-layout-row fusion-flex-align-items-stretch\"><div class=\"fusion-text fusion-text-249 tag-doc-cat tag-documents\"><p><a href=\"https:\/\/interligne.co\/en\/categorie-de-document\/seniors\/\" title=\"Seniors\">Seniors<\/a><\/p>\n<\/div><div class=\"fusion-title title fusion-title-125 fusion-sep-none fusion-title-text fusion-title-size-four\" style=\"--awb-margin-top-small:10px;--awb-margin-right-small:0px;--awb-margin-bottom-small:10px;--awb-margin-left-small:0px;\"><h4 class=\"fusion-title-heading title-heading-left\" style=\"margin:0;\"><a href=\"https:\/\/fmsq.org\/fr\/dossiers-sante\/aines-lgbt-pour-eviter-un-retour-dans-le-placard\" class=\"awb-custom-text-color awb-custom-text-hover-color\" target=\"_self\">A\u00een\u00e9s LGBT: pour \u00e9viter un retour dans le placard<\/a><\/h4><\/div><div class=\"fusion-text fusion-text-250\"><\/div><\/div><\/li>\n<li class=\"fusion-layout-column fusion_builder_column fusion-builder-column-126 fusion-flex-column fusion-column-inner-bg-wrapper post-card fusion-grid-column fusion-post-cards-grid-column education\" style=\"--awb-padding-top:20px;--awb-padding-right:20px;--awb-padding-bottom:20px;--awb-padding-left:20px;--awb-inner-bg-color:#f7f3ef;--awb-inner-bg-color-hover:#f7f3ef;--awb-inner-bg-blend:overlay;--awb-inner-bg-size:cover;--awb-border-color:#00b9a4;--awb-border-left:5px;--awb-border-style:solid;--awb-flex-grow:0;--awb-flex-shrink:0;--awb-flex-grow-medium:0;--awb-flex-shrink-medium:0;--awb-flex-grow-small:0;--awb-flex-shrink-small:0;\" data-scroll-devices=\"small-visibility,medium-visibility,large-visibility\"><span class=\"fusion-column-inner-bg hover-type-none\"><a class=\"fusion-column-anchor\" href=\"https:\/\/lgbtqpn.ca\/library\/lgbtq-parenting-connection\/\" rel=\"noopener noreferrer\" target=\"_blank\"><span class=\"fusion-column-inner-bg-image\"><\/span><\/a><\/span><div class=\"fusion-column-wrapper fusion-column-has-shadow fusion-flex-justify-content-flex-start fusion-content-layout-row fusion-flex-align-items-stretch\"><div class=\"fusion-text fusion-text-251 tag-doc-cat tag-documents\"><p><a href=\"https:\/\/interligne.co\/en\/categorie-de-document\/education-en\/\" title=\"\u00c9ducation\">\u00c9ducation<\/a><\/p>\n<\/div><div class=\"fusion-title title fusion-title-126 fusion-sep-none fusion-title-text fusion-title-size-four\" style=\"--awb-margin-top-small:10px;--awb-margin-right-small:0px;--awb-margin-bottom-small:10px;--awb-margin-left-small:0px;\"><h4 class=\"fusion-title-heading title-heading-left\" style=\"margin:0;\"><a href=\"https:\/\/lgbtqpn.ca\/library\/lgbtq-parenting-connection\/\" class=\"awb-custom-text-color awb-custom-text-hover-color\" target=\"_self\">LGBTQ Parenting Connection (Toronto)<\/a><\/h4><\/div><div class=\"fusion-text fusion-text-252\"><\/div><\/div><\/li>\n<li class=\"fusion-layout-column fusion_builder_column fusion-builder-column-127 fusion-flex-column fusion-column-inner-bg-wrapper post-card fusion-grid-column fusion-post-cards-grid-column education\" style=\"--awb-padding-top:20px;--awb-padding-right:20px;--awb-padding-bottom:20px;--awb-padding-left:20px;--awb-inner-bg-color:#f7f3ef;--awb-inner-bg-color-hover:#f7f3ef;--awb-inner-bg-blend:overlay;--awb-inner-bg-size:cover;--awb-border-color:#00b9a4;--awb-border-left:5px;--awb-border-style:solid;--awb-flex-grow:0;--awb-flex-shrink:0;--awb-flex-grow-medium:0;--awb-flex-shrink-medium:0;--awb-flex-grow-small:0;--awb-flex-shrink-small:0;\" data-scroll-devices=\"small-visibility,medium-visibility,large-visibility\"><span class=\"fusion-column-inner-bg hover-type-none\"><a class=\"fusion-column-anchor\" href=\"http:\/\/williamsinstitute.law.ucla.edu\/wp-content\/uploads\/LGBT-Parenting.pdf\" rel=\"noopener noreferrer\" target=\"_blank\"><span class=\"fusion-column-inner-bg-image\"><\/span><\/a><\/span><div class=\"fusion-column-wrapper fusion-column-has-shadow fusion-flex-justify-content-flex-start fusion-content-layout-row fusion-flex-align-items-stretch\"><div class=\"fusion-text fusion-text-253 tag-doc-cat tag-documents\"><p><a href=\"https:\/\/interligne.co\/en\/categorie-de-document\/education-en\/\" title=\"\u00c9ducation\">\u00c9ducation<\/a><\/p>\n<\/div><div class=\"fusion-title title fusion-title-127 fusion-sep-none fusion-title-text fusion-title-size-four\" style=\"--awb-margin-top-small:10px;--awb-margin-right-small:0px;--awb-margin-bottom-small:10px;--awb-margin-left-small:0px;\"><h4 class=\"fusion-title-heading title-heading-left\" style=\"margin:0;\"><a href=\"http:\/\/williamsinstitute.law.ucla.edu\/wp-content\/uploads\/LGBT-Parenting.pdf\" class=\"awb-custom-text-color awb-custom-text-hover-color\" target=\"_self\">LGBT Parenting in the United States<\/a><\/h4><\/div><div class=\"fusion-text fusion-text-254\"><p>Gates, D. The William Institute, UCLA School of Law, (2013)<\/p>\n<\/div><\/div><\/li>\n<li class=\"fusion-layout-column fusion_builder_column fusion-builder-column-128 fusion-flex-column fusion-column-inner-bg-wrapper post-card fusion-grid-column fusion-post-cards-grid-column education\" style=\"--awb-padding-top:20px;--awb-padding-right:20px;--awb-padding-bottom:20px;--awb-padding-left:20px;--awb-inner-bg-color:#f7f3ef;--awb-inner-bg-color-hover:#f7f3ef;--awb-inner-bg-blend:overlay;--awb-inner-bg-size:cover;--awb-border-color:#00b9a4;--awb-border-left:5px;--awb-border-style:solid;--awb-flex-grow:0;--awb-flex-shrink:0;--awb-flex-grow-medium:0;--awb-flex-shrink-medium:0;--awb-flex-grow-small:0;--awb-flex-shrink-small:0;\" data-scroll-devices=\"small-visibility,medium-visibility,large-visibility\"><span class=\"fusion-column-inner-bg hover-type-none\"><a class=\"fusion-column-anchor\" href=\"https:\/\/www.apa.org\/pi\/lgbt\/resources\/parenting\" rel=\"noopener noreferrer\" target=\"_blank\"><span class=\"fusion-column-inner-bg-image\"><\/span><\/a><\/span><div class=\"fusion-column-wrapper fusion-column-has-shadow fusion-flex-justify-content-flex-start fusion-content-layout-row fusion-flex-align-items-stretch\"><div class=\"fusion-text fusion-text-255 tag-doc-cat tag-documents\"><p><a href=\"https:\/\/interligne.co\/en\/categorie-de-document\/education-en\/\" title=\"\u00c9ducation\">\u00c9ducation<\/a><\/p>\n<\/div><div class=\"fusion-title title fusion-title-128 fusion-sep-none fusion-title-text fusion-title-size-four\" style=\"--awb-margin-top-small:10px;--awb-margin-right-small:0px;--awb-margin-bottom-small:10px;--awb-margin-left-small:0px;\"><h4 class=\"fusion-title-heading title-heading-left\" style=\"margin:0;\"><a href=\"https:\/\/www.apa.org\/pi\/lgbt\/resources\/parenting\" class=\"awb-custom-text-color awb-custom-text-hover-color\" target=\"_self\">Lesbian &#038; Gay Parenting<\/a><\/h4><\/div><div class=\"fusion-text fusion-text-256\"><p>American Psychological Association, (2005)<\/p>\n<\/div><\/div><\/li>\n<li class=\"fusion-layout-column fusion_builder_column fusion-builder-column-129 fusion-flex-column fusion-column-inner-bg-wrapper post-card fusion-grid-column fusion-post-cards-grid-column culture-en\" style=\"--awb-padding-top:20px;--awb-padding-right:20px;--awb-padding-bottom:20px;--awb-padding-left:20px;--awb-inner-bg-color:#f7f3ef;--awb-inner-bg-color-hover:#f7f3ef;--awb-inner-bg-blend:overlay;--awb-inner-bg-size:cover;--awb-border-color:#00b9a4;--awb-border-left:5px;--awb-border-style:solid;--awb-flex-grow:0;--awb-flex-shrink:0;--awb-flex-grow-medium:0;--awb-flex-shrink-medium:0;--awb-flex-grow-small:0;--awb-flex-shrink-small:0;\" data-scroll-devices=\"small-visibility,medium-visibility,large-visibility\"><span class=\"fusion-column-inner-bg hover-type-none\"><a class=\"fusion-column-anchor\" href=\"https:\/\/papyrus.bib.umontreal.ca\/xmlui\/handle\/1866\/24147\" rel=\"noopener noreferrer\" target=\"_blank\"><span class=\"fusion-column-inner-bg-image\"><\/span><\/a><\/span><div class=\"fusion-column-wrapper fusion-column-has-shadow fusion-flex-justify-content-flex-start fusion-content-layout-row fusion-flex-align-items-stretch\"><div class=\"fusion-text fusion-text-257 tag-doc-cat tag-documents\"><p><a href=\"https:\/\/interligne.co\/en\/categorie-de-document\/culture-en\/\" title=\"Culture\">Culture<\/a><\/p>\n<\/div><div class=\"fusion-title title fusion-title-129 fusion-sep-none fusion-title-text fusion-title-size-four\" style=\"--awb-margin-top-small:10px;--awb-margin-right-small:0px;--awb-margin-bottom-small:10px;--awb-margin-left-small:0px;\"><h4 class=\"fusion-title-heading title-heading-left\" style=\"margin:0;\"><a href=\"https:\/\/papyrus.bib.umontreal.ca\/xmlui\/handle\/1866\/24147\" class=\"awb-custom-text-color awb-custom-text-hover-color\" target=\"_self\">Les collections de litt\u00e9rature jeunesse \u00e0 contenu LGBTQ dans les biblioth\u00e8ques publiques qu\u00e9b\u00e9coises : portrait et \u00e9valuation<\/a><\/h4><\/div><div class=\"fusion-text fusion-text-258\"><p>Marie-Christine St-Pierre, Universit\u00e9 de Montr\u00e9al, (2019) In french only<\/p>\n<\/div><\/div><\/li>\n<li class=\"fusion-layout-column fusion_builder_column fusion-builder-column-130 fusion-flex-column fusion-column-inner-bg-wrapper post-card fusion-grid-column fusion-post-cards-grid-column homophobia-transphobia\" style=\"--awb-padding-top:20px;--awb-padding-right:20px;--awb-padding-bottom:20px;--awb-padding-left:20px;--awb-inner-bg-color:#f7f3ef;--awb-inner-bg-color-hover:#f7f3ef;--awb-inner-bg-blend:overlay;--awb-inner-bg-size:cover;--awb-border-color:#00b9a4;--awb-border-left:5px;--awb-border-style:solid;--awb-flex-grow:0;--awb-flex-shrink:0;--awb-flex-grow-medium:0;--awb-flex-shrink-medium:0;--awb-flex-grow-small:0;--awb-flex-shrink-small:0;\" data-scroll-devices=\"small-visibility,medium-visibility,large-visibility\"><span class=\"fusion-column-inner-bg hover-type-none\"><a class=\"fusion-column-anchor\" href=\"https:\/\/www.mcgill.ca\/newsroom\/channels\/news\/onus-educators-protect-students-anti-gay-bullying-15226\" rel=\"noopener noreferrer\" target=\"_blank\"><span class=\"fusion-column-inner-bg-image\"><\/span><\/a><\/span><div class=\"fusion-column-wrapper fusion-column-has-shadow fusion-flex-justify-content-flex-start fusion-content-layout-row fusion-flex-align-items-stretch\"><div class=\"fusion-text fusion-text-259 tag-doc-cat tag-documents\"><p><a href=\"https:\/\/interligne.co\/en\/categorie-de-document\/homophobia-transphobia\/\" title=\"Homophobia and Transphobia\">Homophobia and Transphobia<\/a><\/p>\n<\/div><div class=\"fusion-title title fusion-title-130 fusion-sep-none fusion-title-text fusion-title-size-four\" style=\"--awb-margin-top-small:10px;--awb-margin-right-small:0px;--awb-margin-bottom-small:10px;--awb-margin-left-small:0px;\"><h4 class=\"fusion-title-heading title-heading-left\" style=\"margin:0;\"><a href=\"https:\/\/www.mcgill.ca\/newsroom\/channels\/news\/onus-educators-protect-students-anti-gay-bullying-15226\" class=\"awb-custom-text-color awb-custom-text-hover-color\" target=\"_self\">Onus is on educators to protect students from anti-gay bullying<\/a><\/h4><\/div><div class=\"fusion-text fusion-text-260\"><p>McGill University (2005)<\/p>\n<\/div><\/div><\/li>\n<\/ul><div class=\"pagination clearfix\"><\/div><div class=\"fusion-clearfix\"><\/div><\/div><\/div><\/div><\/div><\/div>\n","protected":false},"excerpt":{"rendered":"","protected":false},"author":2,"featured_media":0,"parent":0,"menu_order":0,"comment_status":"closed","ping_status":"closed","template":"100-width.php","meta":{"_acf_changed":false,"footnotes":""},"class_list":["post-23398","page","type-page","status-publish","hentry"],"acf":[],"yoast_head":"<!-- This site is optimized with the Yoast SEO plugin v27.5 - https:\/\/yoast.com\/product\/yoast-seo-wordpress\/ -->\n<title>Documentation center - Interligne<\/title>\n<meta name=\"robots\" content=\"index, follow, max-snippet:-1, max-image-preview:large, max-video-preview:-1\" \/>\n<link rel=\"canonical\" href=\"https:\/\/interligne.co\/en\/documentation-center\/\" \/>\n<meta property=\"og:locale\" content=\"en_US\" \/>\n<meta property=\"og:type\" content=\"article\" \/>\n<meta property=\"og:title\" content=\"Documentation center - Interligne\" \/>\n<meta property=\"og:url\" content=\"https:\/\/interligne.co\/en\/documentation-center\/\" \/>\n<meta property=\"og:site_name\" content=\"Interligne\" \/>\n<meta property=\"article:modified_time\" content=\"2024-06-07T18:52:47+00:00\" \/>\n<meta name=\"twitter:card\" content=\"summary_large_image\" \/>\n<meta name=\"twitter:label1\" content=\"Est. reading time\" \/>\n\t<meta name=\"twitter:data1\" content=\"8 minutes\" \/>\n<script type=\"application\/ld+json\" class=\"yoast-schema-graph\">{\"@context\":\"https:\\\/\\\/schema.org\",\"@graph\":[{\"@type\":\"WebPage\",\"@id\":\"https:\\\/\\\/interligne.co\\\/en\\\/documentation-center\\\/\",\"url\":\"https:\\\/\\\/interligne.co\\\/en\\\/documentation-center\\\/\",\"name\":\"Documentation center - Interligne\",\"isPartOf\":{\"@id\":\"https:\\\/\\\/interligne.co\\\/en\\\/#website\"},\"datePublished\":\"2023-11-29T21:24:22+00:00\",\"dateModified\":\"2024-06-07T18:52:47+00:00\",\"breadcrumb\":{\"@id\":\"https:\\\/\\\/interligne.co\\\/en\\\/documentation-center\\\/#breadcrumb\"},\"inLanguage\":\"en-US\",\"potentialAction\":[{\"@type\":\"ReadAction\",\"target\":[\"https:\\\/\\\/interligne.co\\\/en\\\/documentation-center\\\/\"]}]},{\"@type\":\"BreadcrumbList\",\"@id\":\"https:\\\/\\\/interligne.co\\\/en\\\/documentation-center\\\/#breadcrumb\",\"itemListElement\":[{\"@type\":\"ListItem\",\"position\":1,\"name\":\"Accueil\",\"item\":\"https:\\\/\\\/interligne.co\\\/en\\\/\"},{\"@type\":\"ListItem\",\"position\":2,\"name\":\"Documentation center\"}]},{\"@type\":\"WebSite\",\"@id\":\"https:\\\/\\\/interligne.co\\\/en\\\/#website\",\"url\":\"https:\\\/\\\/interligne.co\\\/en\\\/\",\"name\":\"Interligne\",\"description\":\"Votre espace pour LGBTQ+\",\"publisher\":{\"@id\":\"https:\\\/\\\/interligne.co\\\/en\\\/#organization\"},\"potentialAction\":[{\"@type\":\"SearchAction\",\"target\":{\"@type\":\"EntryPoint\",\"urlTemplate\":\"https:\\\/\\\/interligne.co\\\/en\\\/?s={search_term_string}\"},\"query-input\":{\"@type\":\"PropertyValueSpecification\",\"valueRequired\":true,\"valueName\":\"search_term_string\"}}],\"inLanguage\":\"en-US\"},{\"@type\":\"Organization\",\"@id\":\"https:\\\/\\\/interligne.co\\\/en\\\/#organization\",\"name\":\"Interligne\",\"url\":\"https:\\\/\\\/interligne.co\\\/en\\\/\",\"logo\":{\"@type\":\"ImageObject\",\"inLanguage\":\"en-US\",\"@id\":\"https:\\\/\\\/interligne.co\\\/en\\\/#\\\/schema\\\/logo\\\/image\\\/\",\"url\":\"https:\\\/\\\/interligne.co\\\/wp-content\\\/uploads\\\/revslider\\\/accueil-v2-1\\\/interligne-color.png\",\"contentUrl\":\"https:\\\/\\\/interligne.co\\\/wp-content\\\/uploads\\\/revslider\\\/accueil-v2-1\\\/interligne-color.png\",\"width\":1000,\"height\":766,\"caption\":\"Interligne\"},\"image\":{\"@id\":\"https:\\\/\\\/interligne.co\\\/en\\\/#\\\/schema\\\/logo\\\/image\\\/\"}}]}<\/script>\n<!-- \/ Yoast SEO plugin. -->","yoast_head_json":{"title":"Documentation center - Interligne","robots":{"index":"index","follow":"follow","max-snippet":"max-snippet:-1","max-image-preview":"max-image-preview:large","max-video-preview":"max-video-preview:-1"},"canonical":"https:\/\/interligne.co\/en\/documentation-center\/","og_locale":"en_US","og_type":"article","og_title":"Documentation center - Interligne","og_url":"https:\/\/interligne.co\/en\/documentation-center\/","og_site_name":"Interligne","article_modified_time":"2024-06-07T18:52:47+00:00","twitter_card":"summary_large_image","twitter_misc":{"Est. reading time":"8 minutes"},"schema":{"@context":"https:\/\/schema.org","@graph":[{"@type":"WebPage","@id":"https:\/\/interligne.co\/en\/documentation-center\/","url":"https:\/\/interligne.co\/en\/documentation-center\/","name":"Documentation center - Interligne","isPartOf":{"@id":"https:\/\/interligne.co\/en\/#website"},"datePublished":"2023-11-29T21:24:22+00:00","dateModified":"2024-06-07T18:52:47+00:00","breadcrumb":{"@id":"https:\/\/interligne.co\/en\/documentation-center\/#breadcrumb"},"inLanguage":"en-US","potentialAction":[{"@type":"ReadAction","target":["https:\/\/interligne.co\/en\/documentation-center\/"]}]},{"@type":"BreadcrumbList","@id":"https:\/\/interligne.co\/en\/documentation-center\/#breadcrumb","itemListElement":[{"@type":"ListItem","position":1,"name":"Accueil","item":"https:\/\/interligne.co\/en\/"},{"@type":"ListItem","position":2,"name":"Documentation center"}]},{"@type":"WebSite","@id":"https:\/\/interligne.co\/en\/#website","url":"https:\/\/interligne.co\/en\/","name":"Interligne","description":"Votre espace pour LGBTQ+","publisher":{"@id":"https:\/\/interligne.co\/en\/#organization"},"potentialAction":[{"@type":"SearchAction","target":{"@type":"EntryPoint","urlTemplate":"https:\/\/interligne.co\/en\/?s={search_term_string}"},"query-input":{"@type":"PropertyValueSpecification","valueRequired":true,"valueName":"search_term_string"}}],"inLanguage":"en-US"},{"@type":"Organization","@id":"https:\/\/interligne.co\/en\/#organization","name":"Interligne","url":"https:\/\/interligne.co\/en\/","logo":{"@type":"ImageObject","inLanguage":"en-US","@id":"https:\/\/interligne.co\/en\/#\/schema\/logo\/image\/","url":"https:\/\/interligne.co\/wp-content\/uploads\/revslider\/accueil-v2-1\/interligne-color.png","contentUrl":"https:\/\/interligne.co\/wp-content\/uploads\/revslider\/accueil-v2-1\/interligne-color.png","width":1000,"height":766,"caption":"Interligne"},"image":{"@id":"https:\/\/interligne.co\/en\/#\/schema\/logo\/image\/"}}]}},"_links":{"self":[{"href":"https:\/\/interligne.co\/en\/wp-json\/wp\/v2\/pages\/23398","targetHints":{"allow":["GET"]}}],"collection":[{"href":"https:\/\/interligne.co\/en\/wp-json\/wp\/v2\/pages"}],"about":[{"href":"https:\/\/interligne.co\/en\/wp-json\/wp\/v2\/types\/page"}],"author":[{"embeddable":true,"href":"https:\/\/interligne.co\/en\/wp-json\/wp\/v2\/users\/2"}],"replies":[{"embeddable":true,"href":"https:\/\/interligne.co\/en\/wp-json\/wp\/v2\/comments?post=23398"}],"version-history":[{"count":1,"href":"https:\/\/interligne.co\/en\/wp-json\/wp\/v2\/pages\/23398\/revisions"}],"predecessor-version":[{"id":23399,"href":"https:\/\/interligne.co\/en\/wp-json\/wp\/v2\/pages\/23398\/revisions\/23399"}],"wp:attachment":[{"href":"https:\/\/interligne.co\/en\/wp-json\/wp\/v2\/media?parent=23398"}],"curies":[{"name":"wp","href":"https:\/\/api.w.org\/{rel}","templated":true}]}}